{"id":2775,"date":"2024-06-21T03:45:41","date_gmt":"2024-06-21T03:45:41","guid":{"rendered":"https:\/\/www.res-food.eu\/?post_type=mathima&#038;p=2775"},"modified":"2024-10-25T12:58:43","modified_gmt":"2024-10-25T12:58:43","slug":"m3-community-of-donors-hungarian","status":"publish","type":"mathima","link":"https:\/\/www.res-food.eu\/index.php\/lesson\/m3-community-of-donors-hungarian\/","title":{"rendered":"MODUL 3: ADOM\u00c1NYOZ\u00d3K K\u00d6Z\u00d6SS\u00c9GE"},"content":{"rendered":"<h1>MODUL 3: ADOM\u00c1NYOZ\u00d3K K\u00d6Z\u00d6SS\u00c9GE<\/h1>\n<h2>Hogyan \u00e9p\u00edts\u00fck ki \u00e9s b\u0151v\u00edts\u00fck az adom\u00e1nyoz\u00f3i \u00e9s j\u00f3t\u00e9konys\u00e1gi h\u00e1l\u00f3zatot?<\/h2>\n<p>A felesleges \u00e9lelmiszerek kezel\u00e9s\u00e9nek hat\u00e9kony m\u00f3dszere a j\u00f3t\u00e9konys\u00e1gi szervezeteknek vagy \u00e9lelmiszerbankoknak t\u00f6rt\u00e9n\u0151 tov\u00e1bboszt\u00e1s. Az \u00e9lelmiszerhullad\u00e9k-hierarchi\u00e1ban a pazarl\u00e1s megel\u0151z\u00e9st k\u00f6vet\u0151en a legkedvez\u0151bb v\u00e1laszt\u00e1s az \u00e9lelmiszerfelesleg emberi fogyaszt\u00e1sra t\u00f6rt\u00e9n\u0151 \u00fajrafelhaszn\u00e1l\u00e1sa (Sundgren, 2022).<\/p>\n<p>Eisenhandler \u00e9s Tzur (2019) szerint az \u00e9lelmiszerbankok olyan l\u00e9tes\u00edtm\u00e9nyek, mint a t\u00e1rol\u00f3h\u00e1zak vagy rakt\u00e1rak, amelyeket olyan szervezetek haszn\u00e1lnak, mint a k\u00f6z\u00f6ss\u00e9gi konyh\u00e1k vagy mened\u00e9khelyek, hogy \u00e9lelmiszerseg\u00e9lyt ny\u00fajtsanak az \u00e9lelmez\u00e9si bizonytalans\u00e1got tapasztal\u00f3knak (Reusken et al., 2023).<\/p>\n<p>Az \u00e9lelmiszerbankok vagy m\u00e1s humanit\u00e1rius szervezetek c\u00e9lja, hogy \u00e9rt\u00e9ket tulajdon\u00edtsanak azoknak az \u00e9lelmiszereknek, amelyek egy\u00e9bk\u00e9nt a hullad\u00e9klerak\u00f3kban v\u00e9gezn\u00e9k, annak ellen\u00e9re, hogy emberek sz\u00e1m\u00e1ra biztons\u00e1gosak \u00e9s t\u00e1pl\u00e1l\u00f3ak. Amellett, hogy els\u0151dleges c\u00e9ljuk a r\u00e1szorul\u00f3k megseg\u00edt\u00e9se, a hullad\u00e9k cs\u00f6kkent\u00e9s\u00e9vel hozz\u00e1j\u00e1rulnak az k\u00f6rnyezet meg\u00f3v\u00e1s\u00e1hoz is, aminek jelent\u0151s \u00f6kol\u00f3giai hat\u00e1sai vannak.<\/p>\n<p>Ezek a szervezetek jellemz\u0151en a besz\u00e1ll\u00edt\u00f3kt\u00f3l f\u00fcggenek, p\u00e9ld\u00e1ul az \u00e9lelmiszeripari v\u00e1llalatokt\u00f3l \u00e9s m\u00e1s k\u00f6zrem\u0171k\u00f6d\u0151kt\u0151l, \u00e9s l\u00e9nyeg\u00e9ben nagykeresked\u0151k\u00e9nt m\u0171k\u00f6dnek. N\u00e9h\u00e1ny kulcsfontoss\u00e1g\u00fa kedvezm\u00e9nyezettj\u00fck \u00e9s stakeholder\u00fck k\u00f6z\u00e9 tartoznak (Ghahremani-Nahr et al., 2023) a:<\/p>\n<ul>\n<li>csal\u00e1dok, gyermek- \u00e9s ifj\u00fas\u00e1gi szervezetek, szenved\u00e9lybetegs\u00e9g-kezel\u0151 k\u00f6zpontok, vall\u00e1si mened\u00e9khelyek, munka\u00fcgyi szakszervezetek \u00e9s hasonl\u00f3 csoportok<\/li>\n<li>\u00e9lelmiszertermel\u0151k, forgalmaz\u00f3k, szupermarketek, nagykeresked\u0151k, rakt\u00e1rak, kiskeresked\u0151k, sz\u00e1ll\u00edtm\u00e1nyoz\u00f3 c\u00e9gek, p\u00e9nzint\u00e9zetek, rekl\u00e1m- \u00e9s kommunik\u00e1ci\u00f3s \u00fcgyn\u00f6ks\u00e9gek, \u00e1llami szervek, valamint k\u00fcl\u00f6nf\u00e9le nemzeti \u00e9s nemzetk\u00f6zi szervezetek<\/li>\n<\/ul>\n<p>Az \u00e9lelmiszergy\u0171jt\u00e9s nem \u00faj koncepci\u00f3 az adom\u00e1nygy\u0171jt\u00e9sben, \u00e9s vil\u00e1gszerte az \u00e9lelmiszerbankok egyik fontos alapj\u00e1t k\u00e9pezi. Ha kimarad a kezdeti, \u00e9lelmiszergy\u0171jt\u00e9si l\u00e9p\u00e9s, az az adom\u00e1nyok jelent\u0151s cs\u00f6kken\u00e9s\u00e9t eredm\u00e9nyezheti.<\/p>\n<p>Az \u00e9lelmiszerbankok vagy m\u00e1s humanit\u00e1rius szervezetek megkereshetik a helyi \u00e9ttermeket, k\u00e1v\u00e9z\u00f3kat, \u00fcd\u00fcl\u0151helyeket \u00e9s m\u00e1s l\u00e9tes\u00edtm\u00e9nyeket \u00e9lelmiszeradom\u00e1nyok\u00e9rt. A magasabb adom\u00e1nyoz\u00e1si ar\u00e1ny el\u00e9r\u00e9s\u00e9hez gyakran sz\u00fcks\u00e9ges, hogy ezeket a helysz\u00edneket &#8211; amennyiben lehets\u00e9ges &#8211; szem\u00e9lyesen keress\u00e9k fel, \u00e9s elmagyar\u00e1zz\u00e1k az \u00e9lelmiszerbank c\u00e9ljait. Fontos kider\u00edteni, hogy van-e k\u00f6zeli lej\u00e1rati d\u00e1tum\u00fa \u00e9lelmiszerfelesleg\u00fck, amelyet kidob\u00e1s helyett adom\u00e1nyozhatn\u00e1nak. Sok szervezet hajland\u00f3 ilyen term\u00e9keket adom\u00e1nyozni.<\/p>\n<table style=\"border-collapse: collapse; width: 100%;\">\n<tbody>\n<tr>\n<td style=\"width: 100%;\">A adom\u00e1nyoz\u00f3i h\u00e1l\u00f3zat b\u0151v\u00edt\u00e9se tudatos felkeres\u00e9st \u00e9s kapcsolat\u00e9p\u00edt\u00e9st ig\u00e9nyel:<\/p>\n<p>Vegyen r\u00e9szt h\u00e1l\u00f3zat\u00e9p\u00edt\u0151 rendezv\u00e9nyeken, workshopokon \u00e9s konferenci\u00e1kon, hogy kapcsolatot teremtsen a potenci\u00e1lis adom\u00e1nyoz\u00f3kkal.<\/p>\n<p>Haszn\u00e1lja ki a k\u00f6z\u00f6ss\u00e9gi m\u00e9dia csatorn\u00e1kat a sz\u00e9lesebb k\u00f6z\u00f6ns\u00e9ggel val\u00f3 kapcsolattart\u00e1sra. Szorosan m\u0171k\u00f6dj\u00f6n egy\u00fctt a megl\u00e9v\u0151 adom\u00e1nyoz\u00f3kkal \u00e9s gy\u0171jts\u00f6n aj\u00e1nl\u00e1sokat.<\/p>\n<p>Kommunik\u00e1ci\u00f3j\u00e1val emelje ki a szervezet eredm\u00e9nyeit. A k\u00fcldet\u00e9sed ir\u00e1nti elk\u00f6telezetts\u00e9ggel \u00e9s a hiteles kapcsolatok ki\u00e9p\u00edt\u00e9s\u00e9vel b\u0151v\u00edtheted \u00e9s v\u00e1ltozatosabb\u00e1 teheted adom\u00e1nyoz\u00f3i k\u00f6r\u00f6det.<\/td>\n<\/tr>\n<\/tbody>\n<\/table>\n<p><strong><em>Az adom\u00e1nyoz\u00f3i h\u00e1l\u00f3zat l\u00e9trehoz\u00e1s\u00e1nak vagy b\u0151v\u00edt\u00e9s\u00e9nek l\u00e9p\u00e9sei (Donor Network, n.d.)<\/em><\/strong><\/p>\n<ul>\n<li>Hat\u00e1rozzuk meg, kik sz\u00e1munkra az ide\u00e1lis \u00e9lelmiszer-adom\u00e1nyoz\u00f3k:<\/li>\n<\/ul>\n<p>Az adom\u00e1nyoz\u00f3i h\u00e1l\u00f3zatunk b\u0151v\u00edt\u00e9s\u00e9nek megkezd\u00e9s\u00e9hez hat\u00e1rozzuk meg, hogy kik sz\u00e1munkra az ide\u00e1lis adom\u00e1nyoz\u00f3k. Ezek azok az emberek, akik a legnagyobb val\u00f3sz\u00edn\u0171s\u00e9ggel t\u00e1mogatj\u00e1k az \u00fcgy\u00fcnket \u00e9s vel\u00fcnk azonos \u00e9rt\u00e9keket vallanak. Adom\u00e1nyoz\u00f3i h\u00e1l\u00f3zatunk kialak\u00edt\u00e1s\u00e1hoz haszn\u00e1lhatunk k\u00f6z\u00f6ss\u00e9gi m\u00e9di\u00e1t, e-maileket, hidegh\u00edv\u00e1sos vagy h\u00e1zt\u00f3l-h\u00e1zig technik\u00e1kat. Haszn\u00e1ljunk olyan eszk\u00f6z\u00f6ket, mint a felm\u00e9r\u00e9sek, a k\u00f6z\u00f6ss\u00e9gi m\u00e9dia vagy az adom\u00e1nyoz\u00f3i adatb\u00e1zisok, hogy inform\u00e1ci\u00f3t gy\u0171jts\u00fcnk a jelenlegi adom\u00e1nyoz\u00f3inkr\u00f3l \u00e9s a potenci\u00e1lis t\u00e1mogat\u00f3inkr\u00f3l. Ezut\u00e1n szabjuk \u00fczeneteinket az \u0151 ig\u00e9nyeikhez.<\/p>\n<ul>\n<li>Terjessz\u00fck ki a befoly\u00e1sunkat:<\/li>\n<\/ul>\n<p>A k\u00f6vetkez\u0151 l\u00e9p\u00e9s az adom\u00e1nyoz\u00f3i h\u00e1l\u00f3zatunk b\u0151v\u00edt\u00e9se \u00e9rdek\u00e9ben az, hogy er\u0151s\u00edts\u00fck a kapcsolatrendszer\u00fcnket \u00e9s a l\u00e1that\u00f3s\u00e1gunkat. Tal\u00e1ljuk meg a m\u00f3dj\u00e1t annak, hogy kapcsolatba l\u00e9pj\u00fcnk olyan potenci\u00e1lis adom\u00e1nyoz\u00f3kkal, akik esetleg m\u00e9g nem tudnak az indul\u00f3 v\u00e1llalkoz\u00e1sunkr\u00f3l vagy az \u00e1ltalunk k\u00e9pviselt \u00fcgyr\u0151l. Haszn\u00e1lhatunk k\u00fcl\u00f6nb\u00f6z\u0151 m\u00f3dszereket, p\u00e9ld\u00e1ul aj\u00e1nl\u00e1sokat, rendezv\u00e9nyeket, m\u00e9di\u00e1t, partners\u00e9geket, online platformokat vagy k\u00f6zvetlen levelez\u00e9st. Emellett vonjuk be megl\u00e9v\u0151 adom\u00e1nyoz\u00f3it \u00e9s t\u00e1mogat\u00f3it is, hogy n\u00e9pszer\u0171s\u00edts\u00e9k a kezdem\u00e9nyez\u00e9s\u00fcnket. Fontos a strat\u00e9gia szem el\u0151tt tart\u00e1sa \u00e9s a kreativit\u00e1s a kapcsolatfelv\u00e9tel sor\u00e1n. Legyen a potenci\u00e1lis \u00fcgyfelek sz\u00e1m\u00e1ra \u00e9rt\u00e9kes \u00e9s relev\u00e1ns az, amit k\u00e9pvisel\u00fcnk. T\u00f6rekedj\u00fcnk arra, hogy felkelts\u00fck az \u00e9rdekl\u0151d\u00e9s\u00fcket, \u00e9s \u00f6szt\u00f6n\u00f6zz\u00fck \u0151ket arra, hogy t\u00f6bbet tudjanak meg a startupunkr\u00f3l vagy az \u00e1ltalunk k\u00e9pviselt \u00fcgyr\u0151l.<\/p>\n<ul>\n<li>L\u00e9pj\u00fcnk kapcsolatba a potenci\u00e1lis t\u00e1mogat\u00f3inkkal:<\/li>\n<\/ul>\n<p>Az adom\u00e1nyoz\u00f3i h\u00e1l\u00f3zat b\u0151v\u00edt\u00e9s\u00e9nek k\u00f6vetkez\u0151 szakasza a potenci\u00e1lis t\u00e1mogat\u00f3k akt\u00edv bevon\u00e1s\u00e1t \u00e9s az adom\u00e1nyoz\u00f3i \u00fatjukon val\u00f3 v\u00e9gigvezet\u00e9s\u00e9t jelenti. Fontos, hogy bizalmat \u00e9s kapcsolatot alak\u00edtsunk ki vel\u00fck, mik\u00f6zben a t\u00e1mogat\u00e1suk hat\u00e1s\u00e1t is bemutatjuk. Haszn\u00e1ljunk k\u00fcl\u00f6nf\u00e9le m\u00f3dszereket \u00e9s strat\u00e9gi\u00e1kat a potenci\u00e1lis t\u00e1mogat\u00f3k bevon\u00e1s\u00e1ra, bele\u00e9rtve az e-mailt, a telefonh\u00edv\u00e1sokat, a k\u00f6z\u00f6ss\u00e9gi m\u00e9di\u00e1t, a webin\u00e1riumokat, a h\u00edrleveleket \u00e9s a t\u00f6rt\u00e9netmes\u00e9l\u00e9st. K\u00edn\u00e1ljunk \u00e9rt\u00e9kes \u00e9s meggy\u0151z\u0151 tartalmakat, melyekkel t\u00e1j\u00e9koztatjuk, motiv\u00e1ljuk \u00e9s r\u00e9szv\u00e9telre is \u00f6szt\u00f6n\u00f6zz\u00fck \u0151ket. Kommunik\u00e1ci\u00f3nk legyen szem\u00e9lyreszabott, hogy interakt\u00edvabb\u00e1 \u00e9s \u00e9rz\u00e9kenyebb\u00e9 tegy\u00fck a c\u00e9lcsoportunkat, \u00e9s legy\u00fcnk figyelmesek a visszajelz\u00e9seikre, k\u00e9rd\u00e9seikre, agg\u00e1lyaikra \u00e9s ellenvet\u00e9seikre is.<\/p>\n<ul>\n<li>\u201e K\u00e9rj\u00fck az adom\u00e1nyt\u201d:<\/li>\n<\/ul>\n<p>Az adom\u00e1nyoz\u00f3i h\u00e1l\u00f3zat b\u0151v\u00edt\u00e9s\u00e9nek k\u00f6vetkez\u0151 l\u00e9p\u00e9se az adom\u00e1nyok k\u00e9r\u00e9se. Ilyenkor k\u00f6zvetlen\u00fcl \u00e9s egy\u00e9rtelm\u0171en k\u00e9rj\u00fck fel az \u00e9rdekl\u0151d\u0151ket a t\u00e1mogat\u00e1sukra. Legy\u00fcnk magabiztosak, meggy\u0151z\u0151ek, \u00e9s magyar\u00e1zzuk el, hogy adom\u00e1nyuk hogyan fog v\u00e1ltoz\u00e1st hozni. Fontos, hogy legy\u00fcnk tisztelettud\u00f3k \u00e9s rugalmasak, k\u00fcl\u00f6nb\u00f6z\u0151 lehet\u0151s\u00e9geket \u00e9s el\u0151ny\u00f6ket k\u00edn\u00e1lva a k\u00fcl\u00f6nb\u00f6z\u0151 adom\u00e1nyoz\u00e1si szintekhez. Tegy\u00fck egyszer\u0171v\u00e9 \u00e9s k\u00e9nyelmess\u00e9 az adom\u00e1nyoz\u00e1si folyamatot, \u00e9s fejezz\u00fck ki h\u00e1l\u00e1nkat az adom\u00e1nyoz\u00f3knak a nagylelk\u0171s\u00e9g\u00fck\u00e9rt \u00e9s elk\u00f6telezetts\u00e9g\u00fck\u00e9rt.<\/p>\n<ul>\n<li>Tartsuk fenn az adom\u00e1nyoz\u00f3ink elk\u00f6telezetts\u00e9g\u00e9t:<\/li>\n<\/ul>\n<p>A k\u00f6vetkez\u0151 l\u00e9p\u00e9s az adom\u00e1nyoz\u00f3i h\u00e1l\u00f3zat b\u0151v\u00edt\u00e9s\u00e9ben az, hogy az adom\u00e1nyoz\u00f3ink visszat\u00e9rjenek \u00e9s h\u0171s\u00e9ges t\u00e1mogat\u00f3kk\u00e1 v\u00e1ljanak. Nagyon fontos, hogy \u00e1poljuk \u00e9s gondozzuk a vel\u00fck val\u00f3 kapcsolatokat, \u00e9s kimutassuk, hogy mennyire \u00e9rt\u00e9kelj\u00fck a t\u00e1mogat\u00e1sukat. A t\u00e1mogat\u00f3k megtart\u00e1s\u00e1ra haszn\u00e1ljunk k\u00fcl\u00f6nb\u00f6z\u0151 m\u00f3dszereket, p\u00e9ld\u00e1ul fejezz\u00fck ki k\u00f6sz\u00f6net\u00fcnket, k\u00e9rj\u00fcnk t\u0151l\u00fck visszajelz\u00e9st, t\u00e1j\u00e9koztassuk \u0151ket aktualit\u00e1sainkr\u00f3l, szervezz\u00fcnk k\u00fcl\u00f6nf\u00e9le rendezv\u00e9nyeket vagy v\u00e9gezz\u00fcnk felm\u00e9r\u00e9seket. Mindig kapjanak relev\u00e1ns \u00e9s aktu\u00e1lis inform\u00e1ci\u00f3kat, melyben hangs\u00falyozzuk az adom\u00e1nyaik pozit\u00edv hat\u00e1s\u00e1t. B\u00e1tor\u00edtsuk r\u00e9szv\u00e9tel\u00fcket a k\u00f6z\u00f6ss\u00e9g\u00fcnkben.<\/p>\n<table width=\"542\">\n<tbody>\n<tr>\n<td width=\"542\">Egyes adom\u00e1nyoz\u00f3k jobban elk\u00f6telezettek \u00e9s akt\u00edvabban vesznek r\u00e9szt az \u00fcgy\u00fcnkben. Ha egy adom\u00e1nyoz\u00f3 jobban elk\u00f6telez\u0151dik, akkor ezt a kapcsolatot \u00e1polni kell, \u00edgy kialakulhat egy hossz\u00fa t\u00e1v\u00fa partners\u00e9g. Azzal, hogy kiemelt figyelmet szentel\u00fcnk nekik \u00e9s hangs\u00falyozzuk a r\u00e9szv\u00e9tel\u00fck pozit\u00edv hat\u00e1sait, t\u00f6bb t\u00e1mogat\u00f3t is bevonzhatunk az \u00e9lelmiszeradom\u00e1nyoz\u00f3i h\u00e1l\u00f3zathoz val\u00f3 csatlakoz\u00e1sra.<\/td>\n<\/tr>\n<\/tbody>\n<\/table>\n<ul>\n<li>B\u0151v\u00edts\u00fck h\u00e1l\u00f3zatunkat:<\/li>\n<\/ul>\n<p>Az adom\u00e1nyoz\u00f3i h\u00e1l\u00f3zat b\u0151v\u00edt\u00e9s\u00e9nek utols\u00f3 l\u00e9p\u00e9se a kapcsolatok kiterjeszt\u00e9se. Ez azt jelenti, hogy a jelenlegi adom\u00e1nyoz\u00f3ink \u00e9s t\u00e1mogat\u00f3ink r\u00e9v\u00e9n szerz\u00fcnk \u00fajakat. Motiv\u00e1lhatjuk \u0151ket arra, hogy aj\u00e1nljanak, mutassanak be vagy h\u00edvjanak meg m\u00e1sokat, hogy csatlakozzanak hozz\u00e1nk. Emellett haszn\u00e1ljunk olyan eszk\u00f6z\u00f6ket \u00e9s platformokat, amelyek lehet\u0151v\u00e9 teszik t\u00e1mogat\u00f3ink sz\u00e1m\u00e1ra, hogy \u00e9lelmiszergy\u0171jt\u00e9st folytassanak a szervezet\u00fcnk sz\u00e1m\u00e1ra. Ismerj\u00fck el \u00e9s m\u00e9lt\u00e1nyoljuk az adom\u00e1nyoz\u00f3i \u00e9s t\u00e1mogat\u00f3i er\u0151fesz\u00edt\u00e9seket, el\u0151seg\u00edtve ezzel a nagylelk\u0171s\u00e9g \u00e9s a b\u0151v\u00fcl\u00e9s kult\u00far\u00e1j\u00e1t.<\/p>\n<figure id=\"attachment_3713\" aria-describedby=\"caption-attachment-3713\" style=\"width: 628px\" class=\"wp-caption aligncenter\"><img fetchpriority=\"high\" decoding=\"async\" class=\"wp-image-3713 size-full\" src=\"https:\/\/www.res-food.eu\/wp-content\/uploads\/2024\/07\/z4.jpg\" alt=\"1. \u00e1bra Az \u00e9lelmiszerfelesleg kezel\u00e9s\u00e9nek lehet\u0151s\u00e9gei\" width=\"628\" height=\"375\" srcset=\"https:\/\/www.res-food.eu\/wp-content\/uploads\/2024\/07\/z4.jpg 628w, https:\/\/www.res-food.eu\/wp-content\/uploads\/2024\/07\/z4-300x179.jpg 300w\" sizes=\"(max-width: 628px) 100vw, 628px\" \/><figcaption id=\"caption-attachment-3713\" class=\"wp-caption-text\">1. \u00e1bra Az \u00e9lelmiszerfelesleg kezel\u00e9s\u00e9nek lehet\u0151s\u00e9gei<\/figcaption><\/figure>\n<p>A korl\u00e1tozott er\u0151forr\u00e1sok, a n\u00f6vekv\u0151 \u00e9lelmiszerseg\u00e9ly-kereslet \u00e9s a verseny hat\u00e1ssal van a keresleti h\u00e1l\u00f3zatra. Az \u00e9lelmiszerfelesleg (\u00c9F) rendelkez\u00e9sre \u00e1ll\u00e1sa d\u00f6nt\u0151 fontoss\u00e1g\u00fa az \u00fcgyletek szempontj\u00e1b\u00f3l, azonban a bels\u0151 aj\u00e1nlott \u00e9rt\u00e9kes\u00edt\u00e9si id\u0151 lej\u00e1rt\u00e1ig vannak bizonytalans\u00e1gok. A k\u00edn\u00e1lati oldalnak alacsony \u00fajraeloszt\u00e1si k\u00f6lts\u00e9gekre van sz\u00fcks\u00e9ge, \u00e9s k\u00fcl\u00f6nb\u00f6z\u0151 \u00c9F-kezel\u00e9si opci\u00f3i vannak (1. \u00e1bra). \u00a0Ha rendszeresen van \u00c9F, az er\u0151s\u00edti a kapcsolatokat, a rendszertelen\u00fcl jelentkez\u0151 \u00e9lelmiszert\u00f6bblet viszont rugalmass\u00e1got \u00e9s koordin\u00e1ci\u00f3t ig\u00e9nyel. A k\u00edn\u00e1lat rendszertelens\u00e9ge akad\u00e1lyozza a kapcsolatok fejl\u0151d\u00e9s\u00e9t, ami eredm\u00e9nyezhet rendszeres \u00e9s rendszertelen kapcsolatokat is. Az \u00c9F hasznos\u00edt\u00e1s\u00e1nak n\u00f6vel\u00e9se \u00e9rdek\u00e9ben az \u00faj kapcsolatok \u00e9s a megl\u00e9v\u0151 kapcsolatok er\u0151s\u00edt\u00e9s\u00e9re van sz\u00fcks\u00e9g (Sundgren, 2022).<\/p>\n<p>Az \u00e9lelmiszerseg\u00e9ly-csoportok az adom\u00e1nyoz\u00f3k elv\u00e1r\u00e1sainak teljes\u00edt\u00e9s\u00e9vel \u00e9p\u00edtenek bizalmat. Ez t\u00fckr\u00f6zi az \u00fczleti sz\u00f6vets\u00e9geket, ahol a hiteless\u00e9g sz\u00e1m\u00edt. Az er\u0151s kapcsolatok k\u00f6vetkezetess\u00e9get, m\u00e9lt\u00e1nyoss\u00e1got \u00e9s szoros egy\u00fcttm\u0171k\u00f6d\u00e9st felt\u00e9teleznek, de az ell\u00e1t\u00e1si l\u00e1nc menedzsment (SCM) szakemberei k\u00f6z\u00f6tt hi\u00e1nyosak az \u00e9lelmiszerhullad\u00e9k hierarchi\u00e1j\u00e1val \u00e9s \u00fajraeloszt\u00e1s\u00e1val kapcsolatos ismeretek. Az SCM szakemberek k\u00e9pz\u00e9se sokat jav\u00edthat a helyzeten, mivel az \u00e9lelmiszerpazarl\u00e1s az ell\u00e1t\u00e1si l\u00e1nc minden szakasz\u00e1ban el\u0151fordul. A c\u00e9gek ezut\u00e1n felel\u0151ss\u00e9gteljesen \u00fajraeloszthatj\u00e1k az \u00e9lelmiszereket, ink\u00e1bb a szem\u00e9lyes ismeretekre, mint a term\u00e9kt\u00edpusra t\u00e1maszkodva.<\/p>\n<h2><a id=\"subH3-1\"><\/a>Az \u00e9lelmiszer-\u00fajraeloszt\u00e1s logisztik\u00e1ja, infrasturkt\u00farafejleszt\u00e9s \u00e9s \u00fatvonaltervez\u00e9s<\/h2>\n<p>Sz\u00e1mos humanit\u00e1rius seg\u00e9lyszervezet, p\u00e9ld\u00e1ul az \u00e9lelmiszerbankok, h\u00eddk\u00e9nt szolg\u00e1lnak az \u00e9lelmiszerforr\u00e1sok \u00e9s a r\u00e1szorul\u00f3k k\u00f6z\u00f6tt. Ezek a szervezetek jellemz\u0151en c\u00e9gekt\u0151l \u00e9s mag\u00e1nszem\u00e9lyekt\u0151l veszik \u00e1t az \u00e9lelmiszereket, a t\u00e1rol\u00f3helyeken feldolgozz\u00e1k, majd k\u00fcl\u00f6nb\u00f6z\u0151 m\u00f3don &#8211; n\u00e9ha nonprofit csoportokon vagy korm\u00e1nyzati szervezeteken kereszt\u00fcl &#8211; sz\u00e9tosztj\u00e1k az emberek k\u00f6z\u00f6tt. Az olyan t\u00e1rsadalmi gazdas\u00e1gi szervezetek sz\u00e1m\u00e1ra, mint az \u00e9lelmiszerbankok, nem a p\u00e9nz\u00fcgyi nyeres\u00e9g \u00e9s a gazdas\u00e1gi mutat\u00f3k \u00e1llnak a k\u00f6z\u00e9ppontban. Ehelyett a t\u00e1rsadalmi \u00e9s k\u00f6rnyezeti hat\u00e1sokat helyezik el\u0151t\u00e9rbe. Ily m\u00f3don az \u00e9lelmiszerbankok d\u00f6nt\u0151 szerepet j\u00e1tszanak az \u00e9lelmiszer-ell\u00e1t\u00e1si l\u00e1ncon bel\u00fcli fenntarthat\u00f3s\u00e1g el\u0151mozd\u00edt\u00e1s\u00e1ban (Martins et al., 2019).<\/p>\n<p>A legt\u00f6bb \u00e9lelmiszerbank helyi szinten indul \u00e9s m\u0171k\u00f6dik, gyakran korl\u00e1tozott er\u0151forr\u00e1sokkal \u00e9s bizonytalan \u00e9lelmiszerell\u00e1t\u00e1ssal. Adom\u00e1nyokra t\u00e1maszkodnak, amelyek gyakoris\u00e1ga, t\u00edpusa, min\u0151s\u00e9ge \u00e9s mennyis\u00e9ge v\u00e1ltoz\u00f3 lehet. Emiatt fontos az \u00e9lelmiszerek igazs\u00e1gos eloszt\u00e1sa az \u00e9lelmiszerbankban. Emellett az \u00e9lelmiszerbankok nagym\u00e9rt\u00e9kben f\u00fcggenek az \u00f6nk\u00e9ntesekt\u0151l, ami n\u00e9ha olyan probl\u00e9m\u00e1khoz vezethet, mint a tapasztalatlan munkaer\u0151, a v\u00e1ltoz\u00e1sokkal szembeni ellen\u00e1ll\u00e1s, a magas fluktu\u00e1ci\u00f3 \u00e9s az elsz\u00e1moltathat\u00f3s\u00e1ggal kapcsolatos probl\u00e9m\u00e1k (Reusken et al., 2023).<\/p>\n<p>A j\u00f3t\u00e9konys\u00e1gi \u00e9s nonprofit szervezetek l\u00e9tfontoss\u00e1g\u00faak a t\u00e1rsadalmi probl\u00e9m\u00e1k kezel\u00e9s\u00e9ben, p\u00e9ld\u00e1ul a szeg\u00e9nys\u00e9g enyh\u00edt\u00e9s\u00e9ben \u00e9s a katasztr\u00f3faelh\u00e1r\u00edt\u00e1sban. A finansz\u00edroz\u00e1suk az adom\u00e1nyoz\u00f3k nagylelk\u0171s\u00e9g\u00e9t\u0151l f\u00fcgg, de ugyanilyen fontos a forr\u00e1sok hat\u00e9kony eloszt\u00e1sa a seg\u00edts\u00e9gre szorul\u00f3k k\u00f6z\u00f6tt (TUAID, 2023).<\/p>\n<figure id=\"attachment_3714\" aria-describedby=\"caption-attachment-3714\" style=\"width: 251px\" class=\"wp-caption aligncenter\"><img decoding=\"async\" class=\"wp-image-3714 size-full\" src=\"https:\/\/www.res-food.eu\/wp-content\/uploads\/2024\/07\/z5.jpg\" alt=\"2. \u00e1bra: \u00c9lelmiszerbank ell\u00e1t\u00e1si l\u00e1nc h\u00e1l\u00f3zata (Martins et al., 2019).\" width=\"251\" height=\"282\" \/><figcaption id=\"caption-attachment-3714\" class=\"wp-caption-text\">2. \u00e1bra: \u00c9lelmiszerbank ell\u00e1t\u00e1si l\u00e1nc h\u00e1l\u00f3zata (Martins et al., 2019).<\/figcaption><\/figure>\n<p>A humanit\u00e1rius szervezetek rakt\u00e1roz\u00e1si k\u00f6vetelm\u00e9nyeit meghat\u00e1rozz\u00e1k a szervezet saj\u00e1tos ig\u00e9nyei, a szervezet \u00e1tfog\u00f3 c\u00e9lja. A nagy mennyis\u00e9g\u0171, nem romland\u00f3 \u00e1rut kezel\u0151 szervezeteknek t\u00f6bb rakt\u00e1rra is sz\u00fcks\u00e9g\u00fck lehet k\u00fcl\u00f6nb\u00f6z\u0151 helysz\u00edneken. Ezzel szemben a c\u00e9lzott beavatkoz\u00e1sokra, p\u00e9ld\u00e1ul pszichoszoci\u00e1lis programokra \u00f6sszpontos\u00edt\u00f3 szervezeteknek minim\u00e1lis sz\u00fcks\u00e9g\u00fck lehet \u00e1tfog\u00f3 rakt\u00e1roz\u00e1si strat\u00e9gi\u00e1ra, \u00e9s d\u00f6nthetnek \u00fagy, hogy az egyes projektekhez sz\u00fcks\u00e9ges dolgokat\u00a0 k\u00f6zvetlen\u00fcl a sz\u00e1ll\u00edt\u00f3kt\u00f3l szerzik be. \u00a0Az \u00e1ruk v\u00e1rhat\u00f3 mennyis\u00e9ge mellett a speci\u00e1lis t\u00e1rol\u00e1si k\u00f6vetelm\u00e9nyek is befoly\u00e1solj\u00e1k a rakt\u00e1roz\u00e1s m\u00f3dj\u00e1t; az orvosi felszerel\u00e9sek kezel\u00e9se p\u00e9ld\u00e1ul apr\u00f3l\u00e9kos lelt\u00e1rkezel\u00e9st \u00e9s speci\u00e1lis t\u00e1rol\u00e1si felt\u00e9teleket ig\u00e9nyelhet, m\u00edg a tart\u00f3s, nem \u00e9lelmiszer jelleg\u0171 term\u00e9kek (NFI) csak alapvet\u0151 v\u00e9delmet ig\u00e9nyelnek az id\u0151j\u00e1r\u00e1s viszontags\u00e1gait\u00f3l.<\/p>\n<p>A humanit\u00e1rius seg\u00e9lyszervezetek \u00e1ltal\u00e1ban a kereskedelmi h\u00e1l\u00f3zatokhoz hasonl\u00f3 eloszt\u00e1si modellt alkalmaznak. Ez a modell nemzetk\u00f6zi \u00e9s helyi rakt\u00e1rakat foglal mag\u00e1ban, amelyek gy\u0171jt\u0151k\u00f6zpontokk\u00e9nt, ell\u00e1t\u00f3 l\u00e9tes\u00edtm\u00e9nyekk\u00e9nt \u00e9s v\u00e9gs\u0151 eloszt\u00e1si pontokk\u00e9nt m\u0171k\u00f6dnek az \u00e9rintett lakoss\u00e1g ell\u00e1t\u00e1sa sor\u00e1n.<\/p>\n<figure id=\"attachment_3715\" aria-describedby=\"caption-attachment-3715\" style=\"width: 602px\" class=\"wp-caption aligncenter\"><img decoding=\"async\" class=\"size-full wp-image-3715\" src=\"http:\/\/www.res-food.eu\/wp-content\/uploads\/2024\/07\/z6.jpg\" alt=\"3. \u00e1bra: Az adom\u00e1nyok \u00fatiterve (Gonz\u00e1lez-Torre &amp; Coque, 2016).\" width=\"602\" height=\"347\" srcset=\"https:\/\/www.res-food.eu\/wp-content\/uploads\/2024\/07\/z6.jpg 602w, https:\/\/www.res-food.eu\/wp-content\/uploads\/2024\/07\/z6-300x173.jpg 300w\" sizes=\"(max-width: 602px) 100vw, 602px\" \/><figcaption id=\"caption-attachment-3715\" class=\"wp-caption-text\">3. \u00e1bra: Az adom\u00e1nyok \u00fatiterve (Gonz\u00e1lez-Torre &amp; Coque, 2016).<\/figcaption><\/figure>\n<h2><a id=\"subH3-2\"><\/a>Region\u00e1lis\/nemzetk\u00f6zi rakt\u00e1rak<\/h2>\n<p>Egy nemzetk\u00f6zi vagy region\u00e1lis rakt\u00e1r a sz\u00e1ll\u00edt\u00f3k, adom\u00e1nyoz\u00f3k vagy partnerek \u00e1ltal k\u00fcld\u00f6tt term\u00e9kek \u00e1tvev\u0151 k\u00f6zpontjak\u00e9nt m\u0171k\u00f6dik. Ez lehet\u0151v\u00e9 teszi a humanit\u00e1rius szervezetek sz\u00e1m\u00e1ra, hogy a rakom\u00e1nyt ellen\u0151rizz\u00e9k, sz\u00e9tv\u00e1logass\u00e1k \u00e9s el\u0151k\u00e9sz\u00edts\u00e9k a tov\u00e1bbi eloszt\u00e1sra. Ezek a rakt\u00e1rak el\u0151zetes elhelyez\u00e9si l\u00e9tes\u00edtm\u00e9nyekk\u00e9nt is funkcion\u00e1lnak, ahol k\u00e9szleteket t\u00e1rolnak v\u00e9szhelyzet eset\u00e9re, valamint ell\u00e1t\u00f3 l\u00e9tes\u00edtm\u00e9nyekk\u00e9nt is m\u0171k\u00f6dnek, amelyek fokozatosan felt\u00f6ltik az ell\u00e1t\u00e1si l\u00e1nc m\u00e1s rakt\u00e1rait.<\/p>\n<p>B\u00e1r sok \u00fcgyn\u00f6ks\u00e9g haszn\u00e1l region\u00e1lis rakt\u00e1rakat, ezeket nem szabad az egyetlen megold\u00e1snak tekinteni. Egy nagy rakt\u00e1r \u00fczemeltet\u00e9se, k\u00fcl\u00f6n\u00f6sen egy t\u00e1voli ter\u00fcleten, k\u00f6lts\u00e9ges lehet, \u00e9s fenntart\u00e1sa t\u00f6bblet munkaer\u0151t \u00e9s id\u0151t ig\u00e9nyel. Ha egy \u00fcgyn\u00f6ks\u00e9g nem \u00e1ll k\u00e9szen a k\u00f6lts\u00e9gek fedez\u00e9s\u00e9re vagy a l\u00e9tes\u00edtm\u00e9ny megfelel\u0151 fel\u00fcgyelet\u00e9re, akkor d\u00f6nthet \u00fagy, hogy kiszervezi a rakt\u00e1rkezel\u00e9st, vagy teljesen kihagyja a region\u00e1lis rakt\u00e1rat a folyamatb\u00f3l.<\/p>\n<p><strong><em>A region\u00e1lis rakt\u00e1r pozicion\u00e1l\u00e1sa<\/em><\/strong><\/p>\n<p>Amikor eld\u00f6ntj\u00fck, hogy hol helyezz\u00fcnk el egy region\u00e1lis rakt\u00e1rat, gondoljunk az al\u00e1bbi dolgokra:<\/p>\n<table width=\"601\">\n<tbody>\n<tr>\n<td width=\"198\"><strong>K\u00f6zleked\u00e9si\u00a0kapcsolatok<\/strong><\/td>\n<td width=\"403\">K\u00f6zel van-e a rakt\u00e1r a nagy kik\u00f6t\u0151kh\u00f6z \u00e9s repterekhez?<\/td>\n<\/tr>\n<tr>\n<td width=\"198\"><strong>Reag\u00e1l\u00e1si ter\u00fclet<\/strong><\/td>\n<td width=\"403\">Akt\u00edv-e a r\u00e9gi\u00f3 a humanit\u00e1rius munka szempontj\u00e1b\u00f3l, \u00e9s illeszkedik-e a helysz\u00edn az \u00e1tfog\u00f3 tervbe?<\/td>\n<\/tr>\n<tr>\n<td width=\"198\"><strong>T\u00e1mogat\u00e1s t\u00edpusa<\/strong><\/td>\n<td width=\"403\">A rakt\u00e1rat r\u00f6vid t\u00e1v\u00fa vagy hosszabb t\u00e1v\u00fa projektekre fogj\u00e1k haszn\u00e1lni?<\/td>\n<\/tr>\n<tr>\n<td width=\"198\"><strong>L\u00e9tes\u00edtm\u00e9ny \u00e9s berendez\u00e9sek<\/strong><\/td>\n<td width=\"403\">Megfelel\u0151 m\u00e9ret\u0171ek \u00e9s min\u0151s\u00e9g\u0171ek-e az \u00e9p\u00fcletek? Sz\u00fcks\u00e9g van speci\u00e1lis t\u00e1rol\u00e1sra, p\u00e9ld\u00e1ul kl\u00edmaberendez\u00e9sre a helyis\u00e9gekben?<\/td>\n<\/tr>\n<tr>\n<td width=\"198\"><strong>K\u00f6lts\u00e9gek<\/strong><\/td>\n<td width=\"403\">Megfizethet\u0151 az orsz\u00e1gban dolgozni? Vannak-e kedvezm\u00e9nyek, p\u00e9ld\u00e1ul szabadkereskedelmi \u00f6vezetek vagy ad\u00f3mentess\u00e9g a seg\u00e9lyez\u00e9si munk\u00e1k eset\u00e9ben?<\/td>\n<\/tr>\n<tr>\n<td width=\"198\"><strong>Politikai stabilit\u00e1s<\/strong><\/td>\n<td width=\"403\">Stabil az orsz\u00e1g korm\u00e1nya, \u00e9s nem v\u00e1rhat\u00f3ak konfliktusok vagy politikai v\u00e1ltoz\u00e1sok?<\/td>\n<\/tr>\n<tr>\n<td width=\"198\"><strong>Technikai seg\u00edts\u00e9g<\/strong><\/td>\n<td width=\"403\">Vannak a k\u00f6zelben szakk\u00e9pzett munk\u00e1sok vagy c\u00e9gek, akik k\u00e9pesek a jav\u00edt\u00e1sokat elv\u00e9gezni \u00e9s a rakt\u00e1rat kezelni?<\/td>\n<\/tr>\n<\/tbody>\n<\/table>\n<p><strong>Region\u00e1lis\/Nemzetk\u00f6zi rakt\u00e1r m\u0171k\u00f6dtet\u00e9se<\/strong><\/p>\n<p>A region\u00e1lis vagy nemzetk\u00f6zi rakt\u00e1rak lehetnek egyedi \u00e9p\u00edt\u00e9s\u0171, k\u00e9pzett munkat\u00e1rsakkal rendelkez\u0151 l\u00e9tes\u00edtm\u00e9nyek vagy k\u00fcls\u0151 logisztikai szolg\u00e1ltat\u00f3k \u00e1ltal \u00fczemeltetett rakt\u00e1rak. Ide\u00e1lis esetben ezek a rakt\u00e1rak a hat\u00e9kony tervez\u00e9s \u00e9rdek\u00e9ben sz\u00e1m\u00edt\u00f3g\u00e9pes k\u00e9szletgazd\u00e1lkod\u00e1si eszk\u00f6z\u00f6ket haszn\u00e1lnak. Az ilyen rakt\u00e1rak m\u0171k\u00f6d\u00e9si k\u00f6rnyezet\u00e9nek stabilnak kell lennie, a k\u00f6lts\u00e9ghat\u00e9kony m\u0171k\u00f6d\u00e9sre \u00f6sszpontos\u00edtva. Sz\u00e1mos szervezet rendelkezik vil\u00e1gszerte k\u00f6zpontos\u00edtott rakt\u00e1rakkal, amelyek d\u00edjaz\u00e1s ellen\u00e9ben szolg\u00e1ltat\u00e1sokat ny\u00fajtanak m\u00e1s humanit\u00e1rius csoportoknak.<\/p>\n<p><strong>K\u00f6zponti rakt\u00e1r \u2013 Reag\u00e1l\u00e1si ter\u00fclet<\/strong><\/p>\n<p>A reag\u00e1l\u00e1si ter\u00fcleten sz\u00fcks\u00e9ges rakt\u00e1rak sz\u00e1ma \u00e9s helye a tev\u00e9kenys\u00e9gek mennyis\u00e9g\u00e9t\u0151l \u00e9s t\u00edpus\u00e1t\u00f3l, valamint a m\u0171k\u00f6d\u00e9si ter\u00fcletekt\u0151l f\u00fcgg. Sok reag\u00e1l\u00f3 szervezet el\u0151nyben r\u00e9szes\u00edti, ha legal\u00e1bb egy k\u00f6zponti rakt\u00e1rral rendelkezik az orsz\u00e1gban vagy a reag\u00e1l\u00e1si ter\u00fcleten.<\/p>\n<p>A v\u00e1laszad\u00f3 ter\u00fclet k\u00f6zponti rakt\u00e1ra jellemz\u0151en a f\u0151v\u00e1rosban vagy egy j\u00f3 infrastrukt\u00far\u00e1val rendelkez\u0151 nagyobb kereskedelmi k\u00f6zpontban tal\u00e1lhat\u00f3. Helye a szervezet ig\u00e9nyei \u00e9s reag\u00e1l\u00e1si c\u00e9ljai alapj\u00e1n v\u00e1ltozhat. Nagyobb ter\u00fclet lefed\u00e9se eset\u00e9n, vagy ahol sok a tev\u00e9kenys\u00e9g, a szervezeteknek t\u00f6bb helyen is sz\u00fcks\u00e9g\u00fck lehet nagy rakt\u00e1rakra. A k\u00f6zponti rakt\u00e1r \u00e1ltal\u00e1ban a tenger \u00e9s a rep\u00fcl\u0151terek, a gy\u00e1rt\u00f3\u00fczemek, a szakk\u00e9pzett munkaer\u0151 \u00e9s a sz\u00e1ll\u00edt\u00e1si szolg\u00e1ltat\u00e1sok k\u00f6zel\u00e9ben helyezkedik el. Ezt k\u00f6zvetlen\u00fcl az \u00fcgyn\u00f6ks\u00e9g kezelheti, vagy szerz\u0151dhetnek harmadik f\u00e9llel olyan ter\u00fcleteken, ahol elegend\u0151 kereskedelmi tev\u00e9kenys\u00e9g folyik.<\/p>\n<p>A k\u00f6zponti rakt\u00e1r az orsz\u00e1gba \u00e9rkez\u0151 \u00e1ruk fogad\u00e1s\u00e1nak \u00e9s a helyben v\u00e1s\u00e1rolt term\u00e9kek \u00f6sszegy\u0171jt\u00e9s\u00e9nek f\u0151 helysz\u00edne. A k\u00f6zponti rakt\u00e1roz\u00e1si strat\u00e9gia c\u00e9lja, hogy biztos\u00edtsa a seg\u00e9lycikkek folyamatos sz\u00e1ll\u00edt\u00e1s\u00e1t a t\u00e1voli vagy nehezen megk\u00f6zel\u00edthet\u0151 ter\u00fcletekre, mik\u00f6zben elegend\u0151 k\u00e9szletet tart fenn a kereslet kiel\u00e9g\u00edt\u00e9s\u00e9re. Egyes szervezetek a k\u00f6zponti rakt\u00e1rstrat\u00e9gia helyett a sz\u00e1ll\u00edt\u00f3k vagy nemzetk\u00f6zi kik\u00f6t\u0151k \u00e1ltal a helysz\u00edni rakt\u00e1rakba vagy eloszt\u00f3helyekre t\u00f6rt\u00e9n\u0151 k\u00f6zvetlen sz\u00e1ll\u00edt\u00e1st is v\u00e1laszthatj\u00e1k.<\/p>\n<p><strong>K\u00fcls\u0151 rakt\u00e1rak (field warehouses)<\/strong><\/p>\n<p>A k\u00fcls\u0151 rakt\u00e1rak \u00e1ltal\u00e1ban nem rendelkeznek ugyanolyan szint\u0171 infrastrukt\u00far\u00e1val, mint a k\u00f6zponti vagy nemzetk\u00f6zi rakt\u00e1rak. A t\u00e1rol\u00e1si felt\u00e9telek gyakran korl\u00e1tozottak, \u00e9s a speci\u00e1lis k\u00f6vetelm\u00e9nyek, p\u00e9ld\u00e1ul a h\u0151m\u00e9rs\u00e9klet-szab\u00e1lyoz\u00e1s miatt fejleszt\u00e9sekre lehet sz\u00fcks\u00e9g. A k\u00fcls\u0151 rakt\u00e1rakban a biztons\u00e1g komoly gondot jelent, \u00e9s sz\u00fcks\u00e9g lehet olyan extra int\u00e9zked\u00e9sekre, mint a ker\u00edt\u00e9s \u00e9s az \u0151r\u00f6k. A rakom\u00e1nyt jellemz\u0151en k\u00e9zzel mozgatj\u00e1k \u00e9s rakodj\u00e1k, minim\u00e1lis t\u00e1rol\u00f3eszk\u00f6zzel, p\u00e9ld\u00e1ul polcokkal.<\/p>\n<p>A k\u00fcls\u0151 rakt\u00e1rakban dolgoz\u00f3 munkaer\u0151 kev\u00e9s rakt\u00e1ri tapasztalattal rendelkez\u0151 alkalmi munkav\u00e1llal\u00f3kb\u00f3l \u00e1llhat, \u00e9s a lelt\u00e1roz\u00e1si rendszerek gyakran pap\u00edr alap\u00faak. Egy k\u00fcls\u0151 rakt\u00e1r fel\u00e1ll\u00edt\u00e1sa kaotikus \u00e9s ak\u00e1r vesz\u00e9lyes is lehet, k\u00fcl\u00f6n\u00f6sen s\u00fcrg\u0151s humanit\u00e1rius helyzetekben. Ez\u00e9rt a menedzsmentnek gyakorlatiasnak \u00e9s cselekv\u00e9sorient\u00e1ltnak kell lennie, a seg\u00e9lyek gyors \u00e9s hat\u00e9kony rendelkez\u00e9sre bocs\u00e1t\u00e1s\u00e1ra \u00f6sszpontos\u00edtva, ugynakkor biztos\u00edtva az elsz\u00e1moltathat\u00f3s\u00e1got.<\/p>\n<h2><a id=\"subH3-3\"><\/a>Logisztikai m\u0171veleti szakaszok a humanit\u00e1rius \u00e9lelmiszeroszt\u00e1s ter\u00fclet\u00e9n<\/h2>\n<p>Jelenleg a humanit\u00e1rius szervezetek sz\u00e1mos orsz\u00e1gban manu\u00e1lisan kezelik az \u00e9lelmiszer-sz\u00e1ll\u00edt\u00e1si folyamatokat, p\u00e9ld\u00e1ul az \u00e9lelmiszerk\u00e9szleteket \u00e9s a sz\u00e1ll\u00edt\u00e1si \u00fctemterveket, azok pap\u00edron t\u00f6rt\u00e9n\u0151 r\u00f6gz\u00edt\u00e9s\u00e9vel. Azok az inform\u00e1ci\u00f3k, amelyekkel a munkav\u00e1llal\u00f3knak vagy a vezet\u0151knek mindenkor tiszt\u00e1ban kell lenni\u00fck ahhoz, hogy fejl\u0151dni tudjanak, a k\u00f6vetkez\u0151k: a) az egyes l\u00e9tes\u00edtm\u00e9nyekben l\u00e9v\u0151 \u00e9lelmiszerk\u00e9szletek \u00e1llapot\u00e1nak val\u00f3s idej\u0171 ismerete, b) a sz\u00e1ll\u00edt\u00e1shoz az inform\u00e1ci\u00f3k megoszt\u00e1sa az \u00e9lelmiszerbank rendszer\u00e9n bel\u00fcl, ez\u00e1ltal jav\u00edtva a c) a munkaid\u0151t \u00e9s a hat\u00e9konys\u00e1got. A munkat\u00e1rsaknak ki kell sz\u00e1ll\u00edtaniuk az \u00e9telt, m\u00e9g akkor is, ha a sz\u00e1ll\u00edt\u00e1si \u00fatvonal hossz\u00fa \u00e9s nem a leghat\u00e9konyabb. R\u00e1ad\u00e1sul az \u00e9telkisz\u00e1ll\u00edt\u00e1si menetrendek k\u00e9zi megtervez\u00e9se a munkat\u00e1rsak sz\u00e1m\u00e1ra egyenl\u0151tlen feladatkioszt\u00e1st eredm\u00e9nyezhet. Ezek a probl\u00e9m\u00e1k az er\u0151forr\u00e1sok pazarl\u00e1s\u00e1t eredm\u00e9nyezhetik, mind az id\u0151, mind a p\u00e9nz\u00fcgyi kiad\u00e1sok tekintet\u00e9ben.<\/p>\n<p>Mivel az \u00e9lelmiszerk\u00e9szletek \u00e9s a mag\u00e1nszem\u00e9lyekt\u0151l \u00e9s\/vagy szervezetekt\u0151l k\u00e9rt \u00e9lelmiszerek mennyis\u00e9ge \u00e9s t\u00edpusa folyamatosan v\u00e1ltozik, alapvet\u0151 fontoss\u00e1g\u00fa, hogy a rendszerben l\u00e9v\u0151 \u00e9lelmiszerekkel kapcsolatos inform\u00e1ci\u00f3k folyamatosan friss\u00fcljenek, \u00e9s val\u00f3s id\u0151ben t\u00fckr\u00f6z\u0151djenek.<\/p>\n<p>Az \u00fczemeltet\u00e9si rendszer h\u00e1rom f\u0151 mechanizmusb\u00f3l \u00e1ll: a k\u00e9szletgazd\u00e1lkod\u00e1si mechanizmusb\u00f3l, a munkaid\u0151-kezel\u00e9si mechanizmusb\u00f3l \u00e9s a sz\u00e1ll\u00edt\u00e1skezel\u00e9si mechanizmusb\u00f3l.<\/p>\n<ol>\n<li>K\u00e9szletgazd\u00e1lkod\u00e1si mechanizmus<\/li>\n<\/ol>\n<p>A k\u00e9szletgazd\u00e1lkod\u00e1si mechanizmus felel\u0151s az egyes l\u00e9tes\u00edtm\u00e9nyek \u00e9lelmiszer-k\u00e9szleteire vonatkoz\u00f3 aktu\u00e1lis inform\u00e1ci\u00f3k t\u00e1rol\u00e1s\u00e1\u00e9rt \u00e9s fel\u00fcgyelet\u00e9\u00e9rt. Az egyes \u00e9lelmiszer-k\u00e9szletekre vonatkoz\u00f3 n\u00e9h\u00e1ny adatkomponens a k\u00f6vetkez\u0151:<\/p>\n<ol>\n<li>Az \u00e9lelmiszer neve<\/li>\n<li>Kateg\u00f3ria (pl. ital, konzerv, term\u00e9k, f\u0171szer stb.)<\/li>\n<\/ol>\n<p>iii.\u00a0\u00a0\u00a0\u00a0\u00a0\u00a0\u00a0\u00a0\u00a0 Lej\u00e1rati id\u0151<\/p>\n<ol>\n<li>Mennyis\u00e9g<\/li>\n<li>T\u00f6meg<\/li>\n<li>\u00c9rkez\u00e9s d\u00e1tuma<\/li>\n<\/ol>\n<p>vii.\u00a0\u00a0\u00a0\u00a0\u00a0\u00a0\u00a0\u00a0 A l\u00e9tes\u00edtm\u00e9ny, ahol az \u00e9lelmiszer tal\u00e1lhat\u00f3<\/p>\n<p>Az egyes \u00e9lelmiszerbankok munkat\u00e1rsai manu\u00e1lisan friss\u00edtik, hozz\u00e1adj\u00e1k \u00e9s t\u00f6rlik ezeket az inform\u00e1ci\u00f3kat, amikor a k\u00e9szlet \u00e1llapot\u00e1ban v\u00e1ltoz\u00e1s \u00e1ll be.<\/p>\n<ol>\n<li>Munkaid\u0151 kezel\u00e9si mechanizmus<\/li>\n<\/ol>\n<p>Ez a rendszermechanizmus kezeli a munkat\u00e1rsak munkaid\u0151-beoszt\u00e1s\u00e1t. Az inform\u00e1ci\u00f3 tartalmazza a munkat\u00e1rs nev\u00e9t, a feladatok nev\u00e9t, valamint az egyes feladatok kezd\u00e9si \u00e9s befejez\u00e9si idej\u00e9t. Ezen inform\u00e1ci\u00f3knak a rendszerbe t\u00f6rt\u00e9n\u0151 bevitel\u00e9vel &#8211; a lelt\u00e1rkezel\u00e9si mechanizmushoz hasonl\u00f3an &#8211; a munkat\u00e1rsak munkarendjei megoszt\u00e1sra \u00e9s friss\u00edt\u00e9sre ker\u00fclnek.<\/p>\n<ol>\n<li>Sz\u00e1ll\u00edt\u00e1skezel\u00e9si mechanizmus<\/li>\n<\/ol>\n<p>Ez a mechanizmus fel\u00fcgyeli az \u00e9lelmiszerbank valamennyi l\u00e9tes\u00edtm\u00e9ny\u00e9nek \u00e9lelmiszer-sz\u00e1ll\u00edt\u00e1si \u00fctemterv\u00e9t. Jelenleg a k\u00f6vetkez\u0151 r\u00e9szleteket tartalmazza:<\/p>\n<ol>\n<li>Az \u00e9lelmiszersz\u00e1ll\u00edtm\u00e1ny sz\u00e1rmaz\u00e1si helye<\/li>\n<li>Az \u00e9lelmiszersz\u00e1ll\u00edtm\u00e1ny rendeltet\u00e9si helye<\/li>\n<\/ol>\n<p>iii.\u00a0\u00a0\u00a0\u00a0\u00a0\u00a0\u00a0\u00a0\u00a0 Az \u00e9lelmiszer neve<\/p>\n<ol>\n<li>Mennyis\u00e9g<\/li>\n<li>A sz\u00e1ll\u00edt\u00e1s d\u00e1tuma \u00e9s id\u0151pontja<\/li>\n<li>Kijel\u00f6lt k\u00e9zbes\u00edt\u0151 munkat\u00e1rsak<\/li>\n<\/ol>\n<p>Miut\u00e1n az \u00e9lelmiszersz\u00e1ll\u00edt\u00e1s a rendszerbe bevitt \u00fctemterv szerint befejez\u0151d\u00f6tt, a sz\u00e1ll\u00edt\u00e1ssal kapcsolatos k\u00e9szletinform\u00e1ci\u00f3kat \u00e1ltal\u00e1ban k\u00e9zzel friss\u00edtik a k\u00fcl\u00f6nb\u00f6z\u0151 helysz\u00ednek k\u00f6z\u00f6tt.<\/p>\n<p>A humanit\u00e1rius szervezetek a k\u00fcl\u00f6nb\u00f6z\u0151 funkci\u00f3k \u00e9s folyamatok digitaliz\u00e1l\u00e1sa \u00e9rdek\u00e9ben szoftver- vagy inform\u00e1ci\u00f3s rendszerekkel foglalkoz\u00f3 v\u00e1llalatokkal egy\u00fcttm\u0171k\u00f6dve fejleszthetik folyamataikat. Az ilyen szoftverek haszn\u00e1lata seg\u00edthet az \u00fctemez\u00e9sben, az adatgy\u0171jt\u00e9sben \u00e9s az \u00e9lelmiszeroszt\u00e1s optimaliz\u00e1l\u00e1s\u00e1ban. Emellett a szoftverc\u00e9g \u00f6nk\u00e9ntes tev\u00e9kenys\u00e9get is v\u00e1llalhat, \u00e9s hum\u00e1ner\u0151forr\u00e1s-oszt\u00e1ly\u00e1n kereszt\u00fcl p\u00e9nzben is hozz\u00e1j\u00e1rulhat az \u00e9lelmiszergy\u0171jt\u0151 szervezet t\u00e1mogat\u00e1s\u00e1hoz.<\/p>\n<h2><a id=\"subH3-4\"><\/a>Az elj\u00e1r\u00e1sok nyomonk\u00f6vet\u00e9se. Az adom\u00e1nyoz\u00f3kn\u00e1l \u00e9s a j\u00f3t\u00e9konys\u00e1gi szervezetekn\u00e9l tett l\u00e1togat\u00e1sok \u00e9s protokollok nyomonk\u00f6vet\u00e9se.<\/h2>\n<p>A monitoring \u00e9s follow-up elj\u00e1r\u00e1sok d\u00f6nt\u0151 szerepet j\u00e1tszanak az \u00e1tl\u00e1that\u00f3s\u00e1g, az elsz\u00e1moltathat\u00f3s\u00e1g \u00e9s a hat\u00e9konys\u00e1g biztos\u00edt\u00e1s\u00e1ban az adom\u00e1nyok \u00e9s a j\u00f3t\u00e9konys\u00e1gi tev\u00e9kenys\u00e9gek kezel\u00e9se sor\u00e1n. A hat\u00e9kony monitoring protokollok bevezet\u00e9s\u00e9vel \u00e9s az adom\u00e1nyoz\u00f3k \u00e9s j\u00f3t\u00e9konys\u00e1gi szervezetek rendszeres ut\u00e1nk\u00f6vet\u00e9s\u00e9vel (follow-upj\u00e1val) a szervezetek er\u0151s\u00edthetik a kapcsolatokat, fenntarthatj\u00e1k az adom\u00e1nyoz\u00f3k bizalm\u00e1t, \u00e9s maximaliz\u00e1lhatj\u00e1k a j\u00f3t\u00e9konys\u00e1gi hozz\u00e1j\u00e1rul\u00e1sok hat\u00e1s\u00e1t. Ebben a k\u00e9pz\u00e9si anyagban az adom\u00e1nyoz\u00f3k menedzsel\u00e9s\u00e9vel \u00e9s a j\u00f3t\u00e9konys\u00e1gi tev\u00e9kenys\u00e9gekkel \u00f6sszef\u00fcgg\u00e9sben a monitoring elj\u00e1r\u00e1sok \u00e9s a follow-up l\u00e1togat\u00e1sok lefolytat\u00e1s\u00e1nak kulcsfontoss\u00e1g\u00fa strat\u00e9gi\u00e1it \u00e9s legjobb gyakorlatait t\u00e1rjuk fel.<\/p>\n<p><strong><em>A Monitoring Folyamatok Meg\u00e9rt\u00e9se<\/em><\/strong><\/p>\n<p>A monitoring elj\u00e1r\u00e1sok az adom\u00e1nyok \u00e9s j\u00f3t\u00e9konys\u00e1gi kezdem\u00e9nyez\u00e9sek kezel\u00e9s\u00e9vel kapcsolatos folyamatok \u00e9s tev\u00e9kenys\u00e9gek szisztematikus megfigyel\u00e9s\u00e9t, \u00e9rt\u00e9kel\u00e9s\u00e9t \u00e9s fel\u00fcgyelet\u00e9t foglalj\u00e1k magukban. Ez kiterjed az adom\u00e1nyok teljes \u00e9letciklus\u00e1nak nyomon k\u00f6vet\u00e9s\u00e9re, a hozz\u00e1j\u00e1rul\u00e1sok gy\u0171jt\u00e9s\u00e9t\u0151l a p\u00e9nzek kifizet\u00e9s\u00e9ig \u00e9s a j\u00f3t\u00e9konys\u00e1gi programok hat\u00e1s\u00e1nak \u00e9rt\u00e9kel\u00e9s\u00e9ig. A monitoring elj\u00e1r\u00e1sok seg\u00edtenek biztos\u00edtani a jogi \u00e9s etikai norm\u00e1knak val\u00f3 megfelel\u00e9st, azonos\u00edtani a lehets\u00e9ges kock\u00e1zatokat vagy elt\u00e9r\u00e9seket, \u00e9s nyomon k\u00f6vetni az er\u0151forr\u00e1sok felhaszn\u00e1l\u00e1s\u00e1nak hat\u00e9konys\u00e1g\u00e1t. Az egy\u00e9rtelm\u0171 monitoring protokollok kialak\u00edt\u00e1s\u00e1val a szervezetek idejekor\u00e1n felismerhetik a probl\u00e9m\u00e1kat, \u00e9s proakt\u00edv int\u00e9zked\u00e9seket hozhatnak azok kezel\u00e9s\u00e9re, ez\u00e1ltal fokozva az \u00e1tl\u00e1that\u00f3s\u00e1got \u00e9s az elsz\u00e1moltathat\u00f3s\u00e1got.<\/p>\n<p>A monitoringelj\u00e1r\u00e1sok kulcsfontoss\u00e1g\u00fa \u00f6sszetev\u0151i a k\u00f6vetkez\u0151k:<\/p>\n<ol>\n<li><strong>Dokument\u00e1ci\u00f3 \u00e9s Nyilv\u00e1ntart\u00e1s<\/strong>: A hat\u00e9kony ellen\u0151rz\u00e9si elj\u00e1r\u00e1sok alapja az alapos dokument\u00e1ci\u00f3 \u00e9s az \u00e1tfog\u00f3 nyilv\u00e1ntart\u00e1sok vezet\u00e9se. Ez mag\u00e1ban foglalja az adom\u00e1nyoz\u00e1ssal kapcsolatos tranzakci\u00f3k, kommunik\u00e1ci\u00f3 \u00e9s tev\u00e9kenys\u00e9gek minden l\u00e9nyeges r\u00e9szlet\u00e9nek szisztematikus r\u00f6gz\u00edt\u00e9s\u00e9t. A szabv\u00e1nyos\u00edtott dokument\u00e1ci\u00f3s elj\u00e1r\u00e1sok kialak\u00edt\u00e1s\u00e1val a szervezetek biztos\u00edtj\u00e1k az adom\u00e1nyoz\u00f3i inform\u00e1ci\u00f3k, az adom\u00e1nyok \u00e9s a kifizet\u00e9si nyilv\u00e1ntart\u00e1sok r\u00f6gz\u00edt\u00e9s\u00e9nek k\u00f6vetkezetess\u00e9g\u00e9t \u00e9s egy\u00e9rtelm\u0171s\u00e9g\u00e9t. A megfelel\u0151 eszk\u00f6z\u00f6k vagy rendszerek, p\u00e9ld\u00e1ul adom\u00e1nykezel\u0151 szoftverek vagy adatb\u00e1zisrendszerek haszn\u00e1lata egyszer\u0171s\u00edti a nyilv\u00e1ntart\u00e1si folyamatot, \u00e9s jav\u00edtja az inform\u00e1ci\u00f3k hozz\u00e1f\u00e9rhet\u0151s\u00e9g\u00e9t \u00e9s visszakereshet\u0151s\u00e9g\u00e9t.<\/li>\n<\/ol>\n<p>A pontos \u00e9s \u00e1tl\u00e1that\u00f3 nyilv\u00e1ntart\u00e1s nemcsak az \u00e1ttekinthet\u0151s\u00e9get \u00e9s az ellen\u0151rizhet\u0151s\u00e9get seg\u00edti el\u0151, hanem \u00e9rt\u00e9kes forr\u00e1sk\u00e9nt szolg\u00e1l az elemz\u00e9sekhez, a jelent\u00e9sekhez \u00e9s a d\u00f6nt\u00e9shozatalhoz is.<\/p>\n<ol start=\"2\">\n<li><strong>Rendszeres ellen\u0151rz\u00e9sek \u00e9s fel\u00fclvizsg\u00e1latok:<\/strong> Az adom\u00e1nyoz\u00e1si folyamatok \u00e9s p\u00e9nz\u00fcgyi nyilv\u00e1ntart\u00e1sok hat\u00e9konys\u00e1g\u00e1nak \u00e9s teljess\u00e9g\u00e9nek \u00e9rt\u00e9kel\u00e9s\u00e9hez elengedhetetlenek a rendszeres ellen\u0151rz\u00e9sek \u00e9s fel\u00fclvizsg\u00e1latok. A f\u00fcggetlen vagy bels\u0151 ellen\u0151r\u00f6k \u00e1ltal v\u00e9gzett bels\u0151 auditok a bels\u0151 ellen\u0151rz\u00e9seket, az ir\u00e1nyelveknek \u00e9s szab\u00e1lyzatoknak val\u00f3 megfelel\u00e9st \u00e9s a p\u00e9nz\u00fcgyi kimutat\u00e1sok pontoss\u00e1g\u00e1t vizsg\u00e1lj\u00e1k. A k\u00fcls\u0151 k\u00f6nyvvizsg\u00e1l\u00f3 c\u00e9gek vagy szab\u00e1lyoz\u00f3 szervek \u00e1ltal v\u00e9gzett k\u00fcls\u0151 ellen\u0151rz\u00e9sek a p\u00e9nz\u00fcgyi gyakorlatok \u00e9s a jogi \u00e9s szab\u00e1lyoz\u00e1si k\u00f6vetelm\u00e9nyek betart\u00e1s\u00e1nak p\u00e1rtatlan \u00e9rt\u00e9kel\u00e9s\u00e9t biztos\u00edtj\u00e1k. Ezek az ellen\u0151rz\u00e9sek felt\u00e1rj\u00e1k a szab\u00e1lytalans\u00e1gokat, hib\u00e1kat vagy elt\u00e9r\u00e9seket, lehet\u0151v\u00e9 t\u00e9ve a szervezetek sz\u00e1m\u00e1ra a probl\u00e9m\u00e1k azonnali orvosl\u00e1s\u00e1t \u00e9s a kontrollint\u00e9zked\u00e9sek elv\u00e9gz\u00e9s\u00e9t.<\/li>\n<\/ol>\n<p>Az adom\u00e1nyoz\u00e1si folyamatok \u00e9s a p\u00e9nz\u00fcgyi nyilv\u00e1ntart\u00e1sok rendszeres fel\u00fclvizsg\u00e1lata fokozza az elsz\u00e1moltathat\u00f3s\u00e1got, cs\u00f6kkenti a kock\u00e1zatokat, \u00e9s er\u0151s\u00edti a bizalmat a szervezet p\u00e9nz\u00fcgyi gyakorlataival szemben a stakeholderek k\u00f6r\u00e9ben.<\/p>\n<ol start=\"3\">\n<li><strong>Teljes\u00edtm\u00e9nym\u00e9r\u00e9sek \u00e9s jelent\u00e9st\u00e9tel<\/strong>: A j\u00f3t\u00e9konys\u00e1gi programok hat\u00e1s\u00e1nak \u00e9s hat\u00e9konys\u00e1g\u00e1nak \u00e9rt\u00e9kel\u00e9s\u00e9hez elengedhetetlen a teljes\u00edtm\u00e9nym\u00e9r\u00e9sek \u00e9s a jelent\u00e9st\u00e9teli mechanizmusok kialak\u00edt\u00e1sa. Egy\u00e9rtelm\u0171 c\u00e9lok \u00e9s m\u00e9rhet\u0151 mutat\u00f3k meghat\u00e1roz\u00e1s\u00e1val a szervezetek \u00e9rt\u00e9kelni tudj\u00e1k a program eredm\u00e9nyeit, nyomon k\u00f6vethetik az el\u0151rehalad\u00e1st, \u00e9s bizony\u00edtani tudj\u00e1k a szakmais\u00e1gukat az \u00e9rdekeltek fel\u00e9. A teljes\u00edtm\u00e9nymutat\u00f3k tartalmazhatnak mennyis\u00e9gi mutat\u00f3kat, mint p\u00e9ld\u00e1ul az ell\u00e1tott kedvezm\u00e9nyezettek sz\u00e1ma, az \u00f6sszegy\u0171jt\u00f6tt p\u00e9nzeszk\u00f6z\u00f6k vagy az el\u00e9rt eredm\u00e9nyek, valamint min\u0151s\u00e9gi mutat\u00f3kat, mint p\u00e9ld\u00e1ul a kedvezm\u00e9nyezettek el\u00e9gedetts\u00e9ge vagy a k\u00f6z\u00f6ss\u00e9gre gyakorolt hat\u00e1s. A program eredm\u00e9nyeir\u0151l sz\u00f3l\u00f3 rendszeres jelent\u00e9sek lehet\u0151v\u00e9 teszik a szervezetek sz\u00e1m\u00e1ra, hogy \u00e1tl\u00e1that\u00f3an \u00e9s hat\u00e9konyan kommunik\u00e1lj\u00e1k az eredm\u00e9nyeket az \u00e9rdekelt felek, k\u00f6zt\u00fck az adom\u00e1nyoz\u00f3k, az igazgat\u00f3tan\u00e1csi tagok, a szab\u00e1lyoz\u00f3 hat\u00f3s\u00e1gok \u00e9s a nyilv\u00e1noss\u00e1g fel\u00e9.<\/li>\n<\/ol>\n<p>Az el\u0151re meghat\u00e1rozott mutat\u00f3khoz viszony\u00edtott el\u0151rehalad\u00e1s nyomon k\u00f6vet\u00e9s\u00e9n alapul\u00f3, adatvez\u00e9relt d\u00f6nt\u00e9shozatal lehet\u0151v\u00e9 teszi a szervezetek sz\u00e1m\u00e1ra, hogy azonos\u00edts\u00e1k a fejlesztend\u0151 ter\u00fcleteket, strat\u00e9giailag ossz\u00e1k el az er\u0151forr\u00e1sokat, \u00e9s optimaliz\u00e1lj\u00e1k a programoz\u00e1si eredm\u00e9nyeket.<\/p>\n<h2><a id=\"subH3-5\"><\/a>Follow-up l\u00e1togat\u00e1sok lefolytat\u00e1sa a donor \u00e9s humanit\u00e1rius szervezetekn\u00e9l<\/h2>\n<p>Az adom\u00e1nyoz\u00f3khoz \u00e9s j\u00f3t\u00e9konys\u00e1gi szervezetekhez szervezett follow-up l\u00e1togat\u00e1sok j\u00f3 lehet\u0151s\u00e9get ny\u00fajtanak a kapcsolatok er\u0151s\u00edt\u00e9s\u00e9re, a hozz\u00e1j\u00e1rul\u00e1sok\u00e9rt val\u00f3 h\u00e1la kifejez\u00e9s\u00e9re \u00e9s a visszajelz\u00e9s gy\u0171jt\u00e9sre a j\u00f3t\u00e9konys\u00e1gi kezdem\u00e9nyez\u00e9sekkel kapcsolatban. Ezek a l\u00e1togat\u00e1sok szem\u00e9lyess\u00e9 teszik az adom\u00e1nyoz\u00f3kkal a kapcsolatot, \u00e9s bizony\u00edtj\u00e1k az \u00e1tl\u00e1that\u00f3s\u00e1g ir\u00e1nti elk\u00f6telezetts\u00e9g\u00fcnket. A follow-up l\u00e1togat\u00e1sok sor\u00e1n vegy\u00fck figyelembe a k\u00f6vetkez\u0151ket:<\/p>\n<ul>\n<li><strong>Felk\u00e9sz\u00fcl\u00e9s \u00e9s tervez\u00e9s:<\/strong> A follow-up l\u00e1togat\u00e1s \u00fctemez\u00e9se el\u0151tt elengedhetetlen, hogy id\u0151t sz\u00e1njunk az alapos el\u0151k\u00e9sz\u00edt\u00e9sre \u00e9s tervez\u00e9sre. Ez mag\u00e1ban foglalja az adom\u00e1nyoz\u00f3 szervezethez f\u0171z\u0151d\u0151 el\u0151zm\u00e9nyeinek \u00e1ttekint\u00e9s\u00e9t, bele\u00e9rtve a kor\u00e1bbi adom\u00e1nyokat, az interakci\u00f3kat \u00e9s az esetlegesen kinyilv\u00e1n\u00edtott k\u00fcl\u00f6nleges preferenci\u00e1kat vagy \u00e9rdekl\u0151d\u00e9si k\u00f6r\u00f6ket. Emellett gy\u0171jts\u00fcnk relev\u00e1ns inform\u00e1ci\u00f3kat a folyamatban l\u00e9v\u0151 j\u00f3t\u00e9konys\u00e1gi kezdem\u00e9nyez\u00e9sekr\u0151l vagy projektekr\u0151l, amelyek \u00f6sszhangban vannak az adom\u00e1nyoz\u00f3 j\u00f3t\u00e9konys\u00e1gi \u00e9rdekl\u0151d\u00e9s\u00e9vel. Hat\u00e1rozzuk meg vil\u00e1gosan a l\u00e1togat\u00e1s c\u00e9ljait \u00e9s napirendj\u00e9t, felv\u00e1zolva a konkr\u00e9t megbesz\u00e9lend\u0151 t\u00e9m\u00e1kat vagy k\u00e9rd\u00e9sk\u00f6r\u00f6ket. Ha j\u00f3l felk\u00e9sz\u00fclten \u00e9rkez\u00fcnk, az professzionalizmusr\u00f3l \u00e9s az adom\u00e1nyoz\u00f3 priorit\u00e1saira \u00e9s aggodalmaira val\u00f3 odafigyel\u00e9sr\u0151l tesz tan\u00fabizonys\u00e1got. Ezzel maximaliz\u00e1ljuk a l\u00e1togat\u00e1s hat\u00e9konys\u00e1g\u00e1t.<\/li>\n<li><strong>Hat\u00e9kony kommunik\u00e1ci\u00f3:<\/strong> A follow-up l\u00e1togat\u00e1s sor\u00e1n helyezz\u00fck el\u0151t\u00e9rbe az adom\u00e1nyoz\u00f3kkal \u00e9s a j\u00f3t\u00e9konys\u00e1gi szervezet k\u00e9pvisel\u0151ivel val\u00f3 tartalmas \u00e9s megnyer\u0151 kommunik\u00e1ci\u00f3t. Teremts\u00fcnk olyan bar\u00e1ts\u00e1gos \u00e9s k\u00e9nyelmes k\u00f6rnyezetet, amely \u00f6szt\u00f6nzi a ny\u00edlt p\u00e1rbesz\u00e9det \u00e9s el\u0151seg\u00edti a bizalmat. Sz\u00e1njunk id\u0151t arra, hogy figyelmesen meghallgassuk az adom\u00e1nyoz\u00f3 szempontjait, motiv\u00e1ci\u00f3it \u00e9s elv\u00e1r\u00e1sait a j\u00f3t\u00e9konys\u00e1gi adom\u00e1nyokkal kapcsolatban. B\u00e1tor\u00edtsuk \u0151ket arra, hogy ny\u00edltan ossz\u00e1k meg visszajelz\u00e9seiket, aggodalmaikat \u00e9s javaslataikat, \u00e9s minden k\u00e9rd\u00e9sre vagy megkeres\u00e9sre ny\u00edltan \u00e9s \u0151szint\u00e9n v\u00e1laszoljunk. A hat\u00e9kony kommunik\u00e1ci\u00f3 kapcsolatot \u00e9p\u00edt \u00e9s er\u0151s\u00edti azt, megalapozva ezzel a folyamatos elk\u00f6telez\u0151d\u00e9st \u00e9s t\u00e1mogat\u00e1st.<\/li>\n<li><strong>H\u00e1la \u00e9s elismer\u00e9s:<\/strong> Az adom\u00e1nyoz\u00f3k nagylelk\u0171s\u00e9g\u00e9\u00e9rt \u00e9s t\u00e1mogat\u00e1s\u00e1\u00e9rt val\u00f3 \u0151szinte megbecs\u00fcl\u00e9s \u00e9s elismer\u00e9s kifejez\u00e9se alapvet\u0151 fontoss\u00e1g\u00fa a follow-up l\u00e1togat\u00e1sok sor\u00e1n. Haszn\u00e1ljuk ki az alkalmat arra, hogy \u0151szint\u00e9n megk\u00f6sz\u00f6nj\u00fck az adom\u00e1nyoz\u00f3knak a hozz\u00e1j\u00e1rul\u00e1sukat \u00e9s a szervezet k\u00fcldet\u00e9s\u00e9re \u00e9s a kedvezm\u00e9nyezettekre gyakorolt pozit\u00edv hat\u00e1sukat. Szem\u00e9lyre szabott elismer\u00e9sben r\u00e9szes\u00edts\u00fck \u0151ket, amelyben hangs\u00falyozzuk fontoss\u00e1gukat \u00e9s az adom\u00e1nyaik r\u00e9v\u00e9n el\u00e9rt k\u00e9zzelfoghat\u00f3 eredm\u00e9nyeket. Osszunk meg konkr\u00e9t p\u00e9ld\u00e1kat vagy sikert\u00f6rt\u00e9neteket, amelyek bemutatj\u00e1k, hogyan hasznosult az adom\u00e1nyuk hozz\u00e1j\u00e1rul\u00e1suk, \u00e9s azzal milyen pozit\u00edv hat\u00e1st gyakoroltak m\u00e1sok \u00e9let\u00e9re. A h\u00e1la kifejez\u00e9s\u00e9vel meger\u0151s\u00edtj\u00fck a partners\u00e9g\u00fcnket, \u00e9s tov\u00e1bbi t\u00e1mogat\u00e1sra \u00f6szt\u00f6n\u00f6zz\u00fck az donorokat.<\/li>\n<li><strong>\u00a0<\/strong><strong>Visszajelz\u00e9sek gy\u0171jt\u00e9se \u00e9s cselekv\u00e9si terv: <\/strong>K\u00e9rj\u00fcnk visszajelz\u00e9st az adom\u00e1nyoz\u00f3kt\u00f3l \u00e9s a j\u00f3t\u00e9konys\u00e1gi szervezetek k\u00e9pvisel\u0151it\u0151l a szervezettel \u00e9s a j\u00f3t\u00e9konys\u00e1gi kezdem\u00e9nyez\u00e9sekkel kapcsolatos tapasztalataikr\u00f3l. B\u00e1tor\u00edtsuk \u0151ket, hogy ossz\u00e1k meg v\u00e9lem\u00e9ny\u00fcket, bele\u00e9rtve a fejleszt\u00e9si javaslatokat vagy azokat a ter\u00fcleteket, ahol tov\u00e1bbi t\u00e1mogat\u00e1sra lehet sz\u00fcks\u00e9g. A besz\u00e9lget\u00e9s sor\u00e1n a megl\u00e1t\u00e1sok \u00e9s \u00e9szrev\u00e9telek r\u00f6gz\u00edt\u00e9se \u00e9rdek\u00e9ben k\u00e9sz\u00edts\u00fcnk jegyzeteket. A l\u00e1togat\u00e1s ut\u00e1n gondosan tekints\u00fck \u00e1t a kapott visszajelz\u00e9seket, \u00e9s hat\u00e1rozzuk meg a jav\u00edt\u00e1sra vagy kiigaz\u00edt\u00e1sra ir\u00e1nyul\u00f3 megval\u00f3s\u00edthat\u00f3 l\u00e9p\u00e9seket. Haszn\u00e1ljuk fel a visszajelz\u00e9seket a strat\u00e9giai d\u00f6nt\u00e9shozatal, a programkiigaz\u00edt\u00e1sok \u00e9s a j\u00f6v\u0151beli adom\u00e1nygy\u0171jt\u00e9si kezdem\u00e9nyez\u00e9sek sor\u00e1n. Az\u00e1ltal, hogy az adom\u00e1nyoz\u00f3k \u00e9szrev\u00e9teleit be\u00e9p\u00edtj\u00fck a tervez\u00e9si folyamatokba, bizony\u00edtjuk, hogy fontos sz\u00e1munkra a v\u00e9lem\u00e9ny\u00fck \u00e9s elk\u00f6telezettek vagyunk a folyamatos fejleszt\u00e9s ir\u00e1nt. Ezzel el\u0151seg\u00edtj\u00fck az \u00e1tl\u00e1that\u00f3s\u00e1g \u00e9s az egy\u00fcttm\u0171k\u00f6d\u00e9s kult\u00far\u00e1j\u00e1t.<\/li>\n<\/ul>\n<p>Az\u00e1ltal, hogy az adom\u00e1nyoz\u00f3k hozz\u00e1j\u00e1rul\u00e1s\u00e1t be\u00e9p\u00edtj\u00fck a tervez\u00e9si folyamatokba, bizony\u00edtjuk, hogy fontos sz\u00e1munkra a v\u00e9lem\u00e9ny\u00fck \u00e9s elk\u00f6telezettek vagyunk a folyamatos fejleszt\u00e9s ir\u00e1nt, \u00e9s ezzel el\u0151seg\u00edtj\u00fck az \u00e1tl\u00e1that\u00f3s\u00e1g \u00e9s az egy\u00fcttm\u0171k\u00f6d\u00e9s kult\u00far\u00e1j\u00e1t.<\/p>\n<p>A hat\u00e9kony monitoring elj\u00e1r\u00e1sok \u00e9s follow-up l\u00e1togat\u00e1sok a sikeres donormenedzsment \u00e9s a j\u00f3t\u00e9konys\u00e1gi tev\u00e9kenys\u00e9gek alapvet\u0151 elemei. Hat\u00e9kony monitoring protokollok bevezet\u00e9s\u00e9vel \u00e9s rendszeres follow-up l\u00e1togat\u00e1sok lebonyol\u00edt\u00e1s\u00e1val a szervezetek biztos\u00edthatj\u00e1k az \u00e1tl\u00e1that\u00f3s\u00e1got, az elsz\u00e1moltathat\u00f3s\u00e1got \u00e9s az adom\u00e1nyoz\u00f3k el\u00e9gedetts\u00e9g\u00e9t. A donorok menedzsel\u00e9s\u00e9vel \u00e9s elk\u00f6telezetts\u00e9g\u00fck el\u0151t\u00e9rbe helyez\u00e9s\u00e9vel a szervezetek hossz\u00fa t\u00e1v\u00fa kapcsolatokat alak\u00edthatnak ki, folyamatos t\u00e1mogat\u00e1sra \u00f6szt\u00f6n\u00f6zhetnek, \u00e9s maximaliz\u00e1lhatj\u00e1k a j\u00f3t\u00e9konys\u00e1gi hozz\u00e1j\u00e1rul\u00e1sok hat\u00e1s\u00e1t.<\/p>\n<h2><a id=\"subH3-6\"><\/a>A j\u00f3t\u00e9konys\u00e1gi h\u00e1l\u00f3zat prom\u00f3ci\u00f3ja \u00e9s t\u00e1rsadalmi hat\u00e1s\u00e1nak maximaliz\u00e1l\u00e1sa<\/h2>\n<p>A j\u00f3t\u00e9konys\u00e1gi h\u00e1l\u00f3zat prom\u00f3ci\u00f3ja \u00e9s t\u00e1rsadalmi hat\u00e1s\u00e1nak maximaliz\u00e1l\u00e1sa alapvet\u0151 fontoss\u00e1g\u00fa a t\u00e1rsadalmi sz\u00fcks\u00e9gletek hat\u00e9kony kezel\u00e9s\u00e9hez \u00e9s az \u00e9rdemi \u00fcgyek t\u00e1mogat\u00e1s\u00e1hoz. Megfelel\u0151 kommunik\u00e1ci\u00f3s strat\u00e9gi\u00e1val \u00e9s az \u00e9rdekelt felek bevon\u00e1s\u00e1val a j\u00f3t\u00e9konys\u00e1gi szervezetek n\u00f6velhetik hat\u00f3k\u00f6r\u00fcket, mobiliz\u00e1lhatj\u00e1k az er\u0151forr\u00e1sokat \u00e9s pozit\u00edv v\u00e1ltoz\u00e1sokat \u00e9rhetnek el.<\/p>\n<p><strong><em>Digit\u00e1lis platformok lehet\u0151s\u00e9geinek kihaszn\u00e1l\u00e1sa<\/em><\/strong><\/p>\n<p>A digit\u00e1lisan vez\u00e9relt vil\u00e1gban a j\u00f3t\u00e9konys\u00e1gi szervezeteknek soha nem l\u00e1tott lehet\u0151s\u00e9geik vannak arra, hogy a k\u00fcl\u00f6nb\u00f6z\u0151 digit\u00e1lis platformokon kereszt\u00fcl vil\u00e1gszerte kapcsolatba l\u00e9pjenek a k\u00f6z\u00f6ns\u00e9ggel. Ezek a platformok messze t\u00falmutatnak a puszta k\u00f6z\u00f6ss\u00e9gi m\u00e9diafriss\u00edt\u00e9seken, \u00e9s dinamikus lehet\u0151s\u00e9geket k\u00edn\u00e1lnak az elk\u00f6telez\u0151d\u00e9sre \u00e9s a kapcsolatteremt\u00e9sre. A c\u00e9lzott hirdet\u00e9sek, az influencer partners\u00e9gek \u00e9s a strat\u00e9giai k\u00f6z\u00f6ss\u00e9gi m\u00e9diakamp\u00e1nyok seg\u00edts\u00e9g\u00e9vel a j\u00f3t\u00e9konys\u00e1gi szervezetek feler\u0151s\u00edthetik \u00fczeneteiket \u00e9s kisz\u00e9les\u00edthetik hat\u00e1sukat. A m\u00e9r\u0151sz\u00e1mok \u00e9s a k\u00f6vetkeztet\u00e9sek gondos elemz\u00e9s\u00e9vel a szervezetek finom\u00edthatj\u00e1k digit\u00e1lis strat\u00e9gi\u00e1ikat, biztos\u00edtva, hogy azok hat\u00e9konyan tal\u00e1ljanak visszhangra a c\u00e9lk\u00f6z\u00f6ns\u00e9g\u00fckn\u00e9l, \u00e9s \u00e9rdemi elk\u00f6telez\u0151d\u00e9st eredm\u00e9nyezzenek. A digit\u00e1lis platformok r\u00e9v\u00e9n a j\u00f3t\u00e9konys\u00e1gi szervezetek &#8211; a meggy\u0151z\u0151 tartalom kialak\u00edt\u00e1s\u00e1t\u00f3l kezdve az online k\u00f6z\u00f6ss\u00e9gek t\u00e1mogat\u00e1s\u00e1ig &#8211; \u00faj szintre emelhetik az \u00e9rdek\u00e9rv\u00e9nyes\u00edt\u0151 er\u0151fesz\u00edt\u00e9seiket \u00e9s t\u00e1rsadalmi hat\u00e1s\u00fa tev\u00e9kenys\u00e9geiket. (<strong>4. \u00e1bra<\/strong>)<\/p>\n<figure id=\"attachment_3716\" aria-describedby=\"caption-attachment-3716\" style=\"width: 452px\" class=\"wp-caption aligncenter\"><img loading=\"lazy\" decoding=\"async\" class=\"size-full wp-image-3716\" src=\"http:\/\/www.res-food.eu\/wp-content\/uploads\/2024\/07\/z7.jpg\" alt=\"4. \u00c1bra: Hagyom\u00e1nyos marketing vs. Digit\u00e1lis marketing\" width=\"452\" height=\"259\" srcset=\"https:\/\/www.res-food.eu\/wp-content\/uploads\/2024\/07\/z7.jpg 452w, https:\/\/www.res-food.eu\/wp-content\/uploads\/2024\/07\/z7-300x172.jpg 300w\" sizes=\"(max-width: 452px) 100vw, 452px\" \/><figcaption id=\"caption-attachment-3716\" class=\"wp-caption-text\">4. \u00c1bra: Hagyom\u00e1nyos marketing vs. Digit\u00e1lis marketing<\/figcaption><\/figure>\n<p><strong>Strat\u00e9giai partners\u00e9gek \u00e1pol\u00e1sa<\/strong><\/p>\n<p>A strat\u00e9giai partners\u00e9gek az alapja a j\u00f3t\u00e9konys\u00e1gi h\u00e1l\u00f3zat hat\u00f3k\u00f6r\u00e9nek \u00e9s befoly\u00e1s\u00e1nak. Ezek a partners\u00e9gek magukban foglalj\u00e1k a v\u00e1llalatokkal, m\u00e1s nonprofit szervezetekkel, korm\u00e1nyzati szervekkel \u00e9s k\u00f6z\u00f6ss\u00e9gi szervezetekkel val\u00f3 egy\u00fcttm\u0171k\u00f6d\u00e9st. Az er\u0151forr\u00e1sok, a szak\u00e9rtelem \u00e9s a h\u00e1l\u00f3zatok egyes\u00edt\u00e9s\u00e9vel a j\u00f3t\u00e9konys\u00e1gi szervezetek feler\u0151s\u00edthetik hangjukat, tov\u00e1bbi finansz\u00edroz\u00e1si forr\u00e1sokhoz juthatnak, \u00e9s k\u00f6z\u00f6s platformokat vehetnek ig\u00e9nybe az \u00e9rdek\u00e9rv\u00e9nyes\u00edt\u0151 \u00e9s figyelemfelkelt\u0151 kamp\u00e1nyaikhoz. E partners\u00e9gek ki\u00e9p\u00edt\u00e9s\u00e9hez \u00e9s \u00e1pol\u00e1s\u00e1hoz olyan kapcsolatokra van sz\u00fcks\u00e9g, amelyek a k\u00f6lcs\u00f6n\u00f6s bizalmon, a k\u00f6z\u00f6s \u00e9rt\u00e9keken \u00e9s a pozit\u00edv t\u00e1rsadalmi v\u00e1ltoz\u00e1sok el\u0151mozd\u00edt\u00e1sa ir\u00e1nti egys\u00e9ges elk\u00f6telezetts\u00e9gen alapulnak. A strat\u00e9giai sz\u00f6vets\u00e9gek r\u00e9v\u00e9n a j\u00f3t\u00e9konys\u00e1gi szervezetek kiterjeszthetik hat\u00f3k\u00f6r\u00fcket \u00e9s befoly\u00e1sukat, olyan \u00e1talak\u00edt\u00f3 kezdem\u00e9nyez\u00e9seket serkentve, amelyek megold\u00e1st k\u00edn\u00e1lnak a leg\u00e9get\u0151bb t\u00e1rsadalmi kih\u00edv\u00e1sokra.<\/p>\n<p>Az alulr\u00f3l j\u00f6v\u0151 \u00e9rdek\u00e9rv\u00e9nyes\u00edt\u00e9s t\u00e1mogat\u00e1sa<\/p>\n<p>Az alulr\u00f3l j\u00f6v\u0151 \u00e9rdek\u00e9rv\u00e9nyes\u00edt\u00e9s k\u00e9pess\u00e9 teszi a k\u00f6z\u00f6ss\u00e9geken bel\u00fcl az egy\u00e9nt arra, hogy t\u00e1mogat\u00e1st szerezzen \u00e9s \u00e9rdemi v\u00e1ltoz\u00e1st \u00e9rjen el alulr\u00f3l felfel\u00e9 \u00e9p\u00edtkezve. A j\u00f3t\u00e9konys\u00e1gi szervezetek kulcsszerepet j\u00e1tszanak az alulr\u00f3l j\u00f6v\u0151 \u00e9rdekv\u00e9d\u0151k meger\u0151s\u00edt\u00e9s\u00e9ben az\u00e1ltal, hogy ell\u00e1tj\u00e1k \u0151ket a sz\u00fcks\u00e9ges eszk\u00f6z\u00f6kkel, er\u0151forr\u00e1sokkal \u00e9s k\u00e9pz\u00e9sekkel, hogy hat\u00e9konyan kommunik\u00e1lhass\u00e1k \u00fczenet\u00fcket \u00e9s szerezzenek t\u00e1mogat\u00e1st. Ha arra \u00f6szt\u00f6n\u00f6zz\u00fck a t\u00e1mogat\u00f3inkat, hogy szervezzenek helyi rendezv\u00e9nyeket, adom\u00e1nygy\u0171jt\u0151 \u00e9s tudatoss\u00e1gn\u00f6vel\u0151 kamp\u00e1nyokat, az el\u0151seg\u00edti a k\u00f6z\u00f6ss\u00e9gi felel\u0151ss\u00e9gv\u00e1llal\u00e1st \u00e9s elk\u00f6telezetts\u00e9g \u00e9rz\u00e9s\u00e9t a j\u00f3t\u00e9konys\u00e1gi szervezet\u00fcnk k\u00fcldet\u00e9se ir\u00e1nt. Az alulr\u00f3l j\u00f6v\u0151 aktivizmus t\u00e1mogat\u00e1s\u00e1val a j\u00f3t\u00e9konys\u00e1gi szervezetek pozit\u00edv v\u00e1ltoz\u00e1sok kataliz\u00e1toraiv\u00e1 v\u00e1lhatnak. Ennek hat\u00e1sai messze t\u00falmutatnak a k\u00f6zvetlen h\u00e1l\u00f3zatukon, \u00e9s k\u00e9pess\u00e9 teszi az egy\u00e9neket arra, hogy saj\u00e1t k\u00f6z\u00f6ss\u00e9g\u00fckben a t\u00e1rsadalmi \u00e1talakul\u00e1s akt\u00edv szerepl\u0151iv\u00e9 v\u00e1ljanak.<\/p>\n<p>Meggy\u0151z\u0151 t\u00f6rt\u00e9netek megoszt\u00e1sa<\/p>\n<p>A hat\u00e9kony kommunik\u00e1ci\u00f3 k\u00f6z\u00e9ppontj\u00e1ban a t\u00f6rt\u00e9netmes\u00e9l\u00e9s m\u0171v\u00e9szete \u00e1ll. A j\u00f3t\u00e9konys\u00e1gi szervezeteknek arra kell t\u00f6rekedni\u00fck, hogy olyan meggy\u0151z\u0151 t\u00f6rt\u00e9neteket osszanak meg, amelyek m\u00e9lyen meg\u00e9rintik a k\u00f6z\u00f6ns\u00e9g\u00fcket, \u00e9rzelmeket, emp\u00e1ti\u00e1t \u00e9s cselekv\u00e9st v\u00e1ltanak ki. A szem\u00e9lyes anekdot\u00e1k, besz\u00e1mol\u00f3k \u00e9s sikert\u00f6rt\u00e9netek emberk\u00f6zeliv\u00e9 teszik a j\u00f3t\u00e9konys\u00e1gi szervezet k\u00fcldet\u00e9s\u00e9t, \u00e9s ez\u00e1ltal a t\u00e1mogat\u00f3k sz\u00e1m\u00e1ra hiteless\u00e9 \u00e9s inspir\u00e1l\u00f3v\u00e1 teszik azt. Az olyan multim\u00e9di\u00e1s form\u00e1tumok, mint a vide\u00f3k, podcastok \u00e9s infografik\u00e1k haszn\u00e1lata fokozza a t\u00f6rt\u00e9netmes\u00e9l\u00e9s \u00e9lm\u00e9ny\u00e9t, \u00e9s megragadja a k\u00f6z\u00f6ns\u00e9get az egyre zs\u00fafoltabb digit\u00e1lis k\u00f6rnyezetben.<\/p>\n<p>A munk\u00e1juk k\u00e9zzelfoghat\u00f3 hat\u00e1s\u00e1t bemutat\u00f3 hiteles t\u00f6rt\u00e9netek megoszt\u00e1s\u00e1val a j\u00f3t\u00e9konys\u00e1gi szervezetek tartalmas kapcsolatot alak\u00edthatnak ki a t\u00e1mogat\u00f3kkal, \u00e9s arra \u00f6szt\u00f6n\u00f6zhetik \u0151ket, hogy az \u00fcgy elk\u00f6telezett h\u00edveiv\u00e9 v\u00e1ljanak.<\/p>\n<figure id=\"attachment_3717\" aria-describedby=\"caption-attachment-3717\" style=\"width: 877px\" class=\"wp-caption aligncenter\"><img loading=\"lazy\" decoding=\"async\" class=\"size-full wp-image-3717\" src=\"http:\/\/www.res-food.eu\/wp-content\/uploads\/2024\/07\/Screenshot-2024-07-04-121132.png\" alt=\"5.\u00c1bra: A j\u00f3t\u00e9konys\u00e1gi kapcsolati h\u00e1l\u00f3 t\u00e1rsadalmi hat\u00e1sa\" width=\"877\" height=\"298\" srcset=\"https:\/\/www.res-food.eu\/wp-content\/uploads\/2024\/07\/Screenshot-2024-07-04-121132.png 877w, https:\/\/www.res-food.eu\/wp-content\/uploads\/2024\/07\/Screenshot-2024-07-04-121132-300x102.png 300w, https:\/\/www.res-food.eu\/wp-content\/uploads\/2024\/07\/Screenshot-2024-07-04-121132-768x261.png 768w\" sizes=\"(max-width: 877px) 100vw, 877px\" \/><figcaption id=\"caption-attachment-3717\" class=\"wp-caption-text\">5. \u00c1bra: A j\u00f3t\u00e9konys\u00e1gi kapcsolati h\u00e1l\u00f3 t\u00e1rsadalmi hat\u00e1sa<\/figcaption><\/figure>\n<p><strong><em>Kapcsolattart\u00e1s a hagyom\u00e1nyos m\u00e9di\u00e1val<\/em><\/strong><\/p>\n<p>A digit\u00e1lis platformok elterjed\u00e9se ellen\u00e9re a hagyom\u00e1nyos m\u00e9dia tov\u00e1bbra is hat\u00e9kony eszk\u00f6z a k\u00f6zv\u00e9lem\u00e9ny form\u00e1l\u00e1s\u00e1ban \u00e9s a tudatoss\u00e1g n\u00f6vel\u00e9s\u00e9ben. A j\u00f3t\u00e9konys\u00e1gi szervezeteknek sajt\u00f3k\u00f6zlem\u00e9nyek, m\u00e9diamegkeres\u00e9sek \u00e9s interj\u00falehet\u0151s\u00e9gek r\u00e9v\u00e9n akt\u00edvan r\u00e9szt kell venni\u00fck a hagyom\u00e1nyos m\u00e9di\u00e1val val\u00f3 kapcsolattart\u00e1sban. A l\u00e9nyeges t\u00e9m\u00e1kkal foglalkoz\u00f3 \u00fajs\u00e1g\u00edr\u00f3kkal \u00e9s riporterekkel val\u00f3 kapcsolatok \u00e1pol\u00e1sa megk\u00f6nny\u00edti a m\u00e9di\u00e1ban val\u00f3 megjelen\u00e9st, \u00e9s ez\u00e1ltal er\u0151s\u00edti a j\u00f3t\u00e9konys\u00e1gi szervezet \u00fczeneteinek \u00e9s hat\u00e1s\u00e1nak terjed\u00e9s\u00e9t. A hagyom\u00e1nyos m\u00e9diacsatorn\u00e1k integr\u00e1l\u00e1sa a digit\u00e1lis platformok mellett \u00e1tfog\u00f3 \u00e9s sokoldal\u00fa megold\u00e1st biztos\u00edt az inform\u00e1ci\u00f3k terjeszt\u00e9s\u00e9re \u00e9s a t\u00e1rsadalmi hat\u00e1s maximaliz\u00e1l\u00e1s\u00e1ra. A digit\u00e1lis \u00e9s a hagyom\u00e1nyos m\u00e9diacsatorn\u00e1k kihaszn\u00e1l\u00e1s\u00e1val a j\u00f3t\u00e9konys\u00e1gi szervezetek hat\u00e9konyan \u00e9rhetik el a k\u00fcl\u00f6nb\u00f6z\u0151 k\u00f6z\u00f6ns\u00e9geket, \u00e9s sz\u00e9lesebb k\u00f6r\u0171 pozit\u00edv v\u00e1ltoz\u00e1sokat id\u00e9zhetnek el\u0151.<\/p>\n<p>Ahhoz, hogy a j\u00f3t\u00e9konys\u00e1gi h\u00e1l\u00f3zat t\u00e1rsadalmi hat\u00e1s\u00e1t maximaliz\u00e1lni tudja, strat\u00e9giai \u00e9s proakt\u00edv er\u0151fesz\u00edt\u00e9sekre van sz\u00fcks\u00e9g a kommunik\u00e1ci\u00f3ban, az \u00e9rdekeltek bevon\u00e1s\u00e1ban \u00e9s a t\u00e1mogat\u00e1sszerz\u00e9sben egyar\u00e1nt. A digit\u00e1lis platformok kihaszn\u00e1l\u00e1s\u00e1val, a strat\u00e9giai partners\u00e9gek \u00e1pol\u00e1s\u00e1val, az alulr\u00f3l j\u00f6v\u0151 \u00e9rdek\u00e9rv\u00e9nyes\u00edt\u00e9s er\u0151s\u00edt\u00e9s\u00e9vel, a meggy\u0151z\u0151 t\u00f6rt\u00e9netek elmes\u00e9l\u00e9s\u00e9vel \u00e9s a hagyom\u00e1nyos m\u00e9di\u00e1val val\u00f3 kapcsolattart\u00e1ssal a j\u00f3t\u00e9konys\u00e1gi szervezetek kiterjeszthetik hat\u00f3k\u00f6r\u00fcket, cselekv\u00e9sre \u00f6szt\u00f6n\u00f6zhetnek, \u00e9s tart\u00f3s v\u00e1ltoz\u00e1sokat hozhatnak l\u00e9tre a k\u00f6z\u00f6ss\u00e9gekben. Az egy\u00fcttm\u0171k\u00f6d\u0151 \u00e9s innovat\u00edv megk\u00f6zel\u00edt\u00e9sek r\u00e9v\u00e9n a j\u00f3t\u00e9konys\u00e1gi szervezetek kihaszn\u00e1lhatj\u00e1k h\u00e1l\u00f3zataik kollekt\u00edv erej\u00e9t, hogy megoldj\u00e1k a s\u00fcrget\u0151 t\u00e1rsadalmi kih\u00edv\u00e1sokat \u00e9s jelent\u0151s hat\u00e1st \u00e9rjenek el.<\/p>\n<h2><a id=\"subH3-7\"><\/a>Hivatkoz\u00e1sok<\/h2>\n<ol>\n<li>Charities Regulator. (2017). Guidelines for charitable organisations on fundraising. <a href=\"https:\/\/www.charitiesregulator.ie\/media\/1083\/guidance-for-fundraising-english.pdf\">https:\/\/www.charitiesregulator.ie\/media\/1083\/guidance-for-fundraising-english.pdf<\/a><\/li>\n<li>(2012).\u00a0Connecting\u00a0with\u00a0donors. <a href=\"https:\/\/www.ngoconnect.net\/sites\/default\/files\/resources\/Part%203%20-%20Connecting%20with%20Donors.pdf\">https:\/\/www.ngoconnect.net\/sites\/default\/files\/resources\/Part%203%20-%20Connecting%20with%20Donors.pdf<\/a><\/li>\n<li><em>Donor Network<\/em>. (n.d.). [Business]. How Do You Grow Your Donor Network? Retrieved March 14, 2024, <a href=\"https:\/\/www.linkedin.com\/advice\/1\/how-do-you-grow-your-donor-network-skills-fundraising\">https:\/\/www.linkedin.com\/advice\/1\/how-do-you-grow-your-donor-network-skills-fundraising<\/a><\/li>\n<li>Ghahremani-Nahr, J., Ghaderi, A., &amp; Kian, R. (2023). A food bank network design examining food nutritional value and freshness: A multi objective robust fuzzy model. <em>Expert Systems with Applications<\/em>, <em>215<\/em>, 119272. <a href=\"https:\/\/doi.org\/10.1016\/j.eswa.2022.119272\">https:\/\/doi.org\/10.1016\/j.eswa.2022.119272<\/a><\/li>\n<li>Gonz\u00e1lez-Torre, P. L., &amp; Coque, J. (2016). From Food Waste to Donations: The Case of Marketplaces in Northern Spain. <em>Sustainability<\/em>, <em>8<\/em>(6), Article 6. <a href=\"https:\/\/doi.org\/10.3390\/su8060575\">https:\/\/doi.org\/10.3390\/su8060575<\/a><\/li>\n<li>Guet, I.-H. (2002). Monitoring fundraising &#8211; issue lab. <a href=\"https:\/\/www.issuelab.org\/resources\/16097\/16097.pdf\">https:\/\/www.issuelab.org\/resources\/16097\/16097.pdf<\/a><\/li>\n<li>Iiyama, T., Kitakoshi, D., &amp; Suzuki, M. (2021). An Approach for Creation of Logistics Management System for Food Banks Based on Reinforcement Learning. <em>Proceedings of the 4th International Conference on Information Science and Systems<\/em>, 60\u201367. <a href=\"https:\/\/doi.org\/10.1145\/3459955.3460601\">https:\/\/doi.org\/10.1145\/3459955.3460601<\/a><\/li>\n<li>Martins, C. L., Melo, M. T., &amp; Pato, M. V. (2019). Redesigning a food bank supply chain network in a triple bottom line context. <em>International Journal of Production\u00a0Economics<\/em>,\u00a0<em>214<\/em>,\u00a0234\u2013247. <a href=\"https:\/\/doi.org\/10.1016\/j.ijpe.2018.11.011\">https:\/\/doi.org\/10.1016\/j.ijpe.2018.11.011<\/a><\/li>\n<li>Reusken, M., Cruijssen, F., &amp; Fleuren, H. (2023). A food bank supply chain model: Optimizing investments to maximize food assistance. <em>International Journal of Production Economics<\/em>, <em>261<\/em>, 108886. <a href=\"https:\/\/doi.org\/10.1016\/j.ijpe.2023.108886\">https:\/\/doi.org\/10.1016\/j.ijpe.2023.108886<\/a><\/li>\n<li>Sundgren, C. (2022). Circular supply chain relationships for food redistribution. <em>Journal of Cleaner Production<\/em>, <em>336<\/em>, 130393. <a href=\"https:\/\/doi.org\/10.1016\/j.jclepro.2022.130393\">https:\/\/doi.org\/10.1016\/j.jclepro.2022.130393<\/a><\/li>\n<li>(2023, October 11). Considerations in Charity Logistics. <em>TUAID<\/em>. <a href=\"https:\/\/tuaid.org\/navigating-charity-logistics\/\">https:\/\/tuaid.org\/navigating-charity-logistics\/<\/a><\/li>\n<li>Wilke, Burkhard. (2003). Monitoring Charitable Organizations: Criteria and Assessment\u00a0Methods. <a style=\"font-size: 16px; background-color: #ffffff;\" href=\"https:\/\/www.researchgate.net\/publication\/228800092_Monitoring_Charitable_Organizations_Criteria_and_Assessment_Methods\">https:\/\/www.researchgate.net\/publication\/228800092_Monitoring_Charitable_Organizations_Criteria_and_Assessment_Methods<\/a><\/li>\n<\/ol>\n<h2><a id=\"subH3-8\"><\/a>Bemutatkoz\u00e1s<\/h2>\n<div class=\"ead-preview\"><div class=\"ead-document\" style=\"position: relative;\"><iframe src=\"\/\/view.officeapps.live.com\/op\/embed.aspx?src=https%3A%2F%2Fwww.res-food.eu%2Fwp-content%2Fuploads%2F2024%2F10%2FModule-3-Community-of-donors-Hungarian.pptx-copy.pptx\" title=\"Embedded Document\" class=\"ead-iframe\" style=\"width: 100%;height: 80%;border: none;min-height: 500px;\"><\/iframe><\/div><p class=\"embed_download\"><a href=\"https:\/\/www.res-food.eu\/wp-content\/uploads\/2024\/10\/Module-3-Community-of-donors-Hungarian.pptx-copy.pptx\" download >Let\u00f6lt\u00e9s [4.59 MB] <\/a><\/p><\/div>\n<h3 data-pm-slice=\"1 1 [&quot;orderedList&quot;,{&quot;order&quot;:1},&quot;listItem&quot;,null]\">Gratul\u00e1lunk a ReS-Food tanfolyam 3. modulj\u00e1nak elv\u00e9gz\u00e9s\u00e9hez. Ne felejtsd el megosztani az el\u00e9rt eredm\u00e9nyeidet a bar\u00e1taiddal!<\/h3>\n<div class=\"shariff\"><ul class=\"shariff-buttons theme-default orientation-horizontal buttonsize-medium\"><li class=\"shariff-button facebook shariff-nocustomcolor\" style=\"background-color:#4273c8\"><a href=\"https:\/\/www.facebook.com\/sharer\/sharer.php?u=https%3A%2F%2Fwww.res-food.eu%2Findex.php%2Fonline-training-humanitarian%2F%3Flesson%3D4\" title=\"Share on Facebook\" aria-label=\"Share on Facebook\" role=\"button\" rel=\"nofollow\" class=\"shariff-link\" style=\"; background-color:#3b5998; color:#fff\" target=\"_blank\"><span class=\"shariff-icon\" style=\"\"><svg width=\"32px\" height=\"20px\" xmlns=\"http:\/\/www.w3.org\/2000\/svg\" viewBox=\"0 0 18 32\"><path fill=\"#3b5998\" d=\"M17.1 0.2v4.7h-2.8q-1.5 0-2.1 0.6t-0.5 1.9v3.4h5.2l-0.7 5.3h-4.5v13.6h-5.5v-13.6h-4.5v-5.3h4.5v-3.9q0-3.3 1.9-5.2t5-1.8q2.6 0 4.1 0.2z\"\/><\/svg><\/span><span class=\"shariff-text\">share<\/span>&nbsp;<\/a><\/li><li class=\"shariff-button linkedin shariff-nocustomcolor\" style=\"background-color:#1488bf\"><a href=\"https:\/\/www.linkedin.com\/sharing\/share-offsite\/?url=https%3A%2F%2Fwww.res-food.eu%2Findex.php%2Fonline-training-humanitarian%2F%3Flesson%3D4\" title=\"Share on LinkedIn\" aria-label=\"Share on LinkedIn\" role=\"button\" rel=\"noopener nofollow\" class=\"shariff-link\" style=\"; background-color:#0077b5; color:#fff\" target=\"_blank\"><span class=\"shariff-icon\" style=\"\"><svg width=\"32px\" height=\"20px\" xmlns=\"http:\/\/www.w3.org\/2000\/svg\" viewBox=\"0 0 27 32\"><path fill=\"#0077b5\" d=\"M6.2 11.2v17.7h-5.9v-17.7h5.9zM6.6 5.7q0 1.3-0.9 2.2t-2.4 0.9h0q-1.5 0-2.4-0.9t-0.9-2.2 0.9-2.2 2.4-0.9 2.4 0.9 0.9 2.2zM27.4 18.7v10.1h-5.9v-9.5q0-1.9-0.7-2.9t-2.3-1.1q-1.1 0-1.9 0.6t-1.2 1.5q-0.2 0.5-0.2 1.4v9.9h-5.9q0-7.1 0-11.6t0-5.3l0-0.9h5.9v2.6h0q0.4-0.6 0.7-1t1-0.9 1.6-0.8 2-0.3q3 0 4.9 2t1.9 6z\"\/><\/svg><\/span><span class=\"shariff-text\">share<\/span>&nbsp;<\/a><\/li><li class=\"shariff-button twitter shariff-nocustomcolor\" style=\"background-color:#595959\"><a href=\"https:\/\/twitter.com\/share?url=https%3A%2F%2Fwww.res-food.eu%2Findex.php%2Fonline-training-humanitarian%2F%3Flesson%3D4&text=MODUL%203%3A%20ADOM%C3%81NYOZ%C3%93K%20K%C3%96Z%C3%96SS%C3%89GE\" title=\"Share on X\" aria-label=\"Share on X\" role=\"button\" rel=\"noopener nofollow\" class=\"shariff-link\" style=\"; background-color:#000; color:#fff\" target=\"_blank\"><span class=\"shariff-icon\" style=\"\"><svg width=\"32px\" height=\"20px\" xmlns=\"http:\/\/www.w3.org\/2000\/svg\" viewBox=\"0 0 24 24\"><path fill=\"#000\" d=\"M14.258 10.152L23.176 0h-2.113l-7.747 8.813L7.133 0H0l9.352 13.328L0 23.973h2.113l8.176-9.309 6.531 9.309h7.133zm-2.895 3.293l-.949-1.328L2.875 1.56h3.246l6.086 8.523.945 1.328 7.91 11.078h-3.246zm0 0\"\/><\/svg><\/span><span class=\"shariff-text\">share<\/span>&nbsp;<\/a><\/li><\/ul><\/div>\n","protected":false},"template":"","meta":{"_exactmetrics_skip_tracking":false,"_exactmetrics_sitenote_active":false,"_exactmetrics_sitenote_note":"","_exactmetrics_sitenote_category":0,"site-sidebar-layout":"default","site-content-layout":"","ast-site-content-layout":"default","site-content-style":"default","site-sidebar-style":"default","ast-global-header-display":"","ast-banner-title-visibility":"","ast-main-header-display":"","ast-hfb-above-header-display":"","ast-hfb-below-header-display":"","ast-hfb-mobile-header-display":"","site-post-title":"","ast-breadcrumbs-content":"","ast-featured-img":"","footer-sml-layout":"","theme-transparent-header-meta":"default","adv-header-id-meta":"","stick-header-meta":"","header-above-stick-meta":"","header-main-stick-meta":"","header-below-stick-meta":"","astra-migrate-meta-layouts":"set","ast-page-background-enabled":"default","ast-page-background-meta":{"desktop":{"background-color":"var(--ast-global-color-4)","background-image":"","background-repeat":"repeat","background-position":"center center","background-size":"auto","background-attachment":"scroll","background-type":"","background-media":"","overlay-type":"","overlay-color":"","overlay-opacity":"","overlay-gradient":""},"tablet":{"background-color":"","background-image":"","background-repeat":"repeat","background-position":"center center","background-size":"auto","background-attachment":"scroll","background-type":"","background-media":"","overlay-type":"","overlay-color":"","overlay-opacity":"","overlay-gradient":""},"mobile":{"background-color":"","background-image":"","background-repeat":"repeat","background-position":"center center","background-size":"auto","background-attachment":"scroll","background-type":"","background-media":"","overlay-type":"","overlay-color":"","overlay-opacity":"","overlay-gradient":""}},"ast-content-background-meta":{"desktop":{"background-color":"var(--ast-global-color-5)","background-image":"","background-repeat":"repeat","background-position":"center center","background-size":"auto","background-attachment":"scroll","background-type":"","background-media":"","overlay-type":"","overlay-color":"","overlay-opacity":"","overlay-gradient":""},"tablet":{"background-color":"var(--ast-global-color-5)","background-image":"","background-repeat":"repeat","background-position":"center center","background-size":"auto","background-attachment":"scroll","background-type":"","background-media":"","overlay-type":"","overlay-color":"","overlay-opacity":"","overlay-gradient":""},"mobile":{"background-color":"var(--ast-global-color-5)","background-image":"","background-repeat":"repeat","background-position":"center center","background-size":"auto","background-attachment":"scroll","background-type":"","background-media":"","overlay-type":"","overlay-color":"","overlay-opacity":"","overlay-gradient":""}}},"class_list":["post-2775","mathima","type-mathima","status-publish","hentry","course-training-humanitarian-hungarian"],"_links":{"self":[{"href":"https:\/\/www.res-food.eu\/index.php\/wp-json\/wp\/v2\/mathima\/2775","targetHints":{"allow":["GET"]}}],"collection":[{"href":"https:\/\/www.res-food.eu\/index.php\/wp-json\/wp\/v2\/mathima"}],"about":[{"href":"https:\/\/www.res-food.eu\/index.php\/wp-json\/wp\/v2\/types\/mathima"}],"wp:attachment":[{"href":"https:\/\/www.res-food.eu\/index.php\/wp-json\/wp\/v2\/media?parent=2775"}],"curies":[{"name":"wp","href":"https:\/\/api.w.org\/{rel}","templated":true}]}}