{"id":2776,"date":"2024-06-21T03:48:59","date_gmt":"2024-06-21T03:48:59","guid":{"rendered":"https:\/\/www.res-food.eu\/?post_type=mathima&#038;p=2776"},"modified":"2024-10-25T12:58:32","modified_gmt":"2024-10-25T12:58:32","slug":"m4-best-practices-hungarian","status":"publish","type":"mathima","link":"https:\/\/www.res-food.eu\/index.php\/lesson\/m4-best-practices-hungarian\/","title":{"rendered":"MODUL 4: J\u00d3GYAKORLATOK"},"content":{"rendered":"<h1>MODUL 4: J\u00d3GYAKORLATOK<\/h1>\n<h2><a id=\"subH4-1\"><\/a>Donormendezsment az \u00c9lelmiszeradom\u00e1nyoz\u00e1sban<\/h2>\n<p>A donormendzsment az \u00e9lelmiszeradom\u00e1nyoz\u00e1sban a donorokkal val\u00f3 etikus \u00e9s felel\u0151ss\u00e9gteljes kapcsolattart\u00e1st jelenti, melynek c\u00e9lja a a bizalom fenntart\u00e1sa, az el\u00e9gedetts\u00e9g biztos\u00edt\u00e1sa \u00e9s a hossz\u00fa t\u00e1v\u00fa partners\u00e9gek kialak\u00edt\u00e1sa.<\/p>\n<p><img fetchpriority=\"high\" decoding=\"async\" class=\"size-full wp-image-2889 aligncenter\" src=\"http:\/\/www.res-food.eu\/wp-content\/uploads\/2024\/06\/Picture1-5.jpg\" alt=\"\" width=\"362\" height=\"239\" srcset=\"https:\/\/www.res-food.eu\/wp-content\/uploads\/2024\/06\/Picture1-5.jpg 362w, https:\/\/www.res-food.eu\/wp-content\/uploads\/2024\/06\/Picture1-5-300x198.jpg 300w\" sizes=\"(max-width: 362px) 100vw, 362px\" \/><\/p>\n<p>A donormenedzsment mag\u00e1ban foglalja az adom\u00e1nyoz\u00f3i kapcsolatok gondos \u00e1pol\u00e1s\u00e1t a hat\u00e9kony kommunik\u00e1ci\u00f3, \u00e1tl\u00e1that\u00f3s\u00e1g \u00e9s nyomon k\u00f6vethet\u0151s\u00e9g r\u00e9v\u00e9n.\u00a0 A donormenedzsment elveinek \u00e9s gyakorlatainak meg\u00e9rt\u00e9se elengedhetetlen ahhoz, hogy a j\u00f3t\u00e1konys\u00e1gi szervezetek megtarthass\u00e1k az adom\u00e1nyoz\u00f3ikat \u00e9s maximaliz\u00e1lni tudj\u00e1k a donorok t\u00e1mogat\u00e1s\u00e1t.<\/p>\n<p>Az \u00e9lelmiszeradom\u00e1nyoz\u00e1sban a hat\u00e9kony donormenedzsment<strong><em> az adom\u00e1nyoz\u00f3k \u00e9s hozz\u00e1j\u00e1rul\u00e1suk fontoss\u00e1g\u00e1nak elismer\u00e9s\u00e9vel kezd\u0151dik. <\/em><\/strong>Az adom\u00e1nyoz\u00f3k d\u00f6nt\u0151 szerepet j\u00e1tszanak az \u00e9lelmiszer-biztons\u00e1g probl\u00e9m\u00e1j\u00e1nak kezel\u00e9s\u00e9ben \u00e9s az \u00e9lelmiszer-pazarl\u00e1s cs\u00f6kkent\u00e9s\u00e9ben az\u00e1ltal, hogy a felesleges \u00e9lelmiszereket \u00fajraelosztj\u00e1k. Az <strong><em>adom\u00e1nyoz\u00f3k nagylelk\u0171s\u00e9g\u00e9nek elismer\u00e9s\u00e9vel<\/em><\/strong> \u00e9s a t\u00e1mogat\u00e1suk ir\u00e1nti megbecs\u00fcl\u00e9s\u00fck kimutat\u00e1s\u00e1val a <strong><em>j\u00f3t\u00e9konys\u00e1gi szervezetek er\u0151s\u00edthetik a kapcsolataikat \u00e9s \u00f6szt\u00f6n\u00f6zhetik a tov\u00e1bbi elk\u00f6telez\u0151d\u00e9st.<\/em><\/strong><\/p>\n<p>Az <strong>\u00e1tl\u00e1that\u00f3s\u00e1g<\/strong> a donormenedzsment alapvet\u0151 szempontja, mivel az adom\u00e1nyoz\u00f3k \u0151szintes\u00e9get \u00e9s nyitotts\u00e1got v\u00e1rnak el a j\u00f3t\u00e9konys\u00e1gi szervezetekt\u0151l. Ha vil\u00e1gos \u00e9s pontos t\u00e1j\u00e9koztat\u00e1st ny\u00fajtunk arr\u00f3l, hogy az adom\u00e1nyozott \u00e9lelmiszereket hogyan haszn\u00e1ljuk fel, hogyan osztjuk sz\u00e9t, \u00e9s azok hogyan hatnak a k\u00f6z\u00f6ss\u00e9gekre, az n\u00f6veli a szervezet\u00fcnkbe vetett bizalmat. Az \u00e1tl\u00e1that\u00f3s\u00e1ghoz hozz\u00e1tartozik, hogy felfedj\u00fck a szervezet\u00fcnk \u00e1ltal tapasztalat kih\u00edv\u00e1sokat \u00e9s korl\u00e1tokat is, valamint hogy proakt\u00edv m\u00f3don kezelj\u00fck a donorok agg\u00e1lyait.<\/p>\n<p>Az \u00e9lelmiszer-adom\u00e1nyoz\u00e1s sor\u00e1n a <strong>kommunik\u00e1ci\u00f3 <\/strong>a hat\u00e9kony donormenedzsment kulcsa. A j\u00f3t\u00e9konys\u00e1gi szervezeteknek \u0151szint\u00e9n kell kommunik\u00e1lniuk az adom\u00e1nyoz\u00f3kkal, folyamatosan t\u00e1j\u00e9koztatva \u0151ket a szervezet tev\u00e9kenys\u00e9geir\u0151l, eredm\u00e9nyeir\u0151l \u00e9s hat\u00e1s\u00e1r\u00f3l. A rendszeres <strong><em>t\u00e1j\u00e9koztat\u00e1s, h\u00edrlevelek \u00e9s jelent\u00e9sek <\/em><\/strong>el\u0151seg\u00edtik, hogy a donorok folyamatosan elk\u00f6telezettek maradjanak a k\u00fcldet\u00e9s\u00fcnk ir\u00e1nt, \u00e9s \u00e9rezz\u00e9k, hogy adom\u00e1nyaikat megbecs\u00fclj\u00fck. Emellett az adom\u00e1nyoz\u00f3i megkeres\u00e9sekre \u00e9s visszajelz\u00e9sekre adott gyors v\u00e1laszad\u00e1s azt mutatja, hogy odafigyel\u00fcnk \u00e9s tiszteletben tartjuk az adom\u00e1nyoz\u00f3k v\u00e9lem\u00e9ny\u00e9t.<\/p>\n<h3>Bizalom \u2013\u00e9s kapcsolat\u00e9p\u00edt\u00e9s az adom\u00e1nyoz\u00f3kkal<\/h3>\n<p>Az \u00e9lelmiszer-adom\u00e1nyoz\u00f3kkal val\u00f3 <strong><em>bizalom <\/em><\/strong>\u00e9s kapcsolat <strong><em>ki\u00e9p\u00edt\u00e9se<\/em><\/strong> alapvet\u0151 fontoss\u00e1g\u00fa az er\u0151s \u00e9s tart\u00f3s egy\u00fcttm\u0171k\u00f6d\u00e9sek kialak\u00edt\u00e1s\u00e1hoz. A bizalom minden sikeres partners\u00e9g alapja, \u00e9s a j\u00f3t\u00e9konys\u00e1gi szervezeteknek alaposan meg kell dolgozniuk az adom\u00e1nyoz\u00f3k bizalm\u00e1nak elnyer\u00e9s\u00e9\u00e9rt \u00e9s fenntart\u00e1s\u00e1\u00e9rt. A bizalmat olyan k\u00f6vetkezetes cselekedetekkel lehet ki\u00e9p\u00edteni, amelyek bizony\u00edtj\u00e1k integrit\u00e1sunkat, megb\u00edzhat\u00f3s\u00e1gunkat \u00e9s felel\u0151ss\u00e9gtudatunkat.<\/p>\n<p><strong><em>A kommunik\u00e1ci\u00f3 \u00e9s a k\u00f6vetkezetes viselked\u00e9s<\/em><\/strong> kulcsfontoss\u00e1g\u00fa az adom\u00e1nyoz\u00f3k bizalm\u00e1nak elnyer\u00e9s\u00e9hez. A j\u00f3t\u00e9konys\u00e1gi szervezeteknek be kell tartaniuk \u00edg\u00e9reteiket \u00e9s k\u00f6telezetts\u00e9gv\u00e1llal\u00e1saikat, biztos\u00edtva, hogy az adom\u00e1nyozott \u00e9lelmiszereket felel\u0151ss\u00e9gteljesen kezelik \u00e9s hat\u00e9konyan osztj\u00e1k sz\u00e9t. Az elv\u00e1r\u00e1sok k\u00f6vetkezetes teljes\u00edt\u00e9s\u00e9vel \u00e9s a pozit\u00edv eredm\u00e9nyek el\u00e9r\u00e9s\u00e9vel a j\u00f3t\u00e9konys\u00e1gi szervezetek bizalmat \u00e9s hiteless\u00e9get \u00e9p\u00edthetnek az adom\u00e1nyoz\u00f3k k\u00f6r\u00e9ben.<\/p>\n<p>Az<em> <strong>\u00e1tl\u00e1that\u00f3s\u00e1g<\/strong> <\/em>egy m\u00e1sik kulcsfontoss\u00e1g\u00fa eleme az adom\u00e1nyoz\u00f3kkal val\u00f3 bizalom\u00e9p\u00edt\u00e9snek. A j\u00f3t\u00e9konys\u00e1gi szervezeteknek \u00e1tl\u00e1that\u00f3nak kell lenni\u00fck <em>m\u0171k\u00f6d\u00e9s\u00fckkel, p\u00e9nz\u00fcgyeikkel \u00e9s hat\u00e1sukkal kapcsolatban, vil\u00e1gos \u00e9s pontos t\u00e1j\u00e9koztat\u00e1st ny\u00fajtva az adom\u00e1nyoz\u00f3knak arr\u00f3l, hogy adom<\/em><em style=\"font-size: 16px;\">\u00e1nyaikat hogyan haszn\u00e1lj\u00e1k fel. <\/em><span style=\"font-size: 16px;\">Az \u00e1tl\u00e1that\u00f3s\u00e1g bizalmat \u00e9p\u00edt az\u00e1ltal, hogy a szervezet tev\u00e9kenys\u00e9g\u00e9nek minden aspektus\u00e1ban \u0151szintes\u00e9get, nyitotts\u00e1got \u00e9s elsz\u00e1moltathat\u00f3s\u00e1got sugall.<\/span><\/p>\n<p>A <strong><em>szem\u00e9lyes kapcsolatok<\/em><\/strong> elengedhetetlenek az adom\u00e1nyoz\u00f3kkal va<span style=\"font-size: 16px;\">l\u00f3 sikeres kapcsolat\u00e9p\u00edt\u00e9shez. A j\u00f3t\u00e9konys\u00e1gi szervezeteknek id\u0151t kell sz\u00e1nniuk arra, hogy megismerj\u00e9k adom\u00e1nyoz\u00f3ikat, meg\u00e9rts\u00e9k motiv\u00e1ci\u00f3ikat \u00e9s preferenci\u00e1ikat, \u00e9s ennek megfelel\u0151en alak\u00edts\u00e1k ki donormenedzsmentj\u00fcket. Az adom\u00e1nyoz\u00f3kkal val\u00f3 szem\u00e9lyes kapcsolatok ki\u00e9p\u00edt\u00e9se seg\u00edti a k\u00f6t\u0151d\u00e9s \u00e9s a lojalit\u00e1s \u00e9rz\u00e9s\u00e9nek kialak\u00edt\u00e1s\u00e1t, ami el\u0151seg\u00edti a hossz\u00fa t\u00e1v\u00fa elk\u00f6telezetts\u00e9get \u00e9s t\u00e1mogat\u00e1st.<\/span><\/p>\n<h2><a id=\"subH4-2\"><\/a>Ny\u00fajtsunk \u00e9rt\u00e9ket a donornak!<\/h2>\n<p>Az \u00e9lelmiszeradom\u00e1nyoz\u00f3knak ny\u00fajtott \u00e9rt\u00e9k t\u00f6bb, kell, hogy legyen, mint csup\u00e1n az adom\u00e1nyok elfogad\u00e1sa. \u00a0Az adom\u00e1nyoz\u00f3k sz\u00e1m\u00e1ra olyan hasznot hoz\u00f3 el\u0151ny\u00f6ket \u00e9s szolg\u00e1ltat\u00e1sokat kell biztos\u00edtanunk, amelyek jav\u00edtj\u00e1k az adom\u00e1nyoz\u00e1s \u00e9lm\u00e9ny\u00e9t, \u00e9s kifejezik a t\u00e1mogat\u00e1suk\u00e9rt \u00e9rzett megbecs\u00fcl\u00e9s\u00fcnket. A j\u00f3t\u00e9konys\u00e1gi szervezetek t\u00f6bbf\u00e9le m\u00f3don is \u00e9rt\u00e9ket ny\u00fajthatnak az adom\u00e1nyoz\u00f3knak, p\u00e9ld\u00e1ul <strong><em>logisztikai t\u00e1mogat\u00e1ssal, ka<\/em><\/strong><strong style=\"font-size: 16px;\"><em>pcsolat\u00e9p\u00edt\u00e9si lehet\u0151s\u00e9gekkel \u00e9s a hozz\u00e1j\u00e1rul\u00e1suk\u00e9rt j\u00e1r\u00f3 elismer\u00e9ssel.<\/em><\/strong><\/p>\n<p><img decoding=\"async\" class=\"size-full wp-image-2890 aligncenter\" style=\"font-weight: inherit;\" src=\"http:\/\/www.res-food.eu\/wp-content\/uploads\/2024\/06\/Picture2-4.jpg\" alt=\"\" width=\"354\" height=\"236\" srcset=\"https:\/\/www.res-food.eu\/wp-content\/uploads\/2024\/06\/Picture2-4.jpg 354w, https:\/\/www.res-food.eu\/wp-content\/uploads\/2024\/06\/Picture2-4-300x200.jpg 300w\" sizes=\"(max-width: 354px) 100vw, 354px\" \/><\/p>\n<p>Az adom\u00e1nyoz\u00f3knak ny\u00fajtott \u00e9rt\u00e9kteremt\u00e9s egyik m\u00f3dja az adom\u00e1nyoz\u00e1s folyamat\u00e1t megk\u00f6nny\u00edt\u0151 <strong><em>logisztikai seg\u00edts\u00e9gny\u00fajt\u00e1s<\/em><\/strong>. A j\u00f3t\u00e9konys\u00e1gi szervezetek seg\u00edthetnek az adom\u00e1nyoz\u00f3knak a logisztik\u00e1ban, p\u00e9ld\u00e1ul a sz\u00e1ll\u00edt\u00e1sban, a t\u00e1rol\u00e1sban \u00e9s a csomagol\u00e1sban, megk\u00f6nny\u00edtve sz\u00e1mukra a felesleges \u00e9lelmiszerek adom\u00e1nyoz\u00e1s\u00e1t. A logisztikai terhek enyh\u00edt\u00e9s\u00e9vel a j\u00f3t\u00e9konys\u00e1gi szervezetek \u00f6szt\u00f6n\u00f6zhetik, \u00e9s nagyobb r\u00e9szv\u00e9telre k\u00e9sztethetik az adom\u00e1nyoz\u00f3kat.<\/p>\n<p>A <strong><em>kapcsolat\u00e9p\u00edt\u00e9si lehet\u0151s\u00e9gek<\/em><\/strong> egy m\u00e1sik \u00e9rt\u00e9kes el\u0151ny, amelyet a j\u00f3t\u00e9konys\u00e1gi szervezetek k\u00edn\u00e1lhatnak az adom\u00e1nyoz\u00f3knak. Az\u00e1ltal, hogy az adom\u00e1nyoz\u00f3kat \u00a0hasonl\u00f3an gondolkod\u00f3 egy\u00e9nekkel \u00e9s szervezetekkel hozz\u00e1k kapcsolatba, a j\u00f3t\u00e9konys\u00e1gi szervezetek seg\u00edthetnek az adom\u00e1nyoz\u00f3knak b\u0151v\u00edteni h\u00e1l\u00f3zataikat, kapcsolatokat \u00e9p\u00edteni \u00e9s egy\u00fcttm\u0171k\u00f6dni a k\u00f6z\u00f6s c\u00e9lok \u00e9rdek\u00e9ben. A h\u00e1l\u00f3zat\u00e9p\u00edt\u00e9si lehet\u0151s\u00e9gek k\u00f6z\u00e9 tartozhatnak rendezv\u00e9nyek, workshopok \u00e9s online f\u00f3rumok, ahol az adom\u00e1nyoz\u00f3k kapcsolatba l\u00e9phetnek egym\u00e1ssal \u00e9s megoszthatj\u00e1k \u00f6tleteiket.<\/p>\n<p>Az <strong><em>elismer\u00e9s<\/em><\/strong> fontos szempont az adom\u00e1nyoz\u00f3knak ny\u00fajtott \u00e9rt\u00e9kteremt\u00e9sben. A j\u00f3t\u00e9konys\u00e1gi szervezeteknek el kell ismerni\u00fck \u00e9s meg kell \u00fcnnepelni\u00fck az adom\u00e1nyoz\u00f3k hozz\u00e1j\u00e1rul\u00e1sait, kifejezve h\u00e1l\u00e1jukat a nagylelk\u0171s\u00e9g\u00fck\u00e9rt, hangs\u00falyozva a szervezet k\u00fcldet\u00e9s\u00e9re gyakorolt pozit\u00edv hat\u00e1sukat. Az elismer\u00e9s k\u00fcl\u00f6nb\u00f6z\u0151 form\u00e1kat \u00f6lthet, p\u00e9ld\u00e1ul nyilv\u00e1nos elismer\u00e9seket, d\u00edjakat \u00e9s szem\u00e9lyre szabott k\u00f6sz\u00f6n\u0151leveleket, az adom\u00e1nyoz\u00f3k preferenci\u00e1ihoz \u00e9s ig\u00e9nyeihez igazodva. A <strong>nyilv\u00e1nos elismer\u00e9s<\/strong> hat\u00e9kony m\u00f3dja az adom\u00e1nyoz\u00f3k megbecs\u00fcl\u00e9s\u00e9nek. A j\u00f3t\u00e9konys\u00e1gi szervezetek nyilv\u00e1nosan elismerhetik az adom\u00e1nyoz\u00f3k hozz\u00e1j\u00e1rul\u00e1sait k\u00fcl\u00f6nb\u00f6z\u0151 csatorn\u00e1kon kereszt\u00fcl, p\u00e9ld\u00e1ul a k\u00f6z\u00f6ss\u00e9gi m\u00e9di\u00e1ban, h\u00edrlevelekben \u00e9s \u00e9ves jelent\u00e9sekben. Az adom\u00e1nyoz\u00f3k t\u00e1mogat\u00e1s\u00e1nak kiemel\u00e9se \u00e9s hozz\u00e1j\u00e1rul\u00e1suk hat\u00e1s\u00e1nak bemutat\u00e1sa seg\u00edt a nyilv\u00e1noss\u00e1g figyelm\u00e9nek felkelt\u00e9s\u00e9ben, \u00e9s m\u00e1sokat is \u00f6szt\u00f6n\u00f6z a r\u00e9szv\u00e9telre, mik\u00f6zben az adom\u00e1nyoz\u00f3k sz\u00e1m\u00e1ra is b\u00fcszkes\u00e9get \u00e9s elismer\u00e9st ny\u00fajt.<\/p>\n<h2><a id=\"subH4-3\"><\/a>Vonjuk be a donorokat a k\u00fcldet\u00e9s\u00fcnkbe!<\/h2>\n<p><img decoding=\"async\" class=\"size-full wp-image-2891 aligncenter\" src=\"http:\/\/www.res-food.eu\/wp-content\/uploads\/2024\/06\/Picture3-4.png\" alt=\"\" width=\"599\" height=\"416\" srcset=\"https:\/\/www.res-food.eu\/wp-content\/uploads\/2024\/06\/Picture3-4.png 599w, https:\/\/www.res-food.eu\/wp-content\/uploads\/2024\/06\/Picture3-4-300x208.png 300w\" sizes=\"(max-width: 599px) 100vw, 599px\" \/><\/p>\n<p><strong><em>Az adom\u00e1nyoz\u00f3k bevon\u00e1sa a szervezet k\u00fcldet\u00e9s\u00e9be alapvet\u0151 fontoss\u00e1g\u00fa a felel\u0151ss\u00e9gv\u00e1llal\u00e1s, a kapcsol\u00f3d\u00e1s \u00e9s az elk\u00f6telezetts\u00e9g \u00e9rz\u00e9s\u00e9nek er\u0151s\u00edt\u00e9s\u00e9hez. <\/em><\/strong>Az adom\u00e1nyoz\u00f3k szeretik \u00e9rezni, hogy k\u00f6t\u0151dnek az \u00e1ltaluk t\u00e1mogatott \u00fcgyekhez, \u00e9s \u00e9rteni, hogy hozz\u00e1j\u00e1rul\u00e1suk hogyan v\u00e1ltoztat a dolgokon. A j\u00f3t\u00e9konys\u00e1gi szervezetek k\u00fcl\u00f6nb\u00f6z\u0151 tev\u00e9kenys\u00e9gek \u00e9s kezdem\u00e9nyez\u00e9sek r\u00e9v\u00e9n vonhatj\u00e1k be az adom\u00e1nyoz\u00f3kat a k\u00fcldet\u00e9s\u00fckbe, \u00edgy r\u00e9szeseiv\u00e9 v\u00e1lnak a szervezet munk\u00e1j\u00e1nak \u00e9s hat\u00e1s\u00e1nak.<\/p>\n<p>Az egyik m\u00f3dja, hogy az adom\u00e1nyoz\u00f3kat k\u00fcldet\u00e9s\u00fcnk r\u00e9szeseiv\u00e9 tegy\u00fck, ha <strong><em>bevonjuk \u0151ket a rendezv\u00e9nyeinkbe, vagy az \u00f6nk\u00e9ntes munk\u00e1ba<\/em><\/strong>. A j\u00f3t\u00e9konys\u00e1gi szervezetek felk\u00e9rhetik az adom\u00e1nyoz\u00f3kat, hogy vegyenek r\u00e9szt \u00f6nk\u00e9ntes munk\u00e1ban, p\u00e9ld\u00e1ul \u00e9lelmiszeroszt\u00e1sban, k\u00f6z\u00f6ss\u00e9gi esem\u00e9nyekben \u00e9s adom\u00e1nygy\u0171jt\u0151 kamp\u00e1nyokban. A munkat\u00e1rsak \u00e9s m\u00e1s t\u00e1mogat\u00f3k mellett v\u00e9gzett \u00f6nk\u00e9ntes munk\u00e1val az adom\u00e1nyoz\u00f3k els\u0151 k\u00e9zb\u0151l szerezhetnek tapasztalatot a szervezet munk\u00e1j\u00e1r\u00f3l \u00e9s hat\u00e1s\u00e1r\u00f3l, elm\u00e9ly\u00edtve ezzel kapcsolatukat \u00e9s elk\u00f6telezetts\u00e9g\u00fcket k\u00fcldet\u00e9s\u00fcnk ir\u00e1nt.<\/p>\n<p>Egy m\u00e1sik m\u00f3dja annak, hogy az adom\u00e1nyoz\u00f3kat bevonjuk a k\u00fcldet\u00e9sbe, a <strong><em>t\u00f6rt\u00e9netmes\u00e9l\u00e9s \u00e9s a hat\u00e1sjelent\u00e9sek<\/em><\/strong>. A j\u00f3t\u00e9konys\u00e1gi szervezetek olyan t\u00f6rt\u00e9neteket, besz\u00e1mol\u00f3kat \u00e9s sikert\u00f6rt\u00e9neteket oszthatnak meg, amelyek szeml\u00e9ltetik munk\u00e1juk hat\u00e1s\u00e1t, \u00e9s bemutatj\u00e1k, hogy az adom\u00e1nyoz\u00f3k hozz\u00e1j\u00e1rul\u00e1sa milyen v\u00e1ltoz\u00e1st eredm\u00e9nyez. Azzal, hogy val\u00f3s p\u00e9ld\u00e1kon kereszt\u00fcl mutatj\u00e1k be, hogyan seg\u00edtik az adom\u00e1nyok az egy\u00e9nek \u00e9s a k\u00f6z\u00f6ss\u00e9gek \u00e9let\u00e9t, a j\u00f3t\u00e9konys\u00e1gi szervezetek inspir\u00e1lhatj\u00e1k az adom\u00e1nyoz\u00f3kat, \u00e9s meger\u0151s\u00edthetik a k\u00fcldet\u00e9shez val\u00f3 k\u00f6t\u0151d\u00e9s\u00fcket.<\/p>\n<h2><a id=\"subH4-4\"><\/a>Donormenedzsment \u00e9rt\u00e9kel\u00e9se \u00e9s jav\u00edt\u00e1sa<\/h2>\n<p>A donormenedzsmenthez kapcsol\u00f3d\u00f3 tev\u00e9kenys\u00e9gek \u00e9rt\u00e9kel\u00e9se \u00e9s jav\u00edt\u00e1sa alapvet\u0151 fontoss\u00e1g\u00fa annak biztos\u00edt\u00e1s\u00e1hoz, hogy a j\u00f3t\u00e9konys\u00e1gi szervezetek hat\u00e9konyan be tudj\u00e1k vonni \u00e9s meg tudj\u00e1k tartani az \u00e9lelmiszeradom\u00e1nyoz\u00f3kat. A donormenedzsment hat\u00e9konys\u00e1g\u00e1nak rendszeres \u00e9rt\u00e9kel\u00e9s\u00e9vel \u00e9s az adom\u00e1nyoz\u00f3k visszajelz\u00e9seinek bek\u00e9r\u00e9s\u00e9vel a j\u00f3t\u00e9konys\u00e1gi szervezetek azonos\u00edthatj\u00e1k a jav\u00edt\u00e1sra szorul\u00f3 ter\u00fcleteket, \u00e9s strat\u00e9gi\u00e1kat hajthatnak v\u00e9gre az adom\u00e1nyoz\u00f3k el\u00e9gedetts\u00e9g\u00e9nek n\u00f6vel\u00e9s\u00e9re \u00e9s a donorok megtart\u00e1si r\u00e1t\u00e1j\u00e1nak fokoz\u00e1s\u00e1ra.<\/p>\n<p>A donormenedzsment \u00e9rt\u00e9kel\u00e9s\u00e9nek egyik m\u00f3dszere az <strong><em>adom\u00e1nyoz\u00f3i el\u00e9gedetts\u00e9g \u00e9s a donormegtart\u00e1si ar\u00e1nyok m\u00e9r\u00e9se<\/em><\/strong>. A j\u00f3t\u00e9konys\u00e1gi szervezetek adatokat gy\u0171jthetnek az adom\u00e1nyoz\u00f3kat, hogy felm\u00e9rj\u00e9k, mennyire el\u00e9gedettek, \u00e9s ez\u00e1ltal meghat\u00e1rozhat\u00f3ak azok a ter\u00fcletek, ahol jav\u00edt\u00e1sra van sz\u00fcks\u00e9g. Az adom\u00e1nyoz\u00f3k megtart\u00e1si ar\u00e1ny\u00e1nak id\u0151beli nyomon k\u00f6vet\u00e9se \u00e9rt\u00e9kes betekint\u00e9st ny\u00fajt a donormenedzsment hat\u00e9konys\u00e1g\u00e1ba, \u00e9s seg\u00edt azonos\u00edtani az adom\u00e1nyoz\u00f3i magatart\u00e1s trendjeit \u00e9s mint\u00e1it.<\/p>\n<table style=\"border-collapse: collapse; width: 100%;\">\n<tbody>\n<tr>\n<td style=\"width: 100%;\"><em>A <strong>donormegtart\u00e1s<\/strong> azt m\u00e9ri, hogy az adom\u00e1nyoz\u00f3k k\u00f6z\u00fcl h\u00e1nyan adakoznak tov\u00e1bb a szervezetnek az els\u0151 adom\u00e1nyoz\u00e1st k\u00f6vet\u0151en.<\/em><\/p>\n<p><em>Ha a szervezet\u00fcnk nem \u00f6szt\u00f6nzi az \u00faj adom\u00e1nyoz\u00f3kat arra, hogy \u00fajra adakozzanak, akkor a donormegtart\u00e1si ar\u00e1ny alacsony. Ha sok visszat\u00e9r\u0151 adom\u00e1nyoz\u00f3nk van, akkor a donormegtart\u00e1si ar\u00e1ny magas. A donormegtart\u00e1si ar\u00e1ny nagyon fontos, mert \u00f3ri\u00e1si hat\u00e1ssal van a szervezet\u00fcnk p\u00e9nz\u00fcgyi \u00e1llapot\u00e1ra.<\/em><\/td>\n<\/tr>\n<\/tbody>\n<\/table>\n<p>A donormenedzsmnent \u00e9rt\u00e9kel\u00e9s\u00e9nek m\u00e1sik m\u00f3dja a <strong><em>donorok v\u00e9lem\u00e9ny\u00e9nek begy\u0171jt\u00e9se<\/em><\/strong>. A j\u00f3t\u00e9konys\u00e1gi szervezetek felm\u00e9r\u00e9sek, f\u00f3kuszcsoportok \u00e9s szem\u00e9lyes besz\u00e9lget\u00e9sek seg\u00edts\u00e9g\u00e9vel gy\u0171jthetnek visszajelz\u00e9st, hogy meg\u00e9rts\u00e9k az adom\u00e1nyoz\u00f3k tapasztalatait, preferenci\u00e1it \u00e9s fejleszt\u00e9si javaslatait. Az adom\u00e1nyoz\u00f3i visszajelz\u00e9sek akt\u00edv figyelembev\u00e9tel\u00e9vel \u00e9s azok donormenedzsment gyakorlatokba t\u00f6rt\u00e9n\u0151 be\u00e9p\u00edt\u00e9s\u00e9vel a j\u00f3t\u00e9konys\u00e1gi szervezetek bizony\u00edtani tudj\u00e1k, hogy fontos sz\u00e1mukra az adom\u00e1nyoz\u00f3k el\u00e9gedetts\u00e9ge.<\/p>\n<p><strong><em>Az adatok \u00e9s m\u00e9r\u0151sz\u00e1mok haszn\u00e1lata a donormenedzsment hat\u00e1s\u00e1nak m\u00e9r\u00e9s\u00e9re<\/em><\/strong> szint\u00e9n fontos a hat\u00e9konys\u00e1g \u00e9rt\u00e9kel\u00e9s\u00e9hez \u00e9s a fejlesztend\u0151 ter\u00fcletek azonos\u00edt\u00e1s\u00e1hoz. A j\u00f3t\u00e9konys\u00e1gi szervezetek nyomon k\u00f6vethetik az olyan kulcsfontoss\u00e1g\u00fa teljes\u00edtm\u00e9nymutat\u00f3kat, mint az adom\u00e1nyoz\u00e1s gyakoris\u00e1ga, az adom\u00e1nyok nagys\u00e1ga \u00e9s az adom\u00e1nyoz\u00f3k elk\u00f6telezetts\u00e9gi szintje, hogy \u00e9rt\u00e9kelj\u00e9k a donormenedzsmentj\u00fck hat\u00e1s\u00e1t az adom\u00e1nyoz\u00f3k viselked\u00e9s\u00e9re \u00e9s megtart\u00e1s\u00e1ra. Az adatok elemz\u00e9se lehet\u0151v\u00e9 teszi a j\u00f3t\u00e9konys\u00e1gi szervezetek sz\u00e1m\u00e1ra, hogy azonos\u00edts\u00e1k a trendeket, mint\u00e1kat \u00e9s a donormenedzsment jav\u00edtand\u00f3 ter\u00fcleteit.<\/p>\n<h3>Strat\u00e9giai Donormenedzsment Terv K\u00e9sz\u00edt\u00e9se<\/h3>\n<p>A j\u00f3t\u00e9konys\u00e1gi szervezetek sz\u00e1m\u00e1ra elengedhetetlen egy strat\u00e9giai donormenedzsment terv l\u00e9trehoz\u00e1sa az \u00e9lelmiszeradom\u00e1nyoz\u00f3k hat\u00e9kony bevon\u00e1sa \u00e9s megtart\u00e1sa \u00e9rdek\u00e9ben. A <strong><em>strat\u00e9giai donormenedzsment terv felv\u00e1zolja a c\u00e9lokat, c\u00e9lkit\u0171z\u00e9seket, strat\u00e9gi\u00e1kat \u00e9s cselekv\u00e9si l\u00e9p\u00e9seket <\/em><\/strong>az adom\u00e1nyoz\u00f3kkal val\u00f3 er\u0151s kapcsolatok ki\u00e9p\u00edt\u00e9s\u00e9re \u00e9s fenntart\u00e1s\u00e1ra. Egy \u00e1tfog\u00f3 terv kidolgoz\u00e1s\u00e1val a j\u00f3t\u00e9konys\u00e1gi szervezetek<\/p>\n<p><img loading=\"lazy\" decoding=\"async\" class=\"size-full wp-image-2893 aligncenter\" src=\"http:\/\/www.res-food.eu\/wp-content\/uploads\/2024\/06\/Picture5-4.jpg\" alt=\"\" width=\"341\" height=\"219\" srcset=\"https:\/\/www.res-food.eu\/wp-content\/uploads\/2024\/06\/Picture5-4.jpg 341w, https:\/\/www.res-food.eu\/wp-content\/uploads\/2024\/06\/Picture5-4-300x193.jpg 300w\" sizes=\"(max-width: 341px) 100vw, 341px\" \/><\/p>\n<p>biztos\u00edthatj\u00e1k, hogy a donormenedzsmenthez kapcsol\u00f3d\u00f3 tev\u00e9kenys\u00e9geik \u00f6sszhangban legyenek a szervezeti priorit\u00e1sokkal, \u00e9s a k\u00edv\u00e1nt eredm\u00e9nyek el\u00e9r\u00e9s\u00e9re ir\u00e1nyuljanak.<\/p>\n<p>A strat\u00e9giai donormenedzsment terv l\u00e9trehoz\u00e1s\u00e1nak els\u0151 l\u00e9p\u00e9se a <strong><em>c\u00e9lok \u00e9s c\u00e9lkit\u0171z\u00e9sek meghat\u00e1roz\u00e1sa<\/em><\/strong>. A j\u00f3t\u00e9konys\u00e1gi szervezeteknek tiszt\u00e1zniuk kell a donormenedzsmenttel kapcsolatos c\u00e9lkit\u0171z\u00e9seiket, p\u00e9ld\u00e1ul a donormegtart\u00e1si ar\u00e1nyok n\u00f6vel\u00e9s\u00e9t, az adom\u00e1nyoz\u00f3i el\u00e9gedetts\u00e9g fokoz\u00e1s\u00e1t \u00e9s az adom\u00e1nyoz\u00f3i hozz\u00e1j\u00e1rul\u00e1sok maximaliz\u00e1l\u00e1s\u00e1t. Az egy\u00e9rtelm\u0171 \u00e9s m\u00e9rhet\u0151 c\u00e9lok kit\u0171z\u00e9s\u00e9vel a j\u00f3t\u00e9konys\u00e1gi szervezetek \u00f6sszpontos\u00edthatj\u00e1k er\u0151fesz\u00edt\u00e9seiket, \u00e9s nyomon k\u00f6vethetik az id\u0151vel el\u00e9rt eredm\u00e9nyeket.<\/p>\n<p>A strat\u00e9giai donormenedzsment terv l\u00e9trehoz\u00e1s\u00e1nak k\u00f6vetkez\u0151 l\u00e9p\u00e9se a <strong><em>c\u00e9lok \u00e9s c\u00e9lkit\u0171z\u00e9sek el\u00e9r\u00e9s\u00e9re ir\u00e1nyul\u00f3 strat\u00e9gi\u00e1k \u00e9s taktik\u00e1k meghat\u00e1roz\u00e1sa<\/em><\/strong>. A j\u00f3t\u00e9konys\u00e1gi szervezetek sz\u00e1mos strat\u00e9gi\u00e1t dolgozhatnak ki a donorok bevon\u00e1s\u00e1ra \u00e9s megtart\u00e1s\u00e1ra, mint p\u00e9ld\u00e1ul donorm\u00e9ltat\u00f3 rendezv\u00e9nyek megval\u00f3s\u00edt\u00e1sa, \u00e9rt\u00e9kn\u00f6velt szolg\u00e1ltat\u00e1sok ny\u00fajt\u00e1sa \u00e9s a donorok bevon\u00e1sa a szervezet k\u00fcldet\u00e9s\u00e9be. A strat\u00e9gi\u00e1kat a donorok egyedi ig\u00e9nyeihez \u00e9s preferenci\u00e1ihoz kell igaz\u00edtani, \u00fagy, hogy azok \u00f6sszhangban legyenek a szervezet k\u00fcldet\u00e9s\u00e9vel \u00e9s \u00e9rt\u00e9keivel.<\/p>\n<p>A strat\u00e9gi\u00e1k meghat\u00e1roz\u00e1s\u00e1t k\u00f6vet\u0151en a j\u00f3t\u00e9konys\u00e1gi szervezeteknek ki kell dolgoznia a konkr\u00e9t cselekv\u00e9si tervet \u00e9s annak \u00fctemterv\u00e9t. <strong><em>A cselekv\u00e9si tervnek tartalmaznia kell az egyes strat\u00e9gi\u00e1khoz kapcsol\u00f3d\u00f3 feladatokat, felel\u0151ss\u00e9gi k\u00f6r\u00f6ket \u00e9s hat\u00e1rid\u0151ket,<\/em><\/strong> biztos\u00edtva a hat\u00e9kony \u00e9s eredm\u00e9nyes donormenedzsmentet. Az \u00fctemterveknek re\u00e1lisnak \u00e9s megval\u00f3s\u00edthat\u00f3nak kell lenni\u00fck, ugyanakkor legyen benne flexibilit\u00e1s \u00e9s sz\u00fcks\u00e9g szerint mozg\u00e1st\u00e9r is.<\/p>\n<h3>Donormenedzsmenttel kapcsolatos gyakorlatok megval\u00f3s\u00edt\u00e1sa \u00e9s fenntart\u00e1sa<\/h3>\n<p>A donormenedzsment bevezet\u00e9se \u00e9s fenntart\u00e1sa gondos tervez\u00e9st, koordin\u00e1ci\u00f3t \u00e9s folyamatos er\u0151fesz\u00edt\u00e9seket ig\u00e9nyel. A j\u00f3t\u00e9konys\u00e1gi szervezeteknek elk\u00f6telezettnek kell lenni\u00fck az \u00e9lelmiszeradom\u00e1nyoz\u00f3kkal val\u00f3 er\u0151s \u00e9s tart\u00f3s kapcsolatok \u00e1pol\u00e1sa ir\u00e1nt, amihez elengedhetetlen a k\u00f6vetkezetes \u00e9s proakt\u00edv hozz\u00e1\u00e1ll\u00e1s. A j\u00f3t\u00e9konys\u00e1gi szervezetek a legjobb gyakorlatok \u00e9s strat\u00e9gi\u00e1k bevezet\u00e9s\u00e9vel, valamint az adom\u00e1nyoz\u00f3k el\u00e9gedetts\u00e9g\u00e9re \u00e9s megtart\u00e1s\u00e1ra val\u00f3 \u00f6sszpontos\u00edt\u00e1ssal biztos\u00edthatj\u00e1k \u00e9lelmiszer-adom\u00e1nyoz\u00e1si programjaik hossz\u00fa t\u00e1v\u00fa siker\u00e9t.<\/p>\n<p>A sikeres donormenedzsment egyik kulcsfontoss\u00e1g\u00fa eleme, hogy a munkat\u00e1rsak \u00e9s az \u00f6nk\u00e9ntesek k\u00e9pz\u00e9st kapjanak \u00e9s felk\u00e9sz\u00fcljenek az \u00e9lelmiszer-adom\u00e1nyoz\u00f3kkal val\u00f3 hat\u00e9kony kapcsolattart\u00e1sra. A j\u00f3t\u00e9konys\u00e1gi szervezeteknek <strong><em>k\u00e9pz\u00e9st \u00e9s t\u00e1mogat\u00e1st kell ny\u00fajtaniuk a donormenedzsmentben r\u00e9szt vev\u0151 munkat\u00e1rsak \u00e9s \u00f6nk\u00e9ntesek sz\u00e1m\u00e1ra<\/em><\/strong>, biztos\u00edtva, hogy meg\u00e9rts\u00e9k annak fontoss\u00e1g\u00e1t, \u00e9s rendelkezzenek a sikeres adom\u00e1nyoz\u00f3k bevon\u00e1s\u00e1hoz sz\u00fcks\u00e9ges ismeretekkel, k\u00e9szs\u00e9gekkel \u00e9s er\u0151forr\u00e1sokkal.<\/p>\n<p>A donormenedzsment m\u00e1sik fontos aspektusa a <strong><em>vil\u00e1gos folyamatok \u00e9s elj\u00e1r\u00e1sok kialak\u00edt\u00e1sa. <\/em><\/strong>A j\u00f3t\u00e9konys\u00e1gi szervezeteknek szabv\u00e1nyos\u00edtott elj\u00e1r\u00e1sokat kell kidolgozniuk az adom\u00e1nyok befogad\u00e1s\u00e1ra, az adom\u00e1nyoz\u00f3kkal val\u00f3 kommunik\u00e1ci\u00f3ra \u00e9s az adom\u00e1nyoz\u00f3i hozz\u00e1j\u00e1rul\u00e1sok elismer\u00e9s\u00e9re, biztos\u00edtva a k\u00f6vetkezetess\u00e9get \u00e9s a szakmais\u00e1got az adom\u00e1nyoz\u00f3kkal val\u00f3 \u00f6sszes interakci\u00f3ban. Az egy\u00e9rtelm\u0171 ir\u00e1nymutat\u00e1sok \u00e9s elv\u00e1r\u00e1sok meghat\u00e1roz\u00e1s\u00e1val a j\u00f3t\u00e9konys\u00e1gi szervezetek racionaliz\u00e1lhatj\u00e1k a donormenedzsment tev\u00e9kenys\u00e9geiket, \u00e9s biztos\u00edthatj\u00e1k azok hat\u00e9kony v\u00e9grehajt\u00e1s\u00e1t.<\/p>\n<p>A donormenedzsment <strong><em>folyamatos nyomon k\u00f6vet\u00e9st, ki\u00e9rt\u00e9kel\u00e9st \u00e9s alkalmazkod\u00e1si k\u00e9szs\u00e9get ig\u00e9nyel<\/em><\/strong>. A j\u00f3t\u00e9konys\u00e1gi szervezeteknek rendszeresen \u00e9rt\u00e9kelni\u00fck kell a donormenedzsment hat\u00e9konys\u00e1g\u00e1t, \u00e9s visszajelz\u00e9seket kell k\u00e9rni\u00fck a donorokt\u00f3l a fejlesztend\u0151 ter\u00fcletek azonos\u00edt\u00e1s\u00e1ra. A kulcsfontoss\u00e1g\u00fa teljes\u00edtm\u00e9nymutat\u00f3k, p\u00e9ld\u00e1ul a donormegtart\u00e1si ar\u00e1nyok, az el\u00e9gedetts\u00e9gi mutat\u00f3k \u00e9s az adom\u00e1nyoz\u00e1si szintek nyomon k\u00f6vet\u00e9s\u00e9vel a j\u00f3t\u00e9konys\u00e1gi szervezetek m\u00e9rni tudj\u00e1k a donormenedzsment hat\u00e1s\u00e1t, \u00e9s azonos\u00edtani tudj\u00e1k a jav\u00edtand\u00f3 ter\u00fcleteket.<\/p>\n<p>\u00d6sszefoglalva, a megfelel\u0151 donormenedzsment alapvet\u0151 fontoss\u00e1g\u00fa az \u00e9lelmiszer-adom\u00e1nyoz\u00f3kkal val\u00f3 szoros kapcsolatok ki\u00e9p\u00edt\u00e9s\u00e9hez \u00e9s fenntart\u00e1s\u00e1hoz, valamint az \u00e9lelmiszer-adom\u00e1nyoz\u00e1si programok hossz\u00fa t\u00e1v\u00fa siker\u00e9hez. A donormenedzsment elveinek \u00e9s gyakorlat\u00e1nak meg\u00e9rt\u00e9s\u00e9vel \u00e9s a megfelel\u0151 donormenedzsment strat\u00e9gia v\u00e9grehajt\u00e1s\u00e1val a j\u00f3t\u00e9konys\u00e1gi szervezetek hat\u00e9konyan bevonhatj\u00e1k \u00e9s megtarthatj\u00e1k az \u00e9lelmiszeradom\u00e1nyoz\u00f3kat, maximaliz\u00e1lhatj\u00e1k adom\u00e1nyaikat, \u00e9s pozit\u00edv hat\u00e1st gyakorolhatnak az \u00e1ltaluk szolg\u00e1lt k\u00f6z\u00f6ss\u00e9gekre.<\/p>\n<h3>Tippek \u00e9s Tr\u00fckk\u00f6k<\/h3>\n<p>Az \u00e9lelmiszerbankok \u00e9s m\u00e1s t\u00edpus\u00fa j\u00f3t\u00e9konys\u00e1gi szervezetek d\u00f6nt\u0151 szerepet j\u00e1tszanak az \u00e9lelmiszer-biztons\u00e1g megteremt\u00e9s\u00e9ben az\u00e1ltal, hogy \u00f6sszegy\u0171jtik, t\u00e1rolj\u00e1k \u00e9s sz\u00e9tosztj\u00e1k az \u00e9lelmiszereket a r\u00e1szorul\u00f3k k\u00f6z\u00f6tt. Siker\u00fckh\u00f6z azonban elengedhetetlen a megfelel\u0151 adom\u00e1nyk\u00e9szlet biztos\u00edt\u00e1sa. Az al\u00e1bbiakban r\u00e9szletesen megvizsg\u00e1ljuk azokat a strat\u00e9gi\u00e1kat, amelyeket j\u00f3t\u00e9konys\u00e1gi szervezetek, civil szervezetek \u00e9s \u00e9lelmiszerbankok alkalmazhatnak \u00e9lelmiszeradom\u00e1nyoz\u00e1s fokoz\u00e1sa \u00e9rdek\u00e9ben:<\/p>\n<h3>L\u00e9pj\u00fcnk partners\u00e9gre a Szupermarketekkel!<\/h3>\n<p>Az \u00e9lelmiszerbankok hagyom\u00e1nyosan a szupermarketekben elhelyezett \u00e9lelmiszert\u00e1rol\u00f3kat haszn\u00e1lj\u00e1k adom\u00e1nygy\u0171jt\u00e9si m\u00f3dszerk\u00e9nt, ahol a v\u00e1s\u00e1rl\u00f3k k\u00f6zvetlen\u00fcl adom\u00e1nyozhatnak \u00e9lelmiszereket. Ez a megk\u00f6zel\u00edt\u00e9s azonban nem mindig optim\u00e1lis, hiszen a v\u00e1s\u00e1rl\u00f3k \u00e1ltal adom\u00e1nyozott \u00e9lelmiszerek \u00e9s az \u00e9lelmiszerbankok, illetve kedvezm\u00e9nyezettjeik t\u00e9nyleges sz\u00fcks\u00e9gletei k\u00f6z\u00f6tt jelent\u0151s elt\u00e9r\u00e9s lehet. Ehelyett c\u00e9lszer\u0171 k\u00f6zvetlen partners\u00e9get kialak\u00edtani a szupermarketekkel. Egyes szupermarketek a j\u00f3t\u00e9konys\u00e1gi szervezetekkel \u00e9s \u00e9lelmiszerbankokkal val\u00f3 partners\u00e9get v\u00e1llalati \u00e9s t\u00e1rsadalmi felel\u0151ss\u00e9gv\u00e1llal\u00e1si er\u0151fesz\u00edt\u00e9seik k\u00f6zponti elem\u00e9nek tekintik. L\u00e1sd ehhez kapcsol\u00f3d\u00f3an a Tesco p\u00e9ld\u00e1j\u00e1t a J\u00f3gyakorlatok fejezetben.<\/p>\n<h3>Farm to charities \u2013 A farmt\u00f3l a j\u00f3t\u00e9konys\u00e1gi szervezetig kezdem\u00e9nyez\u00e9sek<\/h3>\n<p><img loading=\"lazy\" decoding=\"async\" class=\"size-full wp-image-2894 aligncenter\" src=\"http:\/\/www.res-food.eu\/wp-content\/uploads\/2024\/06\/Picture6-3.jpg\" alt=\"\" width=\"116\" height=\"160\" \/><\/p>\n<p>A &#8220;Farm to charities&#8221; kezdem\u00e9nyez\u00e9sek innovat\u00edv megk\u00f6zel\u00edt\u00e9st jelentenek mind az \u00e9lelmiszerpazarl\u00e1s, mind az \u00e9lelmiszerbiztons\u00e1g hi\u00e1nya elleni k\u00fczdelemben, mivel k\u00f6zvetlen\u00fcl \u00f6sszekapcsolj\u00e1k a gazd\u00e1lkod\u00f3kat az \u00e9lelmiszerbankokkal vagy m\u00e1s, \u00e9lelmiszer-adom\u00e1nyoz\u00e1ssal foglalkoz\u00f3 j\u00f3t\u00e9konys\u00e1gi szervezetekkel. E programok c\u00e9lja, hogy megments\u00e9k a kereskedelmi szabv\u00e1nyoknak nem megfelel\u0151, de t\u00f6k\u00e9letesen t\u00e1pl\u00e1l\u00f3 \u00e9s fogyaszthat\u00f3 felesleges term\u00e9keket, \u00e9s ez\u00e1ltal megakad\u00e1lyozz\u00e1k, hogy azok hullad\u00e9kk\u00e1 v\u00e1ljanak. A helyi gazdas\u00e1gok \u00e9s a j\u00f3t\u00e9konys\u00e1gi szervezetek k\u00f6z\u00f6tti partners\u00e9gek l\u00e9trehoz\u00e1s\u00e1val ezek a kezdem\u00e9nyez\u00e9sek megk\u00f6nny\u00edtik a friss gy\u00fcm\u00f6lcs\u00f6k, z\u00f6lds\u00e9gek \u00e9s egy\u00e9b mez\u0151gazdas\u00e1gi term\u00e9kek hat\u00e9kony \u00fajraeloszt\u00e1s\u00e1t a r\u00e1szorul\u00f3 egy\u00e9nek \u00e9s csal\u00e1dok sz\u00e1m\u00e1ra. A &#8220;Farm to charity&#8221; programok nemcsak az \u00e9hez\u00e9s enyh\u00edt\u00e9s\u00e9t seg\u00edtik a t\u00e1pl\u00e1l\u00f3 \u00e9lelmiszerek biztos\u00edt\u00e1s\u00e1val, hanem a helyi gazd\u00e1kat is t\u00e1mogatj\u00e1k az\u00e1ltal, hogy alternat\u00edv piacot k\u00edn\u00e1lnak a felesleges term\u00e9nyeiknek, ez\u00e1ltal cs\u00f6kkentik a p\u00e9nz\u00fcgyi vesztes\u00e9geket \u00e9s el\u0151seg\u00edtik a fenntarthat\u00f3s\u00e1got a mez\u0151gazdas\u00e1gi \u00e1gazaton bel\u00fcl.<\/p>\n<p>A &#8220;farmt\u00f3l az \u00e9lelmiszerbankig&#8221; kezdem\u00e9nyez\u00e9sek sikere a gazd\u00e1lkod\u00f3k, a j\u00f3t\u00e9konys\u00e1gi szervezetek, az \u00f6nk\u00e9ntesek \u00e9s a k\u00f6z\u00f6ss\u00e9gi szervezetek k\u00f6z\u00f6tti szoros egy\u00fcttm\u0171k\u00f6d\u00e9sen alapul.<\/p>\n<table style=\"border-collapse: collapse; width: 100%;\">\n<tbody>\n<tr>\n<td style=\"width: 100%;\"><em>Nem felt\u00e9tlen\u00fcl musz\u00e1j csak nagy gazdas\u00e1gokkal egy\u00fcttm\u0171k\u00f6dni, hanem partnereink lehetnek olyan helyi emberek\/kert\u00e9szek, akik sz\u00edvesen t\u00e1mogatnak egy j\u00f3 \u00fcgyet.A Plant, Grow, Share a Row program p\u00e9ld\u00e1ul arra k\u00e9ri a helyi kert\u00e9szeket, hogy termesszenek egy extra sorral t\u00f6bb z\u00f6lds\u00e9get, amelyet az \u00e9lelmiszerbanknak adom\u00e1nyoznak.B\u00e1r ezek az adom\u00e1nyok kisebb m\u00e9ret\u0171ek lehetnek, m\u00e9gis \u00f6sszead\u00f3dnak, \u00e9s ez egy csod\u00e1latos m\u00f3dja annak, hogy bevonjuk a k\u00f6z\u00f6ss\u00e9get a k\u00f6z\u00f6s c\u00e9l el\u00e9r\u00e9s\u00e9be.<\/em><\/td>\n<\/tr>\n<\/tbody>\n<\/table>\n<p>A gazd\u00e1k ebben d\u00f6nt\u0151 szerepet j\u00e1tszanak a felesleges term\u00e9nyek felaj\u00e1nl\u00e1s\u00e1val, m\u00edg a j\u00f3t\u00e9konys\u00e1gi szervezetek biztos\u00edtj\u00e1k a hat\u00e9kony gy\u0171jt\u00e9st, t\u00e1rol\u00e1st \u00e9s eloszt\u00e1st a kedvezm\u00e9nyezettek k\u00f6z\u00f6tt. Az \u00f6nk\u00e9ntesek \u00e1ltal ir\u00e1ny\u00edtott gy\u0171jt\u0151programok tov\u00e1bb fokozz\u00e1k e kezdem\u00e9nyez\u00e9sek hat\u00e9konys\u00e1g\u00e1t az\u00e1ltal, hogy a k\u00f6z\u00f6ss\u00e9g tagjait mozg\u00f3s\u00edtj\u00e1k az egy\u00e9bk\u00e9nt betakar\u00edtatlanul hagyott term\u00e9nyek betakar\u00edt\u00e1s\u00e1ra, \u00edgy n\u00f6velik a megmentett \u00e9s a r\u00e1szorul\u00f3knak \u00fajraosztott friss \u00e9lelmiszerek mennyis\u00e9g\u00e9t. Az ilyen k\u00f6z\u00f6s er\u0151fesz\u00edt\u00e9sek r\u00e9v\u00e9n a \u201eFarm to charity\u201d kezdem\u00e9nyez\u00e9sek hozz\u00e1j\u00e1rulnak az ellen\u00e1ll\u00f3k\u00e9pes helyi \u00e9lelmiszerrendszerek ki\u00e9p\u00edt\u00e9s\u00e9hez, mik\u00f6zben a k\u00f6z\u00f6ss\u00e9gekben cs\u00f6kken az \u00e9lelmiszerpazarl\u00e1s \u00e9s n\u0151 \u00e9lelmiszerbiztons\u00e1g.<\/p>\n<p>Extra tipp:<\/p>\n<p><a href=\"https:\/\/www.edmontonsfoodbank.com\/ways-give\/give-food\/plant-row-grow-row\/\">https:\/\/www.edmontonsfoodbank.com\/ways-give\/give-food\/plant-row-grow-row\/<\/a><\/p>\n<h2><a id=\"subH4-5\"><\/a>Ments\u00fck meg a \u201ecs\u00fanya\u201d \u00e9teleket!<\/h2>\n<p>A \u201ecs\u00fanya\u201d \u00e9lelmiszerek adom\u00e1nyoz\u00e1si c\u00e9llal t\u00f6rt\u00e9n\u0151 megment\u00e9s\u00e9t c\u00e9lz\u00f3 kamp\u00e1ny egy olyan mozgalom, amelynek c\u00e9lja az \u00e9lelmiszerpazarl\u00e1s \u00e9s az \u00e9lelmez\u00e9si bizonytalans\u00e1g cs\u00f6kkent\u00e9se. A kezdem\u00e9nyez\u00e9s a gy\u00fcm\u00f6lcs\u00f6kre \u00e9s z\u00f6lds\u00e9gekre vonatkoz\u00f3 hagyom\u00e1nyos sz\u00e9ps\u00e9gk\u00f6vetelm\u00e9nyek megk\u00e9rd\u0151jelez\u00e9s\u00e9vel arra \u00f6szt\u00f6nzi a fogyaszt\u00f3kat, a kiskeresked\u0151ket \u00e9s a mez\u0151gazdas\u00e1gi termel\u0151ket, hogy ismerj\u00e9k fel a sz\u00e9ps\u00e9ghib\u00e1s term\u00e9kek \u00e9rt\u00e9k\u00e9t, amelyek egy\u00e9bk\u00e9nt k\u00e1rba veszn\u00e9nek. A kamp\u00e1ny innovat\u00edv marketing- \u00e9s oktat\u00e1si tev\u00e9kenys\u00e9gek r\u00e9v\u00e9n felh\u00edvja a figyelmet a sz\u00e9ps\u00e9ghib\u00e1k miatt kidobott \u00e9lelmiszerek elk\u00e9peszt\u0151 mennyis\u00e9g\u00e9re, \u00e9s r\u00e1vil\u00e1g\u00edt az ilyen pazarl\u00e1s k\u00f6rnyezeti, t\u00e1rsadalmi \u00e9s gazdas\u00e1gi hat\u00e1saira.<\/p>\n<p>Az ilyen kamp\u00e1nyok egyik els\u0151dleges c\u00e9lja, hogy megv\u00e1ltoztass\u00e1k a sz\u00e9ps\u00e9ghib\u00e1s term\u00e9kek meg\u00edt\u00e9l\u00e9st, hangs\u00falyozva azok t\u00e1p\u00e9rt\u00e9k\u00e9t \u00e9s fogyaszt\u00e1sra val\u00f3 alkalmass\u00e1g\u00e1t. A \u201ecs\u00fanya\u201d gy\u00fcm\u00f6lcs\u00f6ket \u00e9s z\u00f6lds\u00e9geket felhaszn\u00e1l\u00f3 receptekkel, f\u0151z\u0151 show-kkal \u00e9s sikert\u00f6rt\u00e9netekkel az ilyen kamp\u00e1nyok k\u00e9pesek megmutatni, hogy a k\u00fcls\u0151 megjelen\u00e9s nem befoly\u00e1solja az \u00edzt vagy a min\u0151s\u00e9get. Emellett a s\u00e9fekkel, \u00e9telbloggerekkel \u00e9s gasztron\u00f3miai influencerekkel val\u00f3 egy\u00fcttm\u0171k\u00f6d\u00e9sek feler\u0151s\u00edtik azt az \u00fczenetet, hogy a t\u00f6k\u00e9letlen term\u00e9kek elfogad\u00e1sa nemcsak a pazarl\u00e1st cs\u00f6kkenti, hanem a kreativit\u00e1st is el\u0151seg\u00edti a konyh\u00e1ban.<\/p>\n<p><img loading=\"lazy\" decoding=\"async\" class=\"size-full wp-image-2896 aligncenter\" src=\"http:\/\/www.res-food.eu\/wp-content\/uploads\/2024\/06\/Picture8-2.jpg\" alt=\"\" width=\"423\" height=\"355\" srcset=\"https:\/\/www.res-food.eu\/wp-content\/uploads\/2024\/06\/Picture8-2.jpg 423w, https:\/\/www.res-food.eu\/wp-content\/uploads\/2024\/06\/Picture8-2-300x252.jpg 300w\" sizes=\"(max-width: 423px) 100vw, 423px\" \/><\/p>\n<p>Az ilyen kamp\u00e1nyoknak m\u00e1s pozit\u00edv hat\u00e1sai is vannak, p\u00e9ld\u00e1ul: a nyilv\u00e1noss\u00e1g, a fogyaszt\u00f3k \u00e9s a kiskeresked\u0151k t\u00e1j\u00e9koztat\u00e1sa arr\u00f3l, hogy mi\u00e9rt fontos a cs\u00fanya term\u00e9kek elad\u00e1s\u00e1nak t\u00e1mogat\u00e1sa \u00e9s azok megv\u00e1s\u00e1rl\u00e1sa. M\u00e1sr\u00e9szt ezek a kamp\u00e1nyok n\u00f6velhetik a keresletet a \u201ecs\u00fanya\u201d \u00e9lelmiszerek ir\u00e1nt, \u00e9s alacsonyabb \u00e1ruk r\u00e9v\u00e9n hozz\u00e1j\u00e1rulhatnak a szeg\u00e9nyebb csal\u00e1dok \u00e9s gyermekek eg\u00e9szs\u00e9gesebb \u00e9letm\u00f3dj\u00e1hoz is.<\/p>\n<h2><a id=\"subH4-6\"><\/a>\u201eDobd bele az apr\u00f3t\u201d kamp\u00e1nyok<\/h2>\n<p>Nem szabad megfeledkezn\u00fcnk a \u201eDobd bele az apr\u00f3t\u201d strat\u00e9gi\u00e1r\u00f3l. Hossz\u00fa t\u00e1von a sok kicsi igenis \u00f6sszead\u00f3dik!<\/p>\n<p><img loading=\"lazy\" decoding=\"async\" class=\"size-full wp-image-2897 aligncenter\" src=\"http:\/\/www.res-food.eu\/wp-content\/uploads\/2024\/06\/Picture9.jpg\" alt=\"\" width=\"324\" height=\"272\" srcset=\"https:\/\/www.res-food.eu\/wp-content\/uploads\/2024\/06\/Picture9.jpg 324w, https:\/\/www.res-food.eu\/wp-content\/uploads\/2024\/06\/Picture9-300x252.jpg 300w\" sizes=\"(max-width: 324px) 100vw, 324px\" \/><\/p>\n<p>C\u00e9lszer\u0171 olyan forgalmas \u00fczletet v\u00e1lasztanunk, mint p\u00e9ld\u00e1ul egy k\u00e1v\u00e9z\u00f3 vagy p\u00e9ks\u00e9g, ahol sokan vannak, \u00e9s ahol nagy a val\u00f3sz\u00edn\u0171s\u00e9ge annak, hogy k\u00e9szp\u00e9nzzel fizetnek. Min\u00e9l forgalmasabb a hely, ann\u00e1l nagyobb \u00f6sszeg\u0171 adom\u00e1nyt fogunk kapni. Helyezz\u00fck az adom\u00e1nygy\u0171jt\u0151 dobozt a p\u00e9nzt\u00e1rg\u00e9p mell\u00e9, \u00e9s gondoskodjunk arr\u00f3l, hogy az adom\u00e1nygy\u0171jt\u0151 dobozokat rendszeresen \u00fcr\u00edts\u00fck. Ha k\u00e9t adom\u00e1nygy\u0171jt\u0151 dobozt helyez\u00fcnk egym\u00e1s mell\u00e9, \u00e9s az embereket arra k\u00e9sztetj\u00fck, hogy adom\u00e1nyukkal szavazzanak, az is egy m\u00f3dja az adom\u00e1nyozott p\u00e9nzmennyis\u00e9g n\u00f6vel\u00e9s\u00e9nek. P\u00e9ld\u00e1ul: az egyik dobozra r\u00e1\u00edrhatjuk: \u201epizza anan\u00e1sszal\u201d, a m\u00e1sik pedig \u201egy\u00fcm\u00f6lcs semmik\u00e9pp nem ker\u00fclhet a pizz\u00e1ra\u201d.<\/p>\n<h2><a id=\"subH4-7\"><\/a>J\u00f3gyakorlatok<\/h2>\n<p>A k\u00f6vetkez\u0151 alfejezetekben az eur\u00f3pai v\u00e1llalkoz\u00e1sok \u00e9s j\u00f3t\u00e9konys\u00e1gi szervezetek k\u00f6z\u00f6tti j\u00f3gyakorlatok k\u00fcl\u00f6nb\u00f6z\u0151 megk\u00f6zel\u00edt\u00e9seit \u00e9s sikeres eredm\u00e9nyeit mutatjuk be, r\u00e1vil\u00e1g\u00edtva arra, hogy az egy\u00fcttm\u0171k\u00f6d\u00e9ssel hogyan lehet hat\u00e9konyan cs\u00f6kkenteni az \u00e9lelmiszer-pazarl\u00e1st, enyh\u00edteni az \u00e9hez\u00e9st \u00e9s t\u00e1mogatni a fenntarthat\u00f3 gyakorlatokat. Minden egyes j\u00f3gyakorlat bemutatja, hogyan lehet a val\u00f3s\u00e1gban hat\u00e9konyan alkalmazni a jelen modul elemeit (az ebben a fejezetben le\u00edrt \u00e9s a gyakorlatban bev\u00e1lt alkalmazott elvek f\u00e9lk\u00f6v\u00e9rrel vannak jel\u00f6lve).<\/p>\n<h3>\u00a0A Real Junk Food Project<\/h3>\n<p>The Real Junk Food Project (TRJFP), Egyes\u00fclt Kir\u00e1lys\u00e1g: A TRJFP egy alulr\u00f3l szervez\u0151d\u0151 szervezet, amely \u00e9ttermekb\u0151l, k\u00e1v\u00e9z\u00f3kb\u00f3l \u00e9s m\u00e1s \u00e9lelmiszeripari v\u00e1llalkoz\u00e1sokb\u00f3l sz\u00e1rmaz\u00f3 \u00e9lelmiszerfelesleget gy\u0171jt \u00f6ssze, hogy t\u00e1pl\u00e1l\u00f3 \u00e9teleket k\u00e9sz\u00edtsen a k\u00f6z\u00f6ss\u00e9gek sz\u00e1m\u00e1ra. Szorosan egy\u00fcttm\u0171k\u00f6dnek az \u00e9ttermekkel \u00e9s k\u00e1v\u00e9z\u00f3kkal, hogy \u00f6sszegy\u0171jts\u00e9k azokat a felesleges \u00e9lelmiszereket, amelyek egy\u00e9bk\u00e9nt k\u00e1rba veszn\u00e9nek, \u00e9s felhaszn\u00e1lj\u00e1k azokat a r\u00e1szorul\u00f3knak sz\u00e1nt \u00e9telek elk\u00e9sz\u00edt\u00e9s\u00e9re. A TRJFP hangs\u00falyt fektet arra, hogy <strong><em>szoros kapcsolatokat \u00e9p\u00edtsen ki az \u00e9lelmiszeradom\u00e1nyoz\u00f3kkal, rendszeresen t\u00e1j\u00e9koztat az adom\u00e1nyok hat\u00e1s\u00e1r\u00f3l, \u00e9s lehet\u0151s\u00e9get k\u00edn\u00e1l az \u00e9ttermeknek, hogy r\u00e9szt vegyenek k\u00f6z\u00f6ss\u00e9gi esem\u00e9nyeken \u00e9s kezdem\u00e9nyez\u00e9sekben.<\/em><\/strong> Az \u00e9lelmiszeradom\u00e1nyoz\u00f3ikkal val\u00f3 bizalom \u00e9s egy\u00fcttm\u0171k\u00f6d\u00e9s \u00e1pol\u00e1s\u00e1val a TRJFP b\u0151v\u00edteni tudta partnerh\u00e1l\u00f3zat\u00e1t, \u00e9s cs\u00f6kkenteni tudta az \u00e9lelmiszerpazarl\u00e1st \u00e9s az \u00e9lelmiszerbizonytalans\u00e1got.<\/p>\n<p>A The Real Junk Food Project honlapja: <a href=\"https:\/\/trjfp.com\/\">https:\/\/trjfp.com\/<\/a><\/p>\n<h3>Restaurants Against Hunger<\/h3>\n<p><img loading=\"lazy\" decoding=\"async\" class=\"size-full wp-image-2898 aligncenter\" src=\"http:\/\/www.res-food.eu\/wp-content\/uploads\/2024\/06\/Picture10.jpg\" alt=\"\" width=\"347\" height=\"237\" srcset=\"https:\/\/www.res-food.eu\/wp-content\/uploads\/2024\/06\/Picture10.jpg 347w, https:\/\/www.res-food.eu\/wp-content\/uploads\/2024\/06\/Picture10-300x205.jpg 300w\" sizes=\"(max-width: 347px) 100vw, 347px\" \/><\/p>\n<p>Az <em>\u00c9ttermek az \u00e9hez\u00e9s ellen<\/em> kamp\u00e1nyt a spanyolorsz\u00e1gi Action Against Hunger (Tettekkel az \u00e9hez\u00e9s ellen) szervezi az orsz\u00e1g \u00e9ttermeivel egy\u00fcttm\u0171k\u00f6dve. A r\u00e9sztvev\u0151 \u00e9ttermek v\u00e1llalj\u00e1k, hogy egy meghat\u00e1rozott id\u0151szakban forgalmuk egy r\u00e9sz\u00e9t az Action Against Hunger humanit\u00e1rius programjainak t\u00e1mogat\u00e1s\u00e1ra aj\u00e1nlj\u00e1k fel. E partners\u00e9gen kereszt\u00fcl az <strong><em>\u00e9ttermek tan\u00fabizonys\u00e1got tesznek a t\u00e1rsadalmi felel\u0151ss\u00e9gv\u00e1llal\u00e1s ir\u00e1nti elk\u00f6telezetts\u00e9g\u00fckr\u0151l, \u00e9s vend\u00e9geiket is bevonj\u00e1k egy j\u00f3 \u00fcgy t\u00e1mogat\u00e1s\u00e1ba.<\/em><\/strong> Az Action Against Hunger t\u00e1mogat\u00e1st \u00e9s forr\u00e1sokat biztos\u00edt a r\u00e9sztvev\u0151 \u00e9ttermeknek, bele\u00e9rtve a <strong><em>prom\u00f3ci\u00f3s anyagokat, a k\u00e9pz\u00e9seken val\u00f3 r\u00e9szv\u00e9telt \u00e9s kapcsolat\u00e9p\u00edt\u00e9si lehet\u0151s\u00e9geket<\/em><\/strong>. A kamp\u00e1ny rendk\u00edv\u00fcl sikeresnek bizonyult az \u00e9lelmiszer-biztons\u00e1g hi\u00e1ny\u00e1ra val\u00f3 figyelemfelh\u00edv\u00e1sban \u00e9s az \u00e9ttermi \u00e1gazat t\u00e1mogat\u00e1s\u00e1nak mozg\u00f3s\u00edt\u00e1s\u00e1ban az \u00e9hez\u00e9s elleni sikeres k\u00fczdelemben.<\/p>\n<h3>Refettorio Felix<\/h3>\n<p>A Refettorio Felix egy k\u00f6z\u00f6ss\u00e9gi konyha \u00e9s szoci\u00e1lis projekt Mil\u00e1n\u00f3ban, Olaszorsz\u00e1gban, amelyet a neves s\u00e9f, Massimo Bottura alap\u00edtott. A szervezet helyi \u00e9ttermekkel, vend\u00e9gl\u00e1t\u00f3ipari c\u00e9gekkel \u00e9s \u00e9lelmiszer-szolg\u00e1ltat\u00f3kkal m\u0171k\u00f6dik egy\u00fctt, hogy megmentse a felesleges \u00e9lelmiszereket, \u00e9s \u00ednyenc \u00e9telekk\u00e9 alak\u00edtsa \u00e1t \u0151ket a r\u00e1szorul\u00f3k sz\u00e1m\u00e1ra. A Refettorio Felix <strong><em>hangs\u00falyozza az \u00e9lelmiszeradom\u00e1nyoz\u00f3kkal val\u00f3 szoros kapcsolat ki\u00e9p\u00edt\u00e9s\u00e9nek fontoss\u00e1g\u00e1t, rendszeres visszajelz\u00e9st \u00e9s t\u00e1j\u00e9koztat\u00e1st ny\u00fajt az adom\u00e1nyok hat\u00e1s\u00e1r\u00f3l, valamint nyilv\u00e1nos m\u00e9ltat\u00e1sok \u00e9s elismer\u0151 rendezv\u00e9nyek r\u00e9v\u00e9n ismeri el a donorok hozz\u00e1j\u00e1rul\u00e1s\u00e1t. <\/em><\/strong>A r\u00e9sztvev\u0151 szak\u00e1csok kulin\u00e1ris szak\u00e9rtelm\u00e9nek \u00e9s kreativit\u00e1s\u00e1nak kihaszn\u00e1l\u00e1s\u00e1val a Refettorio Felix k\u00e9pes a felesleges \u00e9lelmiszereket \u00edzletes \u00e9telekk\u00e9 alak\u00edtani, amelyek t\u00e1pl\u00e1lj\u00e1k a testet \u00e9s a lelket egyar\u00e1nt.<\/p>\n<p>A Refettorio Felix honlapja: <a href=\"https:\/\/www.refettoriofelix.com\/\">https:\/\/www.refettoriofelix.com\/<\/a><\/p>\n<h3>Carrefour &#8211; Solidarity Fridge<\/h3>\n<p>A Carrefour, a Spanyolorsz\u00e1gban er\u0151s jelenl\u00e9ttel rendelkez\u0151 multinacion\u00e1lis kiskereskedelmi v\u00e1llalat \u00fatt\u00f6r\u0151 szerepet j\u00e1tszott a szolidarit\u00e1si h\u0171t\u0151szekr\u00e9ny koncepci\u00f3j\u00e1ban az \u00e9lelmiszer-pazarl\u00e1s elleni k\u00fczdelem \u00e9s az \u00e9lelmiszerek helyi k\u00f6z\u00f6ss\u00e9geken bel\u00fcli megoszt\u00e1s\u00e1nak n\u00e9pszer\u0171s\u00edt\u00e9se \u00e9rdek\u00e9ben. A szolidarit\u00e1si h\u0171t\u0151szekr\u00e9nyek olyan nyilv\u00e1nos h\u0171t\u0151szekr\u00e9nyek, amelyeket hozz\u00e1f\u00e9rhet\u0151 helyeken, p\u00e9ld\u00e1ul szupermarketekben vagy k\u00f6z\u00f6ss\u00e9gi k\u00f6zpontokban helyeznek el, ahol mag\u00e1nszem\u00e9lyek \u00e9s v\u00e1llalkoz\u00e1sok adom\u00e1nyozhatnak felesleges \u00e9lelmiszereket, amelyeket m\u00e1sok szabadon \u00e1tvehetnek. A Carrefour t\u00e1mogatja \u00e9s n\u00e9pszer\u0171s\u00edti a szolidarit\u00e1si h\u0171t\u0151szekr\u00e9nyek telep\u00edt\u00e9s\u00e9t Spanyolorsz\u00e1g-szerte a v\u00e1llalati t\u00e1rsadalmi felel\u0151ss\u00e9gv\u00e1llal\u00e1s r\u00e9szek\u00e9nt, megk\u00f6nny\u00edtve az \u00e9lelmiszerek \u00fajraeloszt\u00e1s\u00e1t, mik\u00f6zben <strong>felh\u00edvja a figyelmet az \u00e9lelmiszer-pazarl\u00e1ssal kapcsolatos probl\u00e9m\u00e1kra<\/strong>.<\/p>\n<h3>Tesco<\/h3>\n<p>A Tesco a Community Food Connection programon kereszt\u00fcl j\u00f3t\u00e9konys\u00e1gi szervezeteknek \u00e9s k\u00f6z\u00f6ss\u00e9geknek adom\u00e1nyozza a felesleges \u00e9lelmiszereket. Ez \u00f6sszekapcsolja az \u00f6nk\u00e9nteseket a Tesco \u00e1ruh\u00e1zakkal egy olyan alkalmaz\u00e1s seg\u00edts\u00e9g\u00e9vel, amely megmutatja, milyen \u00e9lelmiszerek \u00e1llnak rendelkez\u00e9sre.<\/p>\n<p>A j\u00f3t\u00e9konys\u00e1gi szervezetek, k\u00f6z\u00f6ss\u00e9gi csoportok \u00e9s &#8220;Food Waste Heroes&#8221; (\u00f6nk\u00e9ntesek) ezut\u00e1n \u00f6sszegy\u0171jthetik az \u00e9lelmiszereket, hogy sz\u00e9toszthass\u00e1k vagy \u00e9telt k\u00e9sz\u00edtsenek bel\u0151l\u00fck. A Community Food Connection a FareShare \u00e9s az OLIO partners\u00e9g\u00e9vel val\u00f3sul meg. Az OLIO egy mobil alkalmaz\u00e1s az \u00e9lelmiszer eloszt\u00e1s megseg\u00edt\u00e9s\u00e9re, melynek c\u00e9lja, hogy cs\u00f6kentse az \u00e9lelmiszerpazarl\u00e1st. Ezt \u00fagy \u00e9ri el, hogy \u00f6sszekapcsolja az \u00e9lelmiszer-felesleggel rendelkez\u0151 szem\u00e9lyeket olyanokkal, akiknek erre sz\u00fcks\u00e9ge van. A Tesco egy\u00fcttm\u0171k\u00f6dik az OLIO-val a Community Food Connection programban. A FareShare pedig az Egyes\u00fclt Kir\u00e1lys\u00e1g 18 f\u00fcggetlen szervezetb\u0151l \u00e1ll\u00f3, j\u00f3t\u00e9konys\u00e1gi c\u00e9l\u00fa \u00e9lelmiszer-\u00fajraeloszt\u00f3k nemzeti h\u00e1l\u00f3zata. A Tesco egy sikeres egy\u00fcttm\u0171k\u00f6d\u00e9s ki\u00e9p\u00edt\u00e9s\u00e9vel, amely seg\u00edt a felesleges \u00e9lelmiszereket az arra r\u00e1szorul\u00f3 szervezetekhez \u00e9s emberekhez eljuttatni, 2016 \u00f3ta 166 milli\u00f3 adag \u00e9telt osztott \u00fajra a partnerh\u00e1l\u00f3zaton kereszt\u00fcl.<\/p>\n<p><a href=\"https:\/\/www.youtube.com\/watch?v=oHQQ5965izQ\">https:\/\/www.youtube.com\/watch?v=oHQQ5965izQ<\/a><\/p>\n<h3>WRAP &#8211; Az \u00e9lelmiszer d\u00e1tum\u00e1nak c\u00edmk\u00e9z\u00e9s\u00e9re, \u00e9s az \u00e9lelmiszer t\u00e1rol\u00e1s\u00e1ra ir\u00e1nyul\u00f3 j\u00f3gyakorlatok<\/h3>\n<p>A WRAP \u00e1ltal kidolgozott dokumentumban a szerz\u0151k \u00e1tfog\u00f3 \u00fatmutat\u00e1st ny\u00fajtanak az \u00e9lelmiszer d\u00e1tumc\u00edmk\u00e9k alkalmaz\u00e1s\u00e1r\u00f3l \u00e9s haszn\u00e1lat\u00e1r\u00f3l az Egyes\u00fclt Kir\u00e1lys\u00e1gban, amely az \u00e9lelmiszerterm\u00e9kek \u00e9letciklus\u00e1nak k\u00fcl\u00f6nb\u00f6z\u0151 szakaszaira terjed ki, a kezdeti tervez\u00e9st\u0151l \u00e9s fejleszt\u00e9st\u0151l az \u00e9rt\u00e9kes\u00edt\u00e9sig vagy \u00fajraeloszt\u00e1sig. Ennek oka, hogy vil\u00e1goss\u00e1 v\u00e1lt: ezen a ter\u00fcleten intenz\u00edv <strong>figyelemfelkelt\u00e9sre<\/strong> van sz\u00fcks\u00e9g. A c\u00e9l annak biztos\u00edt\u00e1sa, hogy az \u00e9lelmiszereket pontosan jellemezz\u00e9k, t\u00e1rolj\u00e1k \u00e9s biztons\u00e1gosan juttass\u00e1k el a fogyaszt\u00f3khoz, ez\u00e1ltal cs\u00f6kkentve az \u00e9lelmiszerpazarl\u00e1st. Az \u00fatmutat\u00f3 elmagyar\u00e1zza, hogy n\u00e9h\u00e1ny egyszer\u0171 gyakorlat alkalmaz\u00e1s\u00e1val &#8211; a szigor\u00fa \u00e9lelmiszerbiztons\u00e1gi elvek betart\u00e1sa mellett &#8211; hogyan lehet cs\u00f6kkenteni az \u00e9lelmiszer-pazarl\u00e1st, \u00e9s hogyan lehet seg\u00edteni az embereknek abban, hogy a legt\u00f6bbet hozz\u00e1k ki az \u00e9lelmiszerekb\u0151l. A dokumentum a d\u00e1tumc\u00edmk\u00e9z\u00e9ssel kapcsolatos k\u00fcl\u00f6nb\u00f6z\u0151 szempontokkal is foglalkozik, bele\u00e9rtve a d\u00e1tumc\u00edmk\u00e9k k\u00fcl\u00f6nb\u00f6z\u0151 t\u00edpusainak megismer\u00e9s\u00e9t, a c\u00edmk\u00e9z\u00e9shez sz\u00fcks\u00e9ges megfelel\u0151 d\u00e1tumok meghat\u00e1roz\u00e1s\u00e1t, a z\u00e1rt (felbont\u00e1s el\u0151tti) \u00e9s a nyitott (felbont\u00e1s ut\u00e1ni) eltarthat\u00f3s\u00e1gi id\u0151 maximaliz\u00e1l\u00e1s\u00e1t, a helyes t\u00e1rol\u00e1si tan\u00e1csokat, valamint a szok\u00e1sos csatorn\u00e1kon kereszt\u00fcl \u00e9rt\u00e9kes\u00edtett \u00e9lelmiszerekkel \u00e9s az \u00fajraeloszt\u00e1ssal kapcsolatos felel\u0151ss\u00e9gek meg\u00e9rt\u00e9s\u00e9t.<\/p>\n<p>A WRAP becsl\u00e9se szerint a term\u00e9kek \u00e9s a c\u00edmk\u00e9z\u00e9s megv\u00e1ltoztat\u00e1s\u00e1val mintegy 350 000 tonna elker\u00fclhet\u0151 \u00e9lelmiszerhullad\u00e9kot lehetne megel\u0151zni, \u00e9s az \u00fatmutat\u00f3 olyan t\u00e9m\u00e1kban ny\u00fajt bev\u00e1lt gyakorlatokat, mint a d\u00e1tumc\u00edmk\u00e9k, a term\u00e9k \u00e9lettartam\u00e1nak meghat\u00e1roz\u00e1sa, a t\u00e1rol\u00e1s \u00e9s a fagyaszt\u00e1si tan\u00e1csok.<\/p>\n<p><a href=\"https:\/\/wrap.org.uk\/sites\/default\/files\/2020-07\/WRAP-Food-labelling-guidance.pdf\">https:\/\/wrap.org.uk\/sites\/default\/files\/2020-07\/WRAP-Food-labelling-guidance.pdf<\/a><\/p>\n<h3>Zero Food Waste Cyprus<\/h3>\n<p>A Zero Food Waste Cyprus (ZFWCY) egy figyelemrem\u00e9lt\u00f3 kezdem\u00e9nyez\u00e9s, amely a k\u00f6rnyezetv\u00e9delem \u00e9s a t\u00e1rsadalmi felel\u0151ss\u00e9gv\u00e1llal\u00e1s \u00e9rt\u00e9keit tartja szem el\u0151tt. Ez az \u00f6nk\u00e9ntesek \u00e1ltal m\u0171k\u00f6dtetett szervezet elk\u00f6telezett az \u00e9lelmiszerpazarl\u00e1s cs\u00f6kkent\u00e9s\u00e9ben \u00e9s a k\u00f6z\u00f6ss\u00e9gek \u00e9lelmez\u00e9si bizonytalans\u00e1g elleni k\u00fczdelm\u00e9ben.<\/p>\n<p><img loading=\"lazy\" decoding=\"async\" class=\"size-full wp-image-2899 aligncenter\" src=\"http:\/\/www.res-food.eu\/wp-content\/uploads\/2024\/06\/Picture11.jpg\" alt=\"\" width=\"420\" height=\"255\" srcset=\"https:\/\/www.res-food.eu\/wp-content\/uploads\/2024\/06\/Picture11.jpg 420w, https:\/\/www.res-food.eu\/wp-content\/uploads\/2024\/06\/Picture11-300x182.jpg 300w\" sizes=\"(max-width: 420px) 100vw, 420px\" \/><\/p>\n<p>A ZFWCY az egy\u00e9bk\u00e9nt pazarl\u00e1sra \u00edt\u00e9lt \u00e9lelmiszerek \u00f6sszegy\u0171jt\u00e9s\u00e9vel \u00e9s \u00e1tir\u00e1ny\u00edt\u00e1s\u00e1val t\u00e1mogat\u00e1st ny\u00fajt a r\u00e1szorul\u00f3knak, mik\u00f6zben az \u00e9lelmiszer-pazarl\u00e1s probl\u00e9m\u00e1j\u00e1val is foglalkozik. A ReS-Food ciprusi projektcsoportj\u00e1nak k\u00e9pvisel\u0151je 2023 november\u00e9ben ell\u00e1togatott a ZFWCY-ba, hogy inform\u00e1lis megbesz\u00e9l\u00e9seket folytasson a csoportvezet\u0151kkel, \u00e9s gyakorlatias m\u00f3don r\u00e9szt vegyen a Saturday Aftermarket Activity-ben.<\/p>\n<p><strong><em>Kulcs Tev\u00e9kenys\u00e9gek \u00e9s M\u0171veletek:<\/em><\/strong><\/p>\n<p>A ZFWCY egy h\u00e9ten k\u00e9tszer m\u0171k\u00f6dik, szerd\u00e1nk\u00e9nt \u00e9s szombatonk\u00e9nt, amikor a csapat megl\u00e1togatja a helyi termel\u0151i piacokat Nicosia-ban. A l\u00e1togat\u00e1sok alatt \u00f6sszegy\u0171jtik az eladatlan term\u00e9keket az \u00e1rusokt\u00f3l, \u00edgy megel\u0151zve az \u00e9lelmiszer-pazarl\u00e1st. Az \u00e9telt ezut\u00e1n egy k\u00f6zponti eloszt\u00f3ba sz\u00e1ll\u00edtj\u00e1k, ahol ingyenesen el\u00e9rhet\u0151v\u00e9 v\u00e1lik olyan szem\u00e9lyek sz\u00e1m\u00e1ra, akik \u00e9lelmez\u00e9si bizonytalans\u00e1ggal k\u00fczdenek. A 2023. novemberi l\u00e1togat\u00e1sunk sor\u00e1n a szervezet m\u0171k\u00f6d\u00e9si hat\u00e9konys\u00e1ga nyilv\u00e1nval\u00f3 volt. Eredm\u00e9nyes rendszert alak\u00edtottak ki a b\u00e9k\u00e9s \u00e9s szervezett eloszt\u00e1si folyamat biztos\u00edt\u00e1s\u00e1ra. A kedvezm\u00e9nyezettek sz\u00e1mokat kapnak, az \u00e9lelmiszerek eloszt\u00e1sa sorrendben t\u00f6rt\u00e9nik, biztos\u00edtva a m\u00e9lt\u00e1nyoss\u00e1got \u00e9s a rendet. Az \u00e9lelmiszereket dobozokban helyezik el egy hossz\u00fa k\u00f6z\u00f6s asztalon, \u00edgy a kedvezm\u00e9nyezettek kiv\u00e1laszthatj\u00e1k, hogy mire van sz\u00fcks\u00e9g\u00fck.<\/p>\n<p><strong><em>Hat\u00e1s \u00e9s M\u00e9r\u00e9s:<\/em><\/strong><\/p>\n<p>A kezdem\u00e9nyez\u00e9s sikere k\u00e9t c\u00e9lkit\u0171z\u00e9sen alapul: a k\u00f6rnyezetv\u00e9delmen \u00e9s a k\u00f6z\u00f6ss\u00e9gi t\u00e1mogat\u00e1son. Ezeket a c\u00e9lkit\u0171z\u00e9seket m\u00e9rhet\u0151 m\u00e9r\u0151sz\u00e1mokkal \u00e9rt\u00e9kelik, mint p\u00e9ld\u00e1ul a havonta megmentett \u00e9lelmiszerek mennyis\u00e9g\u00e9vel \u00e9s a megmentett \u00e9lelmiszerek fajt\u00e1ival. A ZFWCY 2021-ben a havi 900-3000 kg \u00e9lelmiszer megment\u00e9s\u00e9r\u0151l sz\u00e1molt be.<\/p>\n<p><strong><em>Kih\u00edv\u00e1sok \u00e9s K\u00f6z\u00f6ss\u00e9gi Szerepv\u00e1llal\u00e1s:<\/em><\/strong><\/p>\n<p>A ZFWCY sikere \u00f6sszefon\u00f3dik a k\u00f6z\u00f6ss\u00e9gi szerepv\u00e1llal\u00e1ssal. A kezdem\u00e9nyez\u00e9s a k\u00f6z\u00f6ss\u00e9g tagjainak t\u00e1mogat\u00e1s\u00e1b\u00f3l \u00e9s akt\u00edv r\u00e9szv\u00e9tel\u00e9b\u0151l \u00e9l, akiket arra b\u00e1tor\u00edtanak, hogy \u00f6nk\u00e9ntesen aj\u00e1nlj\u00e1k fel idej\u00fcket \u00e9s er\u0151forr\u00e1saikat. E szerepv\u00e1llal\u00e1s r\u00e9v\u00e9n a ZFWCY nemcsak a k\u00fcldet\u00e9s\u00e9t seg\u00edti el\u0151, hanem a k\u00f6z\u00f6ss\u00e9gen bel\u00fcl a k\u00f6rnyezeti \u00e9s t\u00e1rsadalmi tudatoss\u00e1g kult\u00far\u00e1j\u00e1t is \u00e1polja.<\/p>\n<p><strong><em>El\u00e9rhet\u0151s\u00e9gek:<\/em><\/strong><\/p>\n<p>Tov\u00e1bbi inform\u00e1ci\u00f3\u00e9rt vagy r\u00e9szv\u00e9tel\u00e9rt mag\u00e1nszem\u00e9lyek \u00e9s szervezetek el tudj\u00e1k \u00e9rni ZFWCY-t a k\u00f6vetkez\u0151 e-mail c\u00edmen: <a href=\"mailto:zerofoodwastecy@gmail.com\">zerofoodwastecy@gmail.com<\/a><\/p>\n<p><strong><em>Tanuls\u00e1gok:<\/em><\/strong><\/p>\n<p>A Zero Food Waste Cyprus kezdem\u00e9nyez\u00e9s kiv\u00e1l\u00f3 p\u00e9ld\u00e1ja a hat\u00e9kony k\u00f6z\u00f6ss\u00e9gi alap\u00fa k\u00f6rnyezetv\u00e9delmi int\u00e9zked\u00e9seknek. Eredm\u00e9nyeik bizony\u00edtj\u00e1k a szervezett, \u00f6nk\u00e9ntesek \u00e1ltal ir\u00e1ny\u00edtott er\u0151fesz\u00edt\u00e9sek \u00e9rt\u00e9k\u00e9t az olyan t\u00e1rsadalmi kih\u00edv\u00e1sok kezel\u00e9s\u00e9ben, mint az \u00e9lelmiszer-pazarl\u00e1s -\u00e9s bizonytalans\u00e1g. A ZFWCY m\u0171k\u00f6d\u00e9s\u00e9nek legfontosabb tanuls\u00e1gai a k\u00f6vetkez\u0151k:<\/p>\n<ol>\n<li>A struktur\u00e1lt rendszerek fontoss\u00e1ga az adom\u00e1nyok eloszt\u00e1s\u00e1ban a rend \u00e9s a m\u00e9lt\u00e1nyoss\u00e1g fenntart\u00e1sa \u00e9rdek\u00e9ben.<\/li>\n<li>A sz\u00e1mszer\u0171s\u00edthet\u0151 hat\u00e1sm\u00e9r\u00e9sek ereje, amelyek nemcsak a kezdem\u00e9nyez\u00e9s siker\u00e9t m\u00e9rik, hanem eszk\u00f6zk\u00e9nt is szolg\u00e1lnak a helyi hat\u00f3s\u00e1gok \u00e9s az elad\u00f3k bevon\u00e1s\u00e1hoz a hullad\u00e9kcs\u00f6kkent\u00e9shez kapcsol\u00f3d\u00f3 p\u00e1rbesz\u00e9dbe.<\/li>\n<li>A k\u00f6z\u00f6ss\u00e9gi szerepv\u00e1llal\u00e1s \u00e9s az \u00f6nk\u00e9ntess\u00e9g kritikus szerepe az ilyen kezdem\u00e9nyez\u00e9sek fenntart\u00e1s\u00e1ban \u00e9s a k\u00f6rnyezet \u00e9s a t\u00e1rsadalmi j\u00f3l\u00e9t ir\u00e1nti kollekt\u00edv felel\u0151ss\u00e9g\u00e9rzet kialak\u00edt\u00e1s\u00e1ban.<\/li>\n<li>\u00a0 Az \u00e1tl\u00e1that\u00f3s\u00e1g sz\u00fcks\u00e9gess\u00e9ge a m\u0171veletekben, amint azt a ZFWCY statisztik\u00e1inak ny\u00edlt megoszt\u00e1sa is mutatja, ami n\u00f6veli a bizalmat \u00e9s az elsz\u00e1moltathat\u00f3s\u00e1got a nyilv\u00e1noss\u00e1g \u00e9s a partnerek szem\u00e9ben.<\/li>\n<\/ol>\n<p><em>El\u00e9rhet\u0151 anyagok:<\/em><\/p>\n<p><a href=\"https:\/\/wrap.org.uk\/sites\/default\/files\/2020-08\/WRAP-Surplus_food_redistribution_labelling_guide_May_2020_0.pdf\">https:\/\/wrap.org.uk\/sites\/default\/files\/2020-08\/WRAP-Surplus_food_redistribution_labelling_guide_May_2020_0.pdf<\/a><\/p>\n<h2><a id=\"subH4-8\"><\/a>Hivatkoz\u00e1sok<\/h2>\n<ol>\n<li><a href=\"https:\/\/www.nonprofits.freewill.com\/resources\/blog\/donor-stewardship\">https:\/\/www.nonprofits.freewill.com\/resources\/blog\/donor-stewardship<\/a><\/li>\n<li><a href=\"https:\/\/www.nonprofits.freewill.com\/resources\/blog\/donor-stewardship-best-practices\">https:\/\/www.nonprofits.freewill.com\/resources\/blog\/donor-stewardship-best-practices<\/a><\/li>\n<li>Refettorio Felix <a href=\"https:\/\/www.refettoriofelix.com\/\">https:\/\/www.refettoriofelix.com\/<\/a><em>Last access: 26 March 2024<\/em><\/li>\n<li>Tesco,\u00a0Redistributing\u00a0surplus\u00a0food<em>, <\/em><a href=\"https:\/\/www.tescoplc.com\/sustainability\/communities\/food-redistribution\">https:\/\/www.tescoplc.com\/sustainability\/communities\/food-redistribution<\/a><\/li>\n<li>Target,\u00a0measure,\u00a0act.\u00a0Food\u00a0Waste\u00a0Report\u00a02024 <a href=\"https:\/\/www.tescoplc.com\/media\/sm2hn54l\/tesco-food-waste-report-jan24-96.pdf\">https:\/\/www.tescoplc.com\/media\/sm2hn54l\/tesco-food-waste-report-jan24-96.pdf<\/a> <em>Last access:26 March 2024<\/em><\/li>\n<li><a href=\"https:\/\/www.uglyproduceisbeautiful.com\/\">https:\/\/www.uglyproduceisbeautiful.com\/<\/a> <em>Last access: 26 March 2024<\/em><\/li>\n<li>Zero Food Waste Cyprus, <a href=\"https:\/\/zfwcy.org\/\">https:\/\/zfwcy.org\/<\/a> <em>Last access: 26 March 2024<\/em><\/li>\n<li>WRAP, Labeling Guidance, Best practice on food date labelling and storage advice<em>, <\/em><a href=\"https:\/\/wrap.org.uk\/sites\/default\/files\/2020-07\/WRAP-Food-labelling-guidance.pdf\">https:\/\/wrap.org.uk\/sites\/default\/files\/2020-07\/WRAP-Food-labelling-guidance.pdf<\/a><em>, Last access: 26 March 2024<\/em><\/li>\n<\/ol>\n<h2><a id=\"subH4-9\"><\/a>Bemutatkoz\u00e1s<\/h2>\n<div class=\"ead-preview\"><div class=\"ead-document\" style=\"position: relative;\"><iframe src=\"\/\/view.officeapps.live.com\/op\/embed.aspx?src=https%3A%2F%2Fwww.res-food.eu%2Fwp-content%2Fuploads%2F2024%2F10%2Fcharity-best-practices-modul-4-HU.pptx-masolata.pptx\" title=\"Embedded Document\" class=\"ead-iframe\" style=\"width: 100%;height: 80%;border: none;min-height: 500px;\"><\/iframe><\/div><p class=\"embed_download\"><a href=\"https:\/\/www.res-food.eu\/wp-content\/uploads\/2024\/10\/charity-best-practices-modul-4-HU.pptx-masolata.pptx\" download >Let\u00f6lt\u00e9s [457.66 KB] <\/a><\/p><\/div>\n<h3 data-pm-slice=\"1 1 [&quot;orderedList&quot;,{&quot;order&quot;:1},&quot;listItem&quot;,null]\">Gratul\u00e1lunk a ReS-Food tanfolyam 4. modulj\u00e1nak elv\u00e9gz\u00e9s\u00e9hez. Ne felejtsd el megosztani az el\u00e9rt eredm\u00e9nyeidet a bar\u00e1taiddal!<\/h3>\n<div class=\"shariff\"><ul class=\"shariff-buttons theme-default orientation-horizontal buttonsize-medium\"><li class=\"shariff-button facebook shariff-nocustomcolor\" style=\"background-color:#4273c8\"><a href=\"https:\/\/www.facebook.com\/sharer\/sharer.php?u=https%3A%2F%2Fwww.res-food.eu%2Findex.php%2Fonline-training-humanitarian%2F%3Flesson%3D5\" title=\"Share on Facebook\" aria-label=\"Share on Facebook\" role=\"button\" rel=\"nofollow\" class=\"shariff-link\" style=\"; background-color:#3b5998; color:#fff\" target=\"_blank\"><span class=\"shariff-icon\" style=\"\"><svg width=\"32px\" height=\"20px\" xmlns=\"http:\/\/www.w3.org\/2000\/svg\" viewBox=\"0 0 18 32\"><path fill=\"#3b5998\" d=\"M17.1 0.2v4.7h-2.8q-1.5 0-2.1 0.6t-0.5 1.9v3.4h5.2l-0.7 5.3h-4.5v13.6h-5.5v-13.6h-4.5v-5.3h4.5v-3.9q0-3.3 1.9-5.2t5-1.8q2.6 0 4.1 0.2z\"\/><\/svg><\/span><span class=\"shariff-text\">share<\/span>&nbsp;<\/a><\/li><li class=\"shariff-button linkedin shariff-nocustomcolor\" style=\"background-color:#1488bf\"><a href=\"https:\/\/www.linkedin.com\/sharing\/share-offsite\/?url=https%3A%2F%2Fwww.res-food.eu%2Findex.php%2Fonline-training-humanitarian%2F%3Flesson%3D5\" title=\"Share on LinkedIn\" aria-label=\"Share on LinkedIn\" role=\"button\" rel=\"noopener nofollow\" class=\"shariff-link\" style=\"; background-color:#0077b5; color:#fff\" target=\"_blank\"><span class=\"shariff-icon\" style=\"\"><svg width=\"32px\" height=\"20px\" xmlns=\"http:\/\/www.w3.org\/2000\/svg\" viewBox=\"0 0 27 32\"><path fill=\"#0077b5\" d=\"M6.2 11.2v17.7h-5.9v-17.7h5.9zM6.6 5.7q0 1.3-0.9 2.2t-2.4 0.9h0q-1.5 0-2.4-0.9t-0.9-2.2 0.9-2.2 2.4-0.9 2.4 0.9 0.9 2.2zM27.4 18.7v10.1h-5.9v-9.5q0-1.9-0.7-2.9t-2.3-1.1q-1.1 0-1.9 0.6t-1.2 1.5q-0.2 0.5-0.2 1.4v9.9h-5.9q0-7.1 0-11.6t0-5.3l0-0.9h5.9v2.6h0q0.4-0.6 0.7-1t1-0.9 1.6-0.8 2-0.3q3 0 4.9 2t1.9 6z\"\/><\/svg><\/span><span class=\"shariff-text\">share<\/span>&nbsp;<\/a><\/li><li class=\"shariff-button twitter shariff-nocustomcolor\" style=\"background-color:#595959\"><a href=\"https:\/\/twitter.com\/share?url=https%3A%2F%2Fwww.res-food.eu%2Findex.php%2Fonline-training-humanitarian%2F%3Flesson%3D5&text=MODUL%204%3A%20J%C3%93GYAKORLATOK\" title=\"Share on X\" aria-label=\"Share on X\" role=\"button\" rel=\"noopener nofollow\" class=\"shariff-link\" style=\"; background-color:#000; color:#fff\" target=\"_blank\"><span class=\"shariff-icon\" style=\"\"><svg width=\"32px\" height=\"20px\" xmlns=\"http:\/\/www.w3.org\/2000\/svg\" viewBox=\"0 0 24 24\"><path fill=\"#000\" d=\"M14.258 10.152L23.176 0h-2.113l-7.747 8.813L7.133 0H0l9.352 13.328L0 23.973h2.113l8.176-9.309 6.531 9.309h7.133zm-2.895 3.293l-.949-1.328L2.875 1.56h3.246l6.086 8.523.945 1.328 7.91 11.078h-3.246zm0 0\"\/><\/svg><\/span><span class=\"shariff-text\">share<\/span>&nbsp;<\/a><\/li><\/ul><\/div>\n<p><a href=\"#_ftnref1\" name=\"_ftn1\"><\/a><\/p>\n","protected":false},"template":"","meta":{"_exactmetrics_skip_tracking":false,"_exactmetrics_sitenote_active":false,"_exactmetrics_sitenote_note":"","_exactmetrics_sitenote_category":0,"site-sidebar-layout":"default","site-content-layout":"","ast-site-content-layout":"default","site-content-style":"default","site-sidebar-style":"default","ast-global-header-display":"","ast-banner-title-visibility":"","ast-main-header-display":"","ast-hfb-above-header-display":"","ast-hfb-below-header-display":"","ast-hfb-mobile-header-display":"","site-post-title":"","ast-breadcrumbs-content":"","ast-featured-img":"","footer-sml-layout":"","theme-transparent-header-meta":"default","adv-header-id-meta":"","stick-header-meta":"","header-above-stick-meta":"","header-main-stick-meta":"","header-below-stick-meta":"","astra-migrate-meta-layouts":"set","ast-page-background-enabled":"default","ast-page-background-meta":{"desktop":{"background-color":"var(--ast-global-color-4)","background-image":"","background-repeat":"repeat","background-position":"center center","background-size":"auto","background-attachment":"scroll","background-type":"","background-media":"","overlay-type":"","overlay-color":"","overlay-opacity":"","overlay-gradient":""},"tablet":{"background-color":"","background-image":"","background-repeat":"repeat","background-position":"center center","background-size":"auto","background-attachment":"scroll","background-type":"","background-media":"","overlay-type":"","overlay-color":"","overlay-opacity":"","overlay-gradient":""},"mobile":{"background-color":"","background-image":"","background-repeat":"repeat","background-position":"center center","background-size":"auto","background-attachment":"scroll","background-type":"","background-media":"","overlay-type":"","overlay-color":"","overlay-opacity":"","overlay-gradient":""}},"ast-content-background-meta":{"desktop":{"background-color":"var(--ast-global-color-5)","background-image":"","background-repeat":"repeat","background-position":"center center","background-size":"auto","background-attachment":"scroll","background-type":"","background-media":"","overlay-type":"","overlay-color":"","overlay-opacity":"","overlay-gradient":""},"tablet":{"background-color":"var(--ast-global-color-5)","background-image":"","background-repeat":"repeat","background-position":"center center","background-size":"auto","background-attachment":"scroll","background-type":"","background-media":"","overlay-type":"","overlay-color":"","overlay-opacity":"","overlay-gradient":""},"mobile":{"background-color":"var(--ast-global-color-5)","background-image":"","background-repeat":"repeat","background-position":"center center","background-size":"auto","background-attachment":"scroll","background-type":"","background-media":"","overlay-type":"","overlay-color":"","overlay-opacity":"","overlay-gradient":""}}},"class_list":["post-2776","mathima","type-mathima","status-publish","hentry","course-training-humanitarian-hungarian"],"_links":{"self":[{"href":"https:\/\/www.res-food.eu\/index.php\/wp-json\/wp\/v2\/mathima\/2776","targetHints":{"allow":["GET"]}}],"collection":[{"href":"https:\/\/www.res-food.eu\/index.php\/wp-json\/wp\/v2\/mathima"}],"about":[{"href":"https:\/\/www.res-food.eu\/index.php\/wp-json\/wp\/v2\/types\/mathima"}],"wp:attachment":[{"href":"https:\/\/www.res-food.eu\/index.php\/wp-json\/wp\/v2\/media?parent=2776"}],"curies":[{"name":"wp","href":"https:\/\/api.w.org\/{rel}","templated":true}]}}