{"id":2802,"date":"2024-06-21T14:55:16","date_gmt":"2024-06-21T14:55:16","guid":{"rendered":"https:\/\/www.res-food.eu\/?post_type=mathima&#038;p=2802"},"modified":"2024-10-25T12:54:07","modified_gmt":"2024-10-25T12:54:07","slug":"m3-regenerative-food-supply-hungarian","status":"publish","type":"mathima","link":"https:\/\/www.res-food.eu\/index.php\/lesson\/m3-regenerative-food-supply-hungarian\/","title":{"rendered":"Modul 3: Meg\u00fajul\u00f3 \u00e9lelmiszer-ellatas"},"content":{"rendered":"<h1>MODUL 3: MEG\u00daJUL\u00d3 \u00c9LELMISZER-ELL\u00c1T\u00c1S<\/h1>\n<h2>Az \u00e9lelmiszer-ell\u00e1t\u00e1si rendszer: Bevezet\u00e9s a glob\u00e1lis \u00e9lelmiszerrendszerekbe<\/h2>\n<p>Az \u00e9lelmiszerrendszerek fogalma sokkal t\u00f6bbet takar, mint az \u00e9lelmiszertermel\u00e9s \u00e9s -fogyaszt\u00e1s. \u00d6sszef\u00fcgg\u0151 tev\u00e9kenys\u00e9gek komplex h\u00e1l\u00f3j\u00e1t foglalja mag\u00e1ban, amelyek a n\u00f6v\u00e9nytermeszt\u00e9st\u0151l <strong>az \u00e9lelmiszerhullad\u00e9k megsemmis\u00edt\u00e9s\u00e9ig <\/strong>terjednek. Az \u00e9lelmez\u00e9si rendszer l\u00e9nyege, hogy mag\u00e1ban foglalja az \u00e9lelmiszerterm\u00e9kek el\u0151\u00e1ll\u00edt\u00e1s\u00e1ban, \u00f6sszegy\u0171jt\u00e9s\u00e9ben, feldolgoz\u00e1s\u00e1ban, eloszt\u00e1s\u00e1ban, <strong>fogyaszt\u00e1s<\/strong>\u00e1ban \u00e9s <strong>megsemmis\u00edt\u00e9s<\/strong>\u00e9ben r\u00e9szt vev\u0151 valamennyi szerepl\u0151t \u00e9s folyamatot.<\/p>\n<p>K\u00e9pzelj\u00fcnk el egy hatalmas h\u00e1l\u00f3zatot, ahol a <strong>gazd\u00e1lkod\u00f3k<\/strong>, a feldolgoz\u00f3k, a forgalmaz\u00f3k, a kiskeresked\u0151k \u00e9s a fogyaszt\u00f3k k\u00fcl\u00f6nb\u00f6z\u0151 \u00e9rt\u00e9kn\u00f6vel\u0151 tev\u00e9kenys\u00e9geken kereszt\u00fcl kapcsol\u00f3dnak egym\u00e1shoz. Ezek a tev\u00e9kenys\u00e9gek gazdas\u00e1gi, t\u00e1rsadalmi \u00e9s k\u00f6rnyezeti kontextusban zajlanak, a t\u00e1rsadalom sz\u00e9lesebb dinamik\u00e1j\u00e1t alak\u00edtj\u00e1k \u00e9s form\u00e1lj\u00e1k.<\/p>\n<p>Glob\u00e1lis l\u00e9pt\u00e9kben az <strong>\u00e9lelmiszer-ell\u00e1t\u00e1si rendszer<\/strong> az <strong>\u00e9lelmiszertermel\u00e9s<\/strong>sel, -eloszt\u00e1ssal \u00e9s -fogyaszt\u00e1ssal kapcsolatos tev\u00e9kenys\u00e9gek \u00f6sszess\u00e9g\u00e9t foglalja mag\u00e1ban, amelyek nemzetek \u00e9s kontinensek k\u00f6z\u00f6tt zajlanak. Nem korl\u00e1tozz\u00e1k a f\u00f6ldrajzi hat\u00e1rok, hanem ink\u00e1bb \u00e1tl\u00e9pi azokat, mivel az \u00e9lelmiszerekkel vil\u00e1gszerte kereskednek \u00e9s sz\u00e1ll\u00edtj\u00e1k \u0151ket. Ez a glob\u00e1lis rendszer dinamikus \u00e9s sokr\u00e9t\u0171, folyamatosan fejl\u0151dik a technol\u00f3gia, a piacok, a jogszab\u00e1lyok \u00e9s a fogyaszt\u00f3i preferenci\u00e1k v\u00e1ltoz\u00e1saira reag\u00e1lva. Ez olyan t\u00e9nyez\u0151k \u00f6sszetett \u00f6sszj\u00e1t\u00e9k\u00e1t jelenti, mint a mez\u0151gazdas\u00e1gi gyakorlatok, a kereskedelmi meg\u00e1llapod\u00e1sok, az \u00e9ghajlati mint\u00e1k, a geopolitikai dinamika \u00e9s a kultur\u00e1lis hagyom\u00e1nyok.<\/p>\n<p>Az \u00e9lelmiszerrendszerek t\u00f6rt\u00e9nete a civiliz\u00e1ci\u00f3 hajnal\u00e1ig ny\u00falik vissza, amikor az emberek a vad\u00e1sz\u00f3-gy\u0171jt\u00f6get\u0151 \u00e9letm\u00f3dr\u00f3l \u00e1tt\u00e9rtek a letelepedett <strong>mez\u0151gazdas\u00e1gi t\u00e1rsadalmak<\/strong>ra. Ez az \u00e1tmenet m\u00e9lyrehat\u00f3 v\u00e1ltoz\u00e1st jelentett az \u00e9lelmiszertermel\u00e9s \u00e9s -fogyaszt\u00e1s m\u00f3dj\u00e1ban, \u00e9s megalapozta a m\u0171v\u00e9szet, a vall\u00e1s \u00e9s a korm\u00e1nyz\u00e1s fejl\u0151d\u00e9s\u00e9t.<\/p>\n<p>Az \u00e9vezredek sor\u00e1n az \u00e9lelmez\u00e9si rendszerek jelent\u0151s \u00e1talakul\u00e1son mentek kereszt\u00fcl, amelyet a technol\u00f3giai fejl\u0151d\u00e9s, a t\u00e1rsadalmi-gazdas\u00e1gi strukt\u00far\u00e1k v\u00e1ltoz\u00e1sa \u00e9s a t\u00e1pl\u00e1lkoz\u00e1si szok\u00e1sok v\u00e1ltoz\u00e1sa vezetett. A g\u00e9pes\u00edtett mez\u0151gazdas\u00e1g megjelen\u00e9s\u00e9t\u0151l az <strong>ipari<\/strong> \u00e9lelmiszer-feldolgoz\u00e1s felfut\u00e1s\u00e1ig minden korszak \u00faj kih\u00edv\u00e1sokat \u00e9s lehet\u0151s\u00e9geket hozott.<\/p>\n<p>A <strong>rendszerszint\u0171 megk\u00f6zel\u00edt\u00e9s<\/strong> azt jelenti, hogy az <strong>\u00e9lelmiszer-ell\u00e1t\u00e1si rendszer<\/strong> eg\u00e9sz\u00e9t kell vizsg\u00e1lni, ahelyett, hogy kiz\u00e1r\u00f3lag az egyes \u00f6sszetev\u0151kre \u00f6sszpontos\u00edtan\u00e1nk. Ez mag\u00e1ban foglalja a rendszerben l\u00e9tez\u0151 kapcsolatok \u00e9s <strong>visszacsatol\u00e1s<\/strong>i hurkok bonyolult h\u00e1l\u00f3j\u00e1nak elemz\u00e9s\u00e9t, felismerve a k\u00fcl\u00f6nb\u00f6z\u0151 szerepl\u0151k, folyamatok \u00e9s k\u00f6rnyezeti t\u00e9nyez\u0151k \u00f6sszekapcsol\u00f3d\u00e1s\u00e1t.<\/p>\n<p>Ez a megk\u00f6zel\u00edt\u00e9s elismeri, hogy az \u00e9lelmiszerrendszerek <strong>komplex adapt\u00edv rendszerek<\/strong>, amelyeket <strong>nem line\u00e1ris k\u00f6lcs\u00f6nhat\u00e1sok<\/strong> \u00e9s \u00fajonnan kialakul\u00f3 tulajdons\u00e1gok jellemeznek. Hangs\u00falyozza a rendszer m\u00f6g\u00f6ttes dinamik\u00e1j\u00e1nak \u00e9s mozgat\u00f3rug\u00f3inak, valamint a nem sz\u00e1nd\u00e9kos k\u00f6vetkezm\u00e9nyekben \u00e9s <strong>visszacsatol\u00e1s<\/strong>okban rejl\u0151 lehet\u0151s\u00e9gek meg\u00e9rt\u00e9s\u00e9nek fontoss\u00e1g\u00e1t.<\/p>\n<p><strong>Az \u00e9lelmiszer \u00fatja a termel\u00e9st\u0151l a szupermarketig &amp; Ho.Re.Ca szektorig:<\/strong><\/p>\n<p>A glob\u00e1lis <strong>\u00e9lelmiszer-ell\u00e1t\u00e1si l\u00e1nc<\/strong> bonyolult h\u00e1l\u00f3j\u00e1ban minden egyes term\u00e9k leny\u0171g\u00f6z\u0151 utat tesz meg, miel\u0151tt az asztalunkra ker\u00fcl. A term\u0151f\u00f6ldekt\u0151l, ahol a n\u00f6v\u00e9nyeket termesztik, a szupermarketek ny\u00fczsg\u0151 folyos\u00f3in \u00e1t az \u00e9ttermek zs\u00fafolt konyh\u00e1iig a folyamat minden egyes l\u00e9p\u00e9se (1. \u00e1bra) d\u00f6nt\u0151 szerepet j\u00e1tszik abban, hogy friss, j\u00f3 min\u0151s\u00e9g\u0171 \u00e9lelmiszerekhez jussunk.<\/p>\n<figure id=\"attachment_3787\" aria-describedby=\"caption-attachment-3787\" style=\"width: 695px\" class=\"wp-caption alignnone\"><img fetchpriority=\"high\" decoding=\"async\" class=\"size-full wp-image-3787\" src=\"http:\/\/www.res-food.eu\/wp-content\/uploads\/2024\/07\/Screenshot-2024-07-04-154647.png\" alt=\"\u00c1bra 1.: Az \u00e9lelmiszer-ell\u00e1t\u00e1si l\u00e1nc \u00fatj\u00e1nak k\u00fcl\u00f6nb\u00f6z\u0151 l\u00e9p\u00e9sei\" width=\"695\" height=\"288\" srcset=\"https:\/\/www.res-food.eu\/wp-content\/uploads\/2024\/07\/Screenshot-2024-07-04-154647.png 695w, https:\/\/www.res-food.eu\/wp-content\/uploads\/2024\/07\/Screenshot-2024-07-04-154647-300x124.png 300w\" sizes=\"(max-width: 695px) 100vw, 695px\" \/><figcaption id=\"caption-attachment-3787\" class=\"wp-caption-text\">\u00c1bra 1.: Az \u00e9lelmiszer-ell\u00e1t\u00e1si l\u00e1nc \u00fatj\u00e1nak k\u00fcl\u00f6nb\u00f6z\u0151 l\u00e9p\u00e9sei<\/figcaption><\/figure>\n<p><strong>\u0391. Termel\u00e9si szakasz:<\/strong><\/p>\n<p>Az <strong>\u00e9lelmiszer-ell\u00e1t\u00e1si l\u00e1nc<\/strong> k\u00f6z\u00e9ppontj\u00e1ban a <strong>termel\u00e9si szakasz<\/strong> \u00e1ll, ahol a <strong>gazd\u00e1k<\/strong> termesztik \u00e9s \u00e1polj\u00e1k a k\u00fcl\u00f6nf\u00e9le n\u00f6v\u00e9nyeket \u00e9s \u00e1llatokat. Ez a szakasz sz\u00e1mtalan tev\u00e9kenys\u00e9get foglal mag\u00e1ban, a talaj el\u0151k\u00e9sz\u00edt\u00e9s\u00e9t\u0151l \u00e9s az \u00fcltet\u00e9st\u0151l az \u00f6nt\u00f6z\u00e9sig, a n\u00f6v\u00e9nyv\u00e9delemig \u00e9s a betakar\u00edt\u00e1sig. Az olyan t\u00e9nyez\u0151k, mint a talajmin\u0151s\u00e9g, az \u00e9ghajlat \u00e9s a domborzat befoly\u00e1solj\u00e1k a mez\u0151gazdas\u00e1gi gyakorlatot, alak\u00edtj\u00e1k a termesztett n\u00f6v\u00e9nyek t\u00edpusait \u00e9s az alkalmazott m\u00f3dszereket.<\/p>\n<p><strong>\u0392. Betakar\u00edt\u00e1s \u00e9s v\u00e1logat\u00e1s:<\/strong><\/p>\n<p>Amint a n\u00f6v\u00e9nyek el\u00e9rik az \u00e9retts\u00e9get, betakar\u00edt\u00e1si folyamatnak vetik al\u00e1 \u0151ket, ahol gondosan leszedik, \u00f6sszegy\u0171jtik vagy betakar\u00edtj\u00e1k \u0151ket a f\u00f6ldekr\u0151l. Ez a szakasz precizit\u00e1st \u00e9s a r\u00e9szletekre val\u00f3 odafigyel\u00e9st ig\u00e9nyel az optim\u00e1lis hozam \u00e9s min\u0151s\u00e9g biztos\u00edt\u00e1sa \u00e9rdek\u00e9ben. A betakar\u00edt\u00e1st k\u00f6vet\u0151en a term\u00e9nyeket k\u00fcl\u00f6nb\u00f6z\u0151 krit\u00e9riumok, p\u00e9ld\u00e1ul a m\u00e9ret, a sz\u00edn, az \u00e9retts\u00e9g \u00e9s a megjelen\u00e9s alapj\u00e1n v\u00e1logatj\u00e1k \u00e9s oszt\u00e1lyozz\u00e1k. Ez biztos\u00edtja, hogy csak a legjobb min\u0151s\u00e9g\u0171 term\u00e9kek ker\u00fcljenek a piacra, amelyek megfelelnek a szupermarketek \u00e9s a Ho.Re.Ca szektorok szigor\u00fa el\u0151\u00edr\u00e1sainak.<\/p>\n<p><strong style=\"font-size: 16px;\">C. Tiszt\u00edt\u00e1s \u00e9s csomagol\u00e1s:<\/strong><\/p>\n<p>A v\u00e1logat\u00e1s ut\u00e1n a term\u00e9keket alapos tiszt\u00edt\u00e1snak vetik al\u00e1, hogy elt\u00e1vol\u00edts\u00e1k a szennyez\u0151d\u00e9seket, t\u00f6rmel\u00e9ket \u00e9s k\u00e1ros anyagokat. Ez a l\u00e9p\u00e9s alapvet\u0151 fontoss\u00e1g\u00fa az \u00e9lelmiszerbiztons\u00e1g \u00e9s a higi\u00e9nia szempontj\u00e1b\u00f3l, mivel seg\u00edt cs\u00f6kkenteni az \u00e9lelmiszer eredet\u0171 megbeteged\u00e9sek \u00e9s a szennyez\u0151d\u00e9sek kock\u00e1zat\u00e1t. A tiszt\u00edt\u00e1s ut\u00e1n a term\u00e9keket gondosan csomagolj\u00e1k, hogy a sz\u00e1ll\u00edt\u00e1s \u00e9s a t\u00e1rol\u00e1s sor\u00e1n v\u00e9dve legyenek. A csomagol\u00e1s nemcsak a tart\u00f3s\u00edt\u00e1s eszk\u00f6ze, hanem marketingeszk\u00f6z is, amely n\u00f6veli a term\u00e9kek vizu\u00e1lis vonzerej\u00e9t \u00e9s eltarthat\u00f3s\u00e1g\u00e1t.<\/p>\n<p><strong style=\"font-size: 16px;\">D. H\u0171t\u00e9s, t\u00e1rol\u00e1s \u00e9s sz\u00e1ll\u00edt\u00e1s:<\/strong><\/p>\n<p>A frissess\u00e9g \u00e9s a min\u0151s\u00e9g meg\u0151rz\u00e9se \u00e9rdek\u00e9ben a term\u00e9keket a piacra sz\u00e1ll\u00edt\u00e1s el\u0151tt h\u0151m\u00e9rs\u00e9klet-szab\u00e1lyozott l\u00e9tes\u00edtm\u00e9nyekben h\u0171tik \u00e9s t\u00e1rolj\u00e1k. Ez a l\u00e9p\u00e9s seg\u00edt meghosszabb\u00edtani a romland\u00f3 \u00e1ruk eltarthat\u00f3s\u00e1gi idej\u00e9t, cs\u00f6kkenti az <strong>\u00e9lelmiszer-pazarl\u00e1s<\/strong>t, \u00e9s biztos\u00edtja, hogy a fogyaszt\u00f3k friss, kiv\u00e1l\u00f3 min\u0151s\u00e9g\u0171 term\u00e9keket kapjanak. A sz\u00e1ll\u00edt\u00e1s kritikus szerepet j\u00e1tszik az <strong>\u00e9lelmiszer-ell\u00e1t\u00e1si l\u00e1nc<\/strong>ban: h\u0171t\u0151kamionok \u00e9s kont\u00e9nerek seg\u00edtik az \u00e1ruk mozg\u00e1s\u00e1t a gazdas\u00e1gokb\u00f3l a szupermarketekbe \u00e9s a Ho.Re.Ca l\u00e9tes\u00edtm\u00e9nyekbe.<\/p>\n<p><strong style=\"font-size: 16px;\">E. Kisz\u00e1ll\u00edt\u00e1s, polcra ker\u00fcl\u00e9s \u00e9s v\u00e1s\u00e1rl\u00e1s:<\/strong><\/p>\n<p>A szupermarketekbe \u00e9s a Ho.Re.Ca l\u00e9tes\u00edtm\u00e9nyekbe \u00e9rkez\u00e9skor a term\u00e9keket kirakodj\u00e1k, ellen\u0151rzik, \u00e9s elhelyezik azokat. Ez a szakasz mag\u00e1ban foglalja a gondos kezel\u00e9st \u00e9s term\u00e9kelhelyez\u00e9st a <strong>fogyaszt\u00f3k<\/strong> megnyer\u00e9se \u00e9s az \u00e9rt\u00e9kes\u00edt\u00e9s el\u0151seg\u00edt\u00e9se \u00e9rdek\u00e9ben. A frissess\u00e9g meg\u0151rz\u00e9se \u00e9s az eltarthat\u00f3s\u00e1gi id\u0151 meghosszabb\u00edt\u00e1sa \u00e9rdek\u00e9ben a felesleges term\u00e9keket h\u0171t\u00f6tt egys\u00e9gekben vagy a h\u00e1z m\u00f6g\u00f6tti ter\u00fcleteken t\u00e1rolj\u00e1k. A <strong>fogyaszt\u00f3k<\/strong>nak lehet\u0151s\u00e9g\u00fck van a friss gy\u00fcm\u00f6lcs\u00f6k, z\u00f6lds\u00e9gek \u00e9s egy\u00e9b term\u00e9kek sz\u00e9les v\u00e1laszt\u00e9k\u00e1b\u00f3l v\u00e1lasztani, ami az \u00e9lelmiszerell\u00e1t\u00e1s cs\u00facspontj\u00e1t jelenti.<\/p>\n<h2><a id=\"sub3-1\"><\/a>Hat\u00e9kony m\u00f3dszerek az \u00e9lelmiszer-pazarl\u00e1s kezel\u00e9s\u00e9re a szupermarketekben \u00e9s a Ho.Re.Ca szektorokban<\/h2>\n<p>Az \u00e9lelmiszerpazarl\u00e1s k\u00e9rd\u00e9se egyre ink\u00e1bb a figyelem k\u00f6z\u00e9ppontj\u00e1ba ker\u00fclt, mivel a szupermarketek \u00e9s a vend\u00e9gl\u00e1t\u00f3ipar &#8211; bele\u00e9rtve a sz\u00e1llod\u00e1kat, \u00e9ttermeket \u00e9s k\u00e1v\u00e9z\u00f3kat (Ho.Re.Ca) &#8211; egyre nagyobb nyom\u00e1snak vannak kit\u00e9ve, hogy foglalkozzanak ezzel a probl\u00e9m\u00e1val. Felismerve a helyzet s\u00fcrg\u0151ss\u00e9g\u00e9t, az ipar\u00e1gak \u00e9rdekelt felei innovat\u00edv strat\u00e9gi\u00e1kat dolgoznak ki a hullad\u00e9ktermel\u00e9s minimaliz\u00e1l\u00e1s\u00e1ra \u00e9s a fenntarthat\u00f3s\u00e1g el\u0151mozd\u00edt\u00e1s\u00e1ra az <strong>\u00e9lelmiszerell\u00e1t\u00e1si l\u00e1nc<\/strong> eg\u00e9sz\u00e9ben. A munkat\u00e1rsak bevon\u00e1s\u00e1t\u00f3l \u00e9s az ell\u00e1t\u00e1si l\u00e1nc ir\u00e1ny\u00edt\u00e1s\u00e1nak optimaliz\u00e1l\u00e1s\u00e1t\u00f3l kezdve a fogyaszt\u00f3i magatart\u00e1s befoly\u00e1sol\u00e1s\u00e1n \u00e1t a digit\u00e1lis technol\u00f3gi\u00e1k kihaszn\u00e1l\u00e1s\u00e1ig, a sokoldal\u00fa megk\u00f6zel\u00edt\u00e9s elengedhetetlen az \u00e9rdemi v\u00e1ltoz\u00e1s el\u00e9r\u00e9s\u00e9hez.<\/p>\n<p>\u00cdme n\u00e9h\u00e1ny hat\u00e9kony m\u00f3dszer az <strong>\u00e9lelmiszerpazarl\u00e1s<\/strong> kezel\u00e9s\u00e9re a szupermarketekben \u00e9s a Ho.Re.Ca szektorokban, a <strong>fenntarthat\u00f3bb<\/strong> j\u00f6v\u0151 megteremt\u00e9s\u00e9t c\u00e9lz\u00f3 strat\u00e9gi\u00e1k \u00e9s megold\u00e1sok soksz\u00edn\u0171s\u00e9g\u00e9nek felt\u00e1r\u00e1s\u00e1val.<\/p>\n<ul>\n<li><strong>Vezet\u0151i \u00e9s munkav\u00e1llal\u00f3i elk\u00f6telezetts\u00e9g<\/strong>: A vezet\u0151 poz\u00edci\u00f3kban l\u00e9v\u0151k \u00e9s az alkalmazottak bevon\u00e1sa a hullad\u00e9kcs\u00f6kkent\u00e9si kezdem\u00e9nyez\u00e9sekbe kiemelked\u0151 fontoss\u00e1g\u00fa a fenntarthat\u00f3s\u00e1g kult\u00far\u00e1j\u00e1nak meghonos\u00edt\u00e1sa \u00e9rdek\u00e9ben a szupermarketekben \u00e9s a Ho.Re.Ca l\u00e9tes\u00edtm\u00e9nyekben. T\u00f6bbr\u0151l van sz\u00f3, mint az ir\u00e1nyelvek kiad\u00e1s\u00e1r\u00f3l, sokkal ink\u00e1bb arr\u00f3l, hogy a munkat\u00e1rsak k\u00f6z\u00f6tt megteremts\u00fck a k\u00f6z\u00f6s felel\u0151ss\u00e9g \u00e9s a felel\u0151ss\u00e9gv\u00e1llal\u00e1s \u00e9rz\u00e9s\u00e9t. A hullad\u00e9kcs\u00f6kkent\u00e9s jelent\u0151s\u00e9g\u00e9t hangs\u00falyoz\u00f3 er\u0151teljes k\u00e9pz\u00e9si programok, valamint az olyan \u00f6szt\u00f6nz\u0151k, mint a teljes\u00edtm\u00e9nyb\u00f3nuszok vagy elismer\u00e9si programok motiv\u00e1lj\u00e1k a munkav\u00e1llal\u00f3kat, hogy akt\u00edvan r\u00e9szt vegyenek a hullad\u00e9kcs\u00f6kkent\u00e9sre ir\u00e1nyul\u00f3 er\u0151fesz\u00edt\u00e9sekben. A fenntarthat\u00f3s\u00e1g ir\u00e1nti kollekt\u00edv elk\u00f6telezetts\u00e9g el\u0151mozd\u00edt\u00e1s\u00e1val a szervezetek teljes m\u00e9rt\u00e9kben kiakn\u00e1zhatj\u00e1k munkat\u00e1rsaik potenci\u00e1lj\u00e1t az \u00e9rdemi v\u00e1ltoz\u00e1s \u00f6szt\u00f6nz\u00e9s\u00e9ben.<\/li>\n<li><strong>\u00a0Ell\u00e1t\u00e1si l\u00e1nc menedzsment (SCM):<\/strong> A hat\u00e9kony SCM-strat\u00e9gi\u00e1k kulcsfontoss\u00e1g\u00faak a hullad\u00e9k minimaliz\u00e1l\u00e1s\u00e1ban a teljes ell\u00e1t\u00e1si l\u00e1ncban. Ez mag\u00e1ban foglalja a beszerz\u00e9si gyakorlatok optimaliz\u00e1l\u00e1s\u00e1t, a k\u00e9szletgazd\u00e1lkod\u00e1s racionaliz\u00e1l\u00e1s\u00e1t, valamint a sz\u00e1ll\u00edt\u00e1s \u00e9s t\u00e1rol\u00e1s sor\u00e1n fell\u00e9p\u0151 \u00e9lelmiszer-vesztes\u00e9gek cs\u00f6kkent\u00e9s\u00e9t. A besz\u00e1ll\u00edt\u00f3kkal val\u00f3 szoros egy\u00fcttm\u0171k\u00f6d\u00e9s \u00e9s az innovat\u00edv technol\u00f3gi\u00e1k, p\u00e9ld\u00e1ul a megel\u0151z\u0151 elemz\u00e9s \u00e9s a kereslet el\u0151rejelz\u0151 eszk\u00f6z\u00f6k kihaszn\u00e1l\u00e1sa lehet\u0151v\u00e9 teszi a szupermarketek \u00e9s a Ho.Re.Ca szektora sz\u00e1m\u00e1ra, hogy optimaliz\u00e1lj\u00e1k ell\u00e1t\u00e1si l\u00e1ncaikat, ez\u00e1ltal minimaliz\u00e1lj\u00e1k a pazarl\u00e1st \u00e9s maximaliz\u00e1lj\u00e1k a hat\u00e9konys\u00e1got. Az SCM proakt\u00edv megk\u00f6zel\u00edt\u00e9s\u00e9nek elfogad\u00e1s\u00e1val a szervezetek kezelhetik a hat\u00e9konys\u00e1gi hi\u00e1nyoss\u00e1gokat, \u00e9s n\u00f6velhetik m\u0171k\u00f6d\u00e9s\u00fck ellen\u00e1ll\u00f3 k\u00e9pess\u00e9g\u00e9t a hullad\u00e9kkal kapcsolatos kih\u00edv\u00e1sokkal szemben.<\/li>\n<li><strong>Elk\u00e9sz\u00edt\u00e9si \u00e9s t\u00e1lal\u00e1si strat\u00e9gi\u00e1k:<\/strong> Az \u00e9telk\u00e9sz\u00edt\u00e9s \u00e9s t\u00e1lal\u00e1s sor\u00e1n keletkez\u0151 pazarl\u00e1s minimaliz\u00e1l\u00e1sa k\u00fcl\u00f6nb\u00f6z\u0151 t\u00e9nyez\u0151kre, t\u00f6bbek k\u00f6z\u00f6tt a receptek megtervez\u00e9s\u00e9re, az adagok szab\u00e1lyoz\u00e1s\u00e1ra \u00e9s a konyhai m\u0171veletekre val\u00f3 apr\u00f3l\u00e9kos odafigyel\u00e9st ig\u00e9nyel. A konyhai szem\u00e9lyzet folyamatos k\u00e9pz\u00e9se a hullad\u00e9kcs\u00f6kkent\u00e9si technik\u00e1kr\u00f3l, p\u00e9ld\u00e1ul a megfelel\u0151 adagol\u00e1sr\u00f3l \u00e9s a marad\u00e9kok kreat\u00edv felhaszn\u00e1l\u00e1s\u00e1r\u00f3l, nagyban hozz\u00e1j\u00e1rul az<strong> \u00e9lelmiszerpazarl\u00e1s <\/strong>visszaszor\u00edt\u00e1s\u00e1hoz annak forr\u00e1s\u00e1n\u00e1l. Emellett az \u00f6sszetev\u0151k el\u00e9rhet\u0151s\u00e9g\u00e9n \u00e9s frissess\u00e9g\u00e9n alapul\u00f3 dinamikus \u00e1rk\u00e9pz\u00e9si strat\u00e9gi\u00e1k arra \u00f6szt\u00f6n\u00f6zhetik a v\u00e1s\u00e1rl\u00f3kat, hogy <strong>fenntarthat\u00f3bb<\/strong> d\u00f6nt\u00e9seket hozzanak, \u00e9s ezzel egyidej\u0171leg cs\u00f6kkents\u00e9k a pazarl\u00e1st.\u00a0Az el\u0151k\u00e9sz\u00edt\u00e9si \u00e9s t\u00e1lal\u00e1si folyamatok optimaliz\u00e1l\u00e1s\u00e1val a szervezetek cs\u00f6kkenthetik a hullad\u00e9k keletkez\u00e9s\u00e9t an\u00e9lk\u00fcl, hogy az a min\u0151s\u00e9g vagy a vev\u0151i el\u00e9gedetts\u00e9g rov\u00e1s\u00e1ra menne.<\/li>\n<li><strong>Fogyaszt<\/strong><strong>\u00f3<\/strong><strong>i<\/strong> <strong>magatart<\/strong><strong>\u00e1<\/strong><strong>s<\/strong><strong>:<\/strong> A fogyaszt\u00f3i magatart\u00e1s befoly\u00e1sol\u00e1sa sokr\u00e9t\u0171 t\u00f6rekv\u00e9s, amely az oktat\u00e1s, az \u00f6szt\u00f6nz\u0151k \u00e9s a viselked\u00e9si szempontok kombin\u00e1ci\u00f3j\u00e1t ig\u00e9nyli. A szupermarketek \u00e9s a Ho.Re.Ca l\u00e9tes\u00edtm\u00e9nyek k\u00fcl\u00f6nb\u00f6z\u0151 csatorn\u00e1kon, t\u00f6bbek k\u00f6z\u00f6tt a feliratokon, a k\u00f6z\u00f6ss\u00e9gi m\u00e9di\u00e1ban \u00e9s a h\u0171s\u00e9gprogramokon kereszt\u00fcl felh\u00edvhatj\u00e1k a figyelmet az <strong>\u00e9<\/strong><strong>lelmiszerpazarl<\/strong><strong>\u00e1<\/strong><strong>s<\/strong> k\u00f6rnyezeti \u00e9s t\u00e1rsadalmi hat\u00e1saira. A nem t\u00f6k\u00e9letes term\u00e9kek v\u00e1s\u00e1rl\u00e1s\u00e1ra vonatkoz\u00f3 kedvezm\u00e9nyek felaj\u00e1nl\u00e1sa vagy olyan jutalmaz\u00e1si programok bevezet\u00e9se, amelyek arra \u00f6szt\u00f6nzik a v\u00e1s\u00e1rl\u00f3kat, hogy saj\u00e1t t\u00e1rol\u00f3ed\u00e9nyt hozzanak magukkal az elvitelre sz\u00e1nt \u00e9telekhez, \u00f6szt\u00f6n\u00f6zheti a <strong>fenntarthat<\/strong><strong>\u00f3<\/strong><strong>bb<\/strong> fogyaszt\u00e1si szok\u00e1sokat. A <strong>fogyaszt<\/strong><strong>\u00f3<\/strong><strong>k<\/strong> ismeretekkel \u00e9s \u00f6szt\u00f6nz\u0151kkel val\u00f3 felruh\u00e1z\u00e1s\u00e1val a szervezetek el\u0151seg\u00edthetik a hullad\u00e9kcs\u00f6kkent\u00e9s ir\u00e1nti kollekt\u00edv elk\u00f6telezetts\u00e9get, \u00e9s pozit\u00edv magatart\u00e1sbeli v\u00e1ltoz\u00e1sokat id\u00e9zhetnek el\u0151.<\/li>\n<li><strong>Inform<\/strong><strong>\u00e1<\/strong><strong>ci<\/strong><strong>\u00f3 <\/strong><strong>csere<\/strong><strong> \u00e9<\/strong><strong>s<\/strong> <strong>alternat<\/strong><strong>\u00ed<\/strong><strong>v<\/strong> <strong>\u00fa<\/strong><strong>tic<\/strong><strong>\u00e9<\/strong><strong>lok<\/strong>: A szem\u00e9lyzet \u00e9s a v\u00e1s\u00e1rl\u00f3k k\u00f6z\u00f6tti egy\u00e9rtelm\u0171 kommunik\u00e1ci\u00f3 alapvet\u0151 fontoss\u00e1g\u00fa az <strong>\u00e9<\/strong><strong>lelmiszerpazarl<\/strong><strong>\u00e1<\/strong><strong>s<\/strong>hoz vezet\u0151 f\u00e9lre\u00e9rt\u00e9sek minimaliz\u00e1l\u00e1s\u00e1hoz. A lej\u00e1rati d\u00e1tumokra vonatkoz\u00f3 szabv\u00e1nyos\u00edtott c\u00edmk\u00e9z\u00e9si rendszerek bevezet\u00e9se \u00e9s az \u00e9lelmiszerek t\u00e1rol\u00e1s\u00e1ra \u00e9s kezel\u00e9s\u00e9re vonatkoz\u00f3 inform\u00e1ci\u00f3k ny\u00fajt\u00e1sa lehet\u0151v\u00e9 teszi a <strong>fogyaszt<\/strong><strong>\u00f3<\/strong><strong>k<\/strong> sz\u00e1m\u00e1ra, hogy megalapozott d\u00f6nt\u00e9seket hozzanak, \u00e9s cs\u00f6kkents\u00e9k az otthoni pazarl\u00e1st. \u00a0Ezenk\u00edv\u00fcl a felesleges \u00e9lelmiszerek alternat\u00edv rendeltet\u00e9si helyeinek felt\u00e1r\u00e1sa, p\u00e9ld\u00e1ul az \u00e9lelmiszerbankokkal vagy komposzt\u00e1l\u00f3 l\u00e9tes\u00edtm\u00e9nyekkel val\u00f3 partners\u00e9gek, biztos\u00edtja, hogy az er\u0151forr\u00e1sok elker\u00fclj\u00e9k a hullad\u00e9klerak\u00f3kat \u00e9s <strong>fenntarthat<\/strong><strong>\u00f3 <\/strong><strong>m<\/strong><strong>\u00f3<\/strong><strong>don<\/strong> hasznos\u00edts\u00e1k \u0151ket \u00fajra. Az \u00e1tl\u00e1that\u00f3 kommunik\u00e1ci\u00f3 el\u0151mozd\u00edt\u00e1s\u00e1val \u00e9s az innovat\u00edv megold\u00e1sok felt\u00e1r\u00e1s\u00e1val a szervezetek minimaliz\u00e1lhatj\u00e1k a hullad\u00e9k keletkez\u00e9s\u00e9t, mik\u00f6zben maximaliz\u00e1lhatj\u00e1k az er\u0151forr\u00e1sok kihaszn\u00e1l\u00e1s\u00e1t.<\/li>\n<li><strong>Bizony<\/strong><strong>\u00ed<\/strong><strong>t<\/strong><strong>\u00e9<\/strong><strong>kok<\/strong><strong> \u00e9<\/strong><strong>s<\/strong> <strong>aj<\/strong><strong>\u00e1<\/strong><strong>nl<\/strong><strong>\u00e1<\/strong><strong>sok<\/strong><strong>:<\/strong> A bizony\u00edt\u00e9kokon alapul\u00f3 beavatkoz\u00e1sok rangsorol\u00e1sa alapvet\u0151 fontoss\u00e1g\u00fa annak biztos\u00edt\u00e1s\u00e1hoz, hogy a forr\u00e1sokat hat\u00e9konyan ossz\u00e1k el a legnagyobb hat\u00e1st kiv\u00e1lt\u00f3 strat\u00e9gi\u00e1kra. A szupermarketek \u00e9s a Ho.Re.Ca szektorok felhaszn\u00e1lhatj\u00e1k a megl\u00e9v\u0151 kutat\u00e1si eredm\u00e9nyeket \u00e9s esettanulm\u00e1nyokat a d\u00f6nt\u00e9shozatalhoz \u00e9s a beavatkoz\u00e1sok saj\u00e1tos k\u00f6rnyezet\u00fckh\u00f6z val\u00f3 igaz\u00edt\u00e1s\u00e1hoz. A tudom\u00e1nyos int\u00e9zm\u00e9nyekkel \u00e9s ipari partnerekkel val\u00f3 egy\u00fcttm\u0171k\u00f6d\u00e9s r\u00e9v\u00e9n a szervezetek hozz\u00e1j\u00e1rulhatnak a folyamatban l\u00e9v\u0151 kutat\u00e1si tev\u00e9kenys\u00e9gekhez \u00e9s a tud\u00e1scser\u00e9hez az <strong>\u00e9<\/strong><strong>lelmiszer<\/strong><strong>&#8211;<\/strong><strong>hullad<\/strong><strong>\u00e9<\/strong><strong>k<\/strong> cs\u00f6kkent\u00e9se ter\u00e9n. Az\u00e1ltal, hogy a beavatkoz\u00e1sokat szil\u00e1rd bizony\u00edt\u00e9kokhoz \u00e9s aj\u00e1nl\u00e1sokhoz igaz\u00edtj\u00e1k, a szervezetek maximaliz\u00e1lhatj\u00e1k hat\u00e9konys\u00e1gukat, \u00e9s k\u00e9zzelfoghat\u00f3 el\u0151rel\u00e9p\u00e9st \u00e9rhetnek el a hullad\u00e9kcs\u00f6kkent\u00e9si c\u00e9lok el\u00e9r\u00e9se fel\u00e9.<\/li>\n<li><strong>Digit<\/strong><strong>\u00e1<\/strong><strong>lis<\/strong> <strong>Tecnhol<\/strong><strong>\u00f3<\/strong><strong>gi<\/strong><strong>\u00e1<\/strong><strong>k<\/strong>: Az olyan fejlett technol\u00f3gi\u00e1k, mint a Mesters\u00e9ges Intelligencia (AI), az IoT (a Dolgok Internete) \u00e9s a Big Data integr\u00e1ci\u00f3ja p\u00e1ratlan lehet\u0151s\u00e9geket k\u00edn\u00e1l az <strong>\u00e9<\/strong><strong>lelmiszerhullad<\/strong><strong>\u00e9<\/strong><strong>k<\/strong>-kezel\u00e9si folyamatok optimaliz\u00e1l\u00e1s\u00e1ra. Az intelligens \u00e9rz\u00e9kel\u0151k \u00e9s az automatiz\u00e1lt k\u00e9szletgazd\u00e1lkod\u00e1si rendszerek bevezet\u00e9se val\u00f3s idej\u0171 betekint\u00e9st ny\u00fajt az \u00e9lelmiszerk\u00e9szletek szintj\u00e9be, a lej\u00e1rati id\u0151be \u00e9s a fogyaszt\u00e1si szok\u00e1sokba, lehet\u0151v\u00e9 t\u00e9ve a pontosabb el\u0151rejelz\u00e9st \u00e9s a proakt\u00edv hullad\u00e9kmegel\u0151z\u00e9si int\u00e9zked\u00e9seket. Hasonl\u00f3k\u00e9ppen, az adatelemz\u00e9s \u00e9s a g\u00e9pi tanul\u00e1si algoritmusok kihaszn\u00e1l\u00e1s\u00e1val azonos\u00edtani lehet az ell\u00e1t\u00e1si l\u00e1nc m\u0171veleteinek hat\u00e9konys\u00e1gi hi\u00e1nyoss\u00e1gait, \u00e9s c\u00e9lzott beavatkoz\u00e1sokat lehet javasolni a pazarl\u00e1s cs\u00f6kkent\u00e9se \u00e9rdek\u00e9ben. A digit\u00e1lis eszk\u00f6z\u00f6k erej\u00e9nek kihaszn\u00e1l\u00e1s\u00e1val a szupermarketek \u00e9s a Ho.Re.Ca szektorok \u00e1talak\u00edthatj\u00e1k m\u0171k\u00f6d\u00e9s\u00fcket, \u00e9s jelent\u0151s el\u0151rel\u00e9p\u00e9st tehetnek egy <strong>fenntarthat<\/strong><strong>\u00f3<\/strong><strong>bb<\/strong> j\u00f6v\u0151 fel\u00e9.<\/li>\n<\/ul>\n<p>A fentieket figyelembe v\u00e9ve nyilv\u00e1nval\u00f3, hogy az egy\u00fcttm\u0171k\u00f6d\u00e9s, az innov\u00e1ci\u00f3 \u00e9s az elk\u00f6telezetts\u00e9g a siker elengedhetetlen \u00f6sszetev\u0151i. A munkat\u00e1rsak bevon\u00e1s\u00e1val, az ell\u00e1t\u00e1si l\u00e1nc ir\u00e1ny\u00edt\u00e1s\u00e1nak optimaliz\u00e1l\u00e1s\u00e1val, a fogyaszt\u00f3i magatart\u00e1s befoly\u00e1sol\u00e1s\u00e1val, az alternat\u00edv c\u00e9l\u00e1llom\u00e1sok felt\u00e1r\u00e1s\u00e1val \u00e9s a digit\u00e1lis technol\u00f3gi\u00e1k erej\u00e9nek kihaszn\u00e1l\u00e1s\u00e1val a szervezetek jelent\u0151s l\u00e9p\u00e9seket tehetnek a hullad\u00e9kcs\u00f6kkent\u00e9s \u00e9s a fenntarthat\u00f3s\u00e1g el\u0151mozd\u00edt\u00e1sa fel\u00e9.<\/p>\n<h2><a id=\"sub3-2\"><\/a>A nemzeti \u00e9s uni\u00f3s politika \u00e9s jogszab\u00e1lyok a meg\u00fajul\u00f3 \u00e9lelmiszer-ell\u00e1t\u00e1si l\u00e1ncok fejleszt\u00e9s\u00e9hez kapcsol\u00f3d\u00f3an<\/h2>\n<p><strong>Nemzeti jogszab\u00e1lyok a meg\u00fajul\u00f3 \u00e9lelmiszer-ell\u00e1t\u00e1si l\u00e1ncok\u00e9rt<\/strong><\/p>\n<p>\u00dagy t\u0171nik, hogy a g\u00f6r\u00f6g jogszab\u00e1lyi keretb\u0151l hi\u00e1nyoznak a kiz\u00e1r\u00f3lag a <strong>meg\u00fajul\u00f3 \u00e9lelmiszer-ell\u00e1t\u00e1si l\u00e1ncok<\/strong>ra vonatkoz\u00f3 kifejezett jogszab\u00e1lyok. Ugyanakkor sz\u00e1mos jogalkot\u00e1si int\u00e9zked\u00e9s k\u00f6zvetve t\u00e1mogatja a <strong>meg\u00fajul\u00f3<\/strong> gyakorlatokat, k\u00fcl\u00f6n\u00f6sen az agr\u00e1rturisztikai tev\u00e9kenys\u00e9gek \u00e9s a k\u00f6z\u00f6s agr\u00e1rpolitika (KAP) v\u00e9grehajt\u00e1sa keret\u00e9ben.<\/p>\n<p>A g\u00f6r\u00f6g jogszab\u00e1lyok k\u00fcl\u00f6nleges k\u00f6vetelm\u00e9nyeket \u00edrnak el\u0151 a mez\u0151gazdas\u00e1gi \u00fczemek keret\u00e9ben fogad\u00f3-, vend\u00e9gl\u00e1t\u00f3- vagy \u00e9tkeztet\u00e9si szolg\u00e1ltat\u00e1sokat ny\u00fajt\u00f3 v\u00e1llalkoz\u00e1sok sz\u00e1m\u00e1ra. P\u00e9ld\u00e1ul a vend\u00e9gl\u00e1t\u00f3ipari szolg\u00e1ltat\u00e1sokat ny\u00fajt\u00f3 v\u00e1llalkoz\u00e1soknak a 4276\/2014. \u00e9s a 4235\/2014. sz. t\u00f6rv\u00e9ny k\u00fcl\u00f6n cikkei szerint meghat\u00e1rozott kateg\u00f3ri\u00e1kba tartoz\u00f3 term\u00e9keket, p\u00e9ld\u00e1ul a &#8220;Mez\u0151gazdas\u00e1gi term\u00e9kek kosara&#8221; \u00e9s a &#8220;H\u00e1ziipari term\u00e9kek&#8221; kateg\u00f3ri\u00e1j\u00e1ba tartoz\u00f3 term\u00e9keket kell be\u00e9p\u00edteni\u00fck. E rendelkez\u00e9sek c\u00e9lja a helyben el\u0151\u00e1ll\u00edtott term\u00e9kek fogyaszt\u00e1s\u00e1nak \u00f6szt\u00f6nz\u00e9se \u00e9s a multifunkcion\u00e1lis gazdas\u00e1gok t\u00e1mogat\u00e1sa, ez\u00e1ltal k\u00f6zvetve a <strong>fenntarthat\u00f3 \u00e9s meg\u00fajul\u00f3<\/strong> mez\u0151gazdas\u00e1gi gyakorlatok el\u0151mozd\u00edt\u00e1sa.<\/p>\n<p>E rendelkez\u00e9sek h\u00e1tter\u00e9ben az \u00e1ll, hogy \u00f6szt\u00f6n\u00f6zz\u00e9k \u00e9s t\u00e1mogass\u00e1k a helyben el\u0151\u00e1ll\u00edtott term\u00e9kek fogyaszt\u00e1s\u00e1t a mez\u0151gazdas\u00e1gi \u00fczemekben. A helyben el\u0151\u00e1ll\u00edtott term\u00e9kek felhaszn\u00e1l\u00e1s\u00e1nak el\u0151\u00edr\u00e1s\u00e1val a g\u00f6r\u00f6g t\u00f6rv\u00e9nyek c\u00e9lja, hogy \u00f6szt\u00f6n\u00f6zz\u00e9k a keresletet a r\u00e9gi\u00f3ban termesztett mez\u0151gazdas\u00e1gi term\u00e9kek ir\u00e1nt. Ez a megk\u00f6zel\u00edt\u00e9s nemcsak a helyi <strong>gazd\u00e1lkod\u00f3kat<\/strong> \u00e9s termel\u0151ket t\u00e1mogatja, hanem hozz\u00e1j\u00e1rul a mez\u0151gazdas\u00e1gi \u00e1gazat \u00e1ltal\u00e1nos fenntarthat\u00f3s\u00e1g\u00e1hoz \u00e9s rugalmass\u00e1g\u00e1hoz is (l\u00e1sd a 2. \u00e1br\u00e1t).<\/p>\n<figure id=\"attachment_3788\" aria-describedby=\"caption-attachment-3788\" style=\"width: 678px\" class=\"wp-caption alignnone\"><img decoding=\"async\" class=\"size-full wp-image-3788\" src=\"http:\/\/www.res-food.eu\/wp-content\/uploads\/2024\/07\/Screenshot-2024-07-04-155120.png\" alt=\"\u00c1bra 2.: Mez\u0151gazdas\u00e1gi tev\u00e9kenys\u00e9gek G\u00f6r\u00f6gorsz\u00e1gban\" width=\"678\" height=\"255\" srcset=\"https:\/\/www.res-food.eu\/wp-content\/uploads\/2024\/07\/Screenshot-2024-07-04-155120.png 678w, https:\/\/www.res-food.eu\/wp-content\/uploads\/2024\/07\/Screenshot-2024-07-04-155120-300x113.png 300w\" sizes=\"(max-width: 678px) 100vw, 678px\" \/><figcaption id=\"caption-attachment-3788\" class=\"wp-caption-text\">\u00c1bra 2.: Mez\u0151gazdas\u00e1gi tev\u00e9kenys\u00e9gek G\u00f6r\u00f6gorsz\u00e1gban<\/figcaption><\/figure>\n<p>Ezen t\u00falmen\u0151en ezek a jogalkot\u00e1si int\u00e9zked\u00e9sek a t\u00f6bbfunkci\u00f3s gazdas\u00e1gok t\u00e1mogat\u00e1s\u00e1val k\u00f6zvetve el\u0151seg\u00edtik a <strong>fenntarthat\u00f3<\/strong> <strong>\u00e9s meg\u00fajul\u00f3<\/strong> mez\u0151gazdas\u00e1gi gyakorlatokat. A t\u00f6bbfunkci\u00f3s gazdas\u00e1gok, amelyek a mez\u0151gazdas\u00e1gi termel\u00e9st k\u00fcl\u00f6nb\u00f6z\u0151 kieg\u00e9sz\u00edt\u0151 tev\u00e9kenys\u00e9gekkel, p\u00e9ld\u00e1ul az agroturizmussal, az oktat\u00e1ssal \u00e9s a k\u00f6zvetlen \u00e9rt\u00e9kes\u00edt\u00e9ssel integr\u00e1lj\u00e1k, d\u00f6nt\u0151 szerepet j\u00e1tszanak a <strong>meg\u00fajul\u00f3 <\/strong>mez\u0151gazdas\u00e1g el\u0151mozd\u00edt\u00e1s\u00e1ban. Az\u00e1ltal, hogy a g\u00f6r\u00f6g jogszab\u00e1lyok \u00f6szt\u00f6nzik a k\u00fcl\u00f6nb\u00f6z\u0151 tev\u00e9kenys\u00e9gek integr\u00e1ci\u00f3j\u00e1t a mez\u0151gazdas\u00e1gi \u00fczemeken bel\u00fcl, hozz\u00e1j\u00e1rulnak az \u00e9l\u00e9nk vid\u00e9ki gazdas\u00e1gok \u00e9s t\u00e1jak kialak\u00edt\u00e1s\u00e1hoz.<\/p>\n<p>G\u00f6r\u00f6gorsz\u00e1gban az EU k\u00f6z\u00f6s agr\u00e1rpolitik\u00e1j\u00e1b\u00f3l (KAP) sz\u00e1rmaz\u00f3 forr\u00e1sok a <strong>fenntarthat\u00f3 <\/strong>mez\u0151gazdas\u00e1gi gyakorlatokat, a biol\u00f3giai sokf\u00e9les\u00e9g meg\u0151rz\u00e9s\u00e9t \u00e9s a vid\u00e9kfejleszt\u00e9st el\u0151seg\u00edt\u0151 kezdem\u00e9nyez\u00e9sek t\u00e1mogat\u00e1s\u00e1ra szolg\u00e1lnak. A KAP 2. pill\u00e9re p\u00e9ld\u00e1ul lehet\u0151v\u00e9 teszi az olyan tag\u00e1llamok sz\u00e1m\u00e1ra, mint G\u00f6r\u00f6gorsz\u00e1g, hogy a helyi ig\u00e9nyekhez \u00e9s felt\u00e9telekhez igazod\u00f3 vid\u00e9kfejleszt\u00e9si programokat dolgozzanak ki. Ezek a programok gyakran tartalmaznak k\u00f6rnyezetbar\u00e1t gazd\u00e1lkod\u00e1si gyakorlatokat \u00f6szt\u00f6nz\u0151 int\u00e9zked\u00e9seket, p\u00e9ld\u00e1ul agr\u00e1r-k\u00f6rnyezetv\u00e9delmi programokat, agr\u00e1r-erd\u00e9szeti kezdem\u00e9nyez\u00e9seket \u00e9s a biogazd\u00e1lkod\u00e1s t\u00e1mogat\u00e1s\u00e1t. Maga a g\u00f6r\u00f6g KAP-terv ugyan nem rendelkezik jogalkot\u00e1si st\u00e1tusszal, de <strong>politikai<\/strong> keretet biztos\u00edt az uni\u00f3s agr\u00e1rpolitik\u00e1k nemzeti szint\u0171 v\u00e9grehajt\u00e1s\u00e1hoz, \u00e9s a fenntarthat\u00f3 gazd\u00e1lkod\u00e1si gyakorlatok \u00e9s vid\u00e9kfejleszt\u00e9si kezdem\u00e9nyez\u00e9sek t\u00e1mogat\u00e1s\u00e1ra ir\u00e1nyul\u00f3 t\u00f6rekv\u00e9seket ir\u00e1ny\u00edtja.<\/p>\n<p><strong>A meg\u00fajul\u00f3 \u00e9lelmiszer-ell\u00e1t\u00e1si l\u00e1ncokra vonatkoz\u00f3 uni\u00f3s jogszab\u00e1lyok<\/strong><\/p>\n<p>Az Eur\u00f3pai Uni\u00f3 (EU) jelent\u0151s l\u00e9p\u00e9seket tett a <strong>fenntarthat\u00f3 <\/strong>mez\u0151gazdas\u00e1g el\u0151mozd\u00edt\u00e1sa ter\u00e9n a jogszab\u00e1lyi keretein kereszt\u00fcl, amelynek k\u00f6z\u00e9ppontj\u00e1ban a k\u00f6z\u00f6s agr\u00e1rpolitika (KAP) \u00e1ll. Ez a politika, amelyet olyan konkr\u00e9t rendeletek t\u00e1mogatnak, mint az (EU) 2021\/2115 rendelet, a k\u00f6rnyezetbar\u00e1t mez\u0151gazdas\u00e1gi gyakorlatok el\u0151mozd\u00edt\u00e1s\u00e1t \u00e9s a rugalmas \u00e9lelmiszerrendszerek fejleszt\u00e9s\u00e9t c\u00e9lozza a tag\u00e1llamokban. Ebben az ismeretterjeszt\u0151 \u00e1ttekint\u00e9sben az EU <strong>fenntarthat\u00f3 <\/strong>mez\u0151gazdas\u00e1gra vonatkoz\u00f3 jogszab\u00e1lyi keret\u00e9nek legfontosabb elemeivel \u00e9s a <strong>meg\u00fajul\u00f3 \u00e9lelmiszer-ell\u00e1t\u00e1si l\u00e1ncok<\/strong> el\u0151mozd\u00edt\u00e1s\u00e1ra gyakorolt hat\u00e1sukkal foglalkozunk.<\/p>\n<p><img decoding=\"async\" class=\"alignnone size-full wp-image-3791\" src=\"http:\/\/www.res-food.eu\/wp-content\/uploads\/2024\/07\/Screenshot-2024-07-04-155343.png\" alt=\"\" width=\"745\" height=\"596\" srcset=\"https:\/\/www.res-food.eu\/wp-content\/uploads\/2024\/07\/Screenshot-2024-07-04-155343.png 745w, https:\/\/www.res-food.eu\/wp-content\/uploads\/2024\/07\/Screenshot-2024-07-04-155343-300x240.png 300w\" sizes=\"(max-width: 745px) 100vw, 745px\" \/><\/p>\n<p>Az (EU) 2021\/2115 rendelet a <strong>fenntarthat\u00f3<\/strong> mez\u0151gazdas\u00e1gra vonatkoz\u00f3 uni\u00f3s strat\u00e9gia egyik sarokk\u00f6ve. Ez a rendelet alapvet\u0151 fontoss\u00e1g\u00fa, mivel meghat\u00e1rozza a tag\u00e1llamok \u00e1ltal a k\u00f6z\u00f6s agr\u00e1rpolitika (KAP) keret\u00e9ben kidolgozott strat\u00e9giai tervek t\u00e1mogat\u00e1s\u00e1ra vonatkoz\u00f3 szab\u00e1lyokat. Jelent\u0151s hangs\u00falyt fektet az olyan kulcsfontoss\u00e1g\u00fa c\u00e9lkit\u0171z\u00e9sekre, mint a k\u00f6rnyezetv\u00e9delem, az \u00e9ghajlatv\u00e1ltoz\u00e1s elleni fell\u00e9p\u00e9s, a term\u00e9szeti er\u0151forr\u00e1sokkal val\u00f3 <strong>fenntarthat\u00f3<\/strong> gazd\u00e1lkod\u00e1s, a biol\u00f3giai sokf\u00e9les\u00e9g meg\u0151rz\u00e9se \u00e9s a vid\u00e9kfejleszt\u00e9s. Az\u00e1ltal, hogy a rendelet priorit\u00e1sk\u00e9nt kezeli ezeket a c\u00e9lkit\u0171z\u00e9seket, p\u00e9nz\u00fcgyi t\u00e1mogat\u00e1st k\u00edv\u00e1n ny\u00fajtani a tag\u00e1llamoknak, lehet\u0151v\u00e9 t\u00e9ve sz\u00e1mukra, hogy olyan int\u00e9zked\u00e9seket hajtsanak v\u00e9gre, amelyek \u00f6sszhangban vannak ezekkel a c\u00e9lokkal. Ez a t\u00e1mogat\u00e1s alapvet\u0151 fontoss\u00e1g\u00fa a <strong>meg\u00fajul\u00f3<\/strong> mez\u0151gazdas\u00e1gi gyakorlatok el\u0151mozd\u00edt\u00e1sa szempontj\u00e1b\u00f3l, amelyek kulcsfontoss\u00e1g\u00faak a <strong>fenntarthat\u00f3bb \u00e9lelmiszer-ell\u00e1t\u00e1si l\u00e1ncok<\/strong> ki\u00e9p\u00edt\u00e9s\u00e9hez az EU-ban.<\/p>\n<p>A fenntarthat\u00f3s\u00e1gi c\u00edmk\u00e9z\u00e9si keretrendszer kulcsfontoss\u00e1g\u00fa v\u00e1ltoz\u00e1st jelent abban, hogy a<strong> fogyaszt\u00f3k<\/strong> a<strong> fenntarthat\u00f3 <\/strong>\u00e9lelmiszerekkel kapcsolatos d\u00f6nt\u00e9sek meghozatal\u00e1hoz sz\u00fcks\u00e9ges inform\u00e1ci\u00f3kkal rendelkezzenek. A t\u00e1pl\u00e1lkoz\u00e1ssal, az \u00e9ghajlatra gyakorolt hat\u00e1ssal, a k\u00f6rnyezeti l\u00e1bnyommal \u00e9s a t\u00e1rsadalmi szempontokkal kapcsolatos \u00e1tfog\u00f3 adatok felt\u00fcntet\u00e9s\u00e9vel a <strong>fogyaszt\u00f3k<\/strong> v\u00e1s\u00e1rl\u00e1saikat saj\u00e1t \u00e9rt\u00e9keikhez \u00e9s preferenci\u00e1ikhoz igaz\u00edthatj\u00e1k. A keretrendszer c\u00e9lja tov\u00e1bb\u00e1 a fenntarthat\u00f3s\u00e1gi c\u00edmk\u00e9z\u00e9s szabv\u00e1nyos\u00edt\u00e1sa a term\u00e9kek k\u00f6z\u00f6tt, biztos\u00edtva a hiteless\u00e9get \u00e9s a k\u00f6vetkezetess\u00e9get. Ezenk\u00edv\u00fcl el\u0151seg\u00edti az \u00e1tl\u00e1that\u00f3s\u00e1got az <strong>\u00e9lelmiszer-ell\u00e1t\u00e1si l\u00e1nc<\/strong> eg\u00e9sz\u00e9ben, t\u00e1mogatja a termel\u0151k elsz\u00e1moltathat\u00f3s\u00e1g\u00e1t \u00e9s \u00f6szt\u00f6nzi a <strong>fenntarthat\u00f3 <\/strong>gyakorlatokat..<\/p>\n<p>A fenntarthat\u00f3s\u00e1gi c\u00edmk\u00e9z\u00e9si keretrendszer kulcsfontoss\u00e1g\u00fa pontjai k\u00f6z\u00e9 tartozik a <strong>fogyaszt\u00f3k <\/strong>felv\u00e9rtez\u00e9se a r\u00e9szletes t\u00e1j\u00e9koztat\u00e1s r\u00e9v\u00e9n, a c\u00edmk\u00e9z\u00e9s egys\u00e9ges\u00edt\u00e9se a k\u00f6vetkezetess\u00e9g \u00e9rdek\u00e9ben, valamint az \u00e1tl\u00e1that\u00f3s\u00e1g n\u00f6vel\u00e9se a pozit\u00edv v\u00e1ltoz\u00e1sok \u00f6szt\u00f6nz\u00e9se \u00e9rdek\u00e9ben.<\/p>\n<p>Hasonl\u00f3k\u00e9ppen, a <strong>fenntarthat\u00f3 <\/strong>\u00e9lelmez\u00e9si rendszerre vonatkoz\u00f3 jogszab\u00e1lyi keret \u00e1tfog\u00f3 megk\u00f6zel\u00edt\u00e9st alkalmaz a fenntarthat\u00f3 \u00e9lelmez\u00e9si rendszerek el\u0151mozd\u00edt\u00e1s\u00e1ra az EU-ban. \u00c1tfog\u00f3 elveket, c\u00e9lkit\u0171z\u00e9seket \u00e9s minimumszab\u00e1lyokat hat\u00e1roz meg az \u00e9lelmiszer<strong>termel\u00e9sre<\/strong>, -forgalmaz\u00e1sra \u00e9s -fogyaszt\u00e1sra vonatkoz\u00f3an. A k\u00f6rnyezeti \u00e9s t\u00e1rsadalmi fenntarthat\u00f3s\u00e1gra \u00f6sszpontos\u00edtva az SFS kezdem\u00e9nyez\u00e9s olyan s\u00fcrget\u0151 k\u00e9rd\u00e9sekkel foglalkozik, mint az \u00e9ghajlatv\u00e1ltoz\u00e1s, a biol\u00f3giai sokf\u00e9les\u00e9g cs\u00f6kken\u00e9se \u00e9s a t\u00e1rsadalmi igazs\u00e1goss\u00e1g az \u00e9lelmiszerrendszerben. Az\u00e1ltal, hogy \u00e1tfog\u00f3 szab\u00e1lyoz\u00e1si keretet biztos\u00edt, megk\u00f6nny\u00edti a rugalmasabb \u00e9s k\u00f6rnyezetbar\u00e1tabb \u00e9lelmiszerrendszerekre val\u00f3 \u00e1tt\u00e9r\u00e9st az eg\u00e9sz EU-ban.<\/p>\n<p>Az SFS keretrendszer kulcsfontoss\u00e1g\u00fa elemei k\u00f6z\u00e9 tartozik az \u00e9lelmiszerrendszerek k\u00fcl\u00f6nb\u00f6z\u0151 aspektusait fel\u00f6lel\u0151 \u00e1tfog\u00f3 megk\u00f6zel\u00edt\u00e9s, a k\u00f6rnyezeti \u00e9s t\u00e1rsadalmi <strong>fenntarthat\u00f3s\u00e1g <\/strong>el\u0151t\u00e9rbe helyez\u00e9se, valamint az \u00e9ghajlatv\u00e1ltoz\u00e1ssal \u00e9s az er\u0151forr\u00e1shi\u00e1nnyal kapcsolatos kock\u00e1zatok m\u00e9rs\u00e9kl\u00e9s\u00e9t c\u00e9lz\u00f3 ellen\u00e1ll\u00f3 k\u00e9pess\u00e9g el\u0151mozd\u00edt\u00e1sa.<\/p>\n<p>Ezek a kezdem\u00e9nyez\u00e9sek egy\u00fcttesen bizony\u00edtj\u00e1k az EU elk\u00f6telezetts\u00e9g\u00e9t az \u00e9lelmiszer-\u00e1gazat <strong>fenntarthat\u00f3s\u00e1gi<\/strong> kih\u00edv\u00e1sainak kezel\u00e9se ir\u00e1nt. E keretek meg\u00e9rt\u00e9se \u00e9s az azokkal val\u00f3 foglalkoz\u00e1s lehet\u0151v\u00e9 teszi az egy\u00e9nek sz\u00e1m\u00e1ra, hogy megalapozott d\u00f6nt\u00e9seket hozzanak, ki\u00e1lljanak a fenntarthat\u00f3 gyakorlatok mellett, \u00e9s hozz\u00e1j\u00e1ruljanak egy fenntarthat\u00f3bb j\u00f6v\u0151 kialak\u00edt\u00e1s\u00e1hoz.<\/p>\n<h2><a id=\"sub3-3\"><\/a>\u00c9lelmiszer-rendszerek tervez\u00e9se: k\u00f6rk\u00f6r\u00f6s \u00e9s\/vagy line\u00e1ris \/ kih\u00edv\u00e1sok \u00e9s lehet\u0151s\u00e9gek<\/h2>\n<p>A line\u00e1ris \u00e9lelmiszer-rendszerekr\u0151l a k\u00f6rforg\u00e1sos \u00e9lelmiszer-rendszerekre val\u00f3 \u00e1tt\u00e9r\u00e9s kulcsfontoss\u00e1g\u00fa v\u00e1ltoz\u00e1st jelent a fenntarthat\u00f3bb, rugalmasabb \u00e9s igazs\u00e1gosabb <strong>\u00e9lelmiszer-el\u0151\u00e1ll\u00edt\u00e1si<\/strong> \u00e9s -fogyaszt\u00e1si gyakorlatok fel\u00e9. Ezt az elmozdul\u00e1st a hagyom\u00e1nyos line\u00e1ris modellekben rejl\u0151 k\u00f6rnyezeti, t\u00e1rsadalmi \u00e9s gazdas\u00e1gi kih\u00edv\u00e1sok kezel\u00e9s\u00e9nek s\u00fcrget\u0151 sz\u00fcks\u00e9gess\u00e9ge vez\u00e9rli, amelyeket a &#8220;vegy\u00fcnk-gy\u00e1rtsunk-t\u00e1vol\u00edtsuk el&#8221; megk\u00f6zel\u00edt\u00e9s jellemez. A line\u00e1ris \u00e9lelmez\u00e9si rendszerekben a gazdas\u00e1gt\u00f3l az asztalig, majd a hullad\u00e9klerak\u00f3ig tart\u00f3 \u00fat kiterjedt er\u0151forr\u00e1s-kitermel\u00e9ssel, jelent\u0151s hullad\u00e9ktermel\u00e9ssel \u00e9s jelent\u0151s k\u00f6rnyezetroml\u00e1ssal, valamint m\u00e9lyrehat\u00f3 t\u00e1rsadalmi egyenl\u0151tlens\u00e9gekkel \u00e9s eg\u00e9szs\u00e9g\u00fcgyi hat\u00e1sokkal j\u00e1r.<\/p>\n<p><img loading=\"lazy\" decoding=\"async\" class=\"alignnone wp-image-2853 size-large\" src=\"http:\/\/www.res-food.eu\/wp-content\/uploads\/2024\/06\/Picture7-1-e1720097740207-1024x326.png\" alt=\"\" width=\"1024\" height=\"326\" srcset=\"https:\/\/www.res-food.eu\/wp-content\/uploads\/2024\/06\/Picture7-1-e1720097740207-1024x326.png 1024w, https:\/\/www.res-food.eu\/wp-content\/uploads\/2024\/06\/Picture7-1-e1720097740207-300x95.png 300w, https:\/\/www.res-food.eu\/wp-content\/uploads\/2024\/06\/Picture7-1-e1720097740207-768x244.png 768w, https:\/\/www.res-food.eu\/wp-content\/uploads\/2024\/06\/Picture7-1-e1720097740207-1536x488.png 1536w, https:\/\/www.res-food.eu\/wp-content\/uploads\/2024\/06\/Picture7-1-e1720097740207.png 1969w\" sizes=\"(max-width: 1024px) 100vw, 1024px\" \/><\/p>\n<p>A line\u00e1ris \u00e9lelmez\u00e9si rendszerek, amelyek az intenz\u00edv mez\u0151gazdas\u00e1gra, a hossz\u00fa ell\u00e1t\u00e1si l\u00e1ncokra \u00e9s a szintetikus alapanyagokra t\u00e1maszkodnak, sz\u00e1mos k\u00f6rnyezeti probl\u00e9m\u00e1hoz vezettek, t\u00f6bbek k\u00f6z\u00f6tt a talaj kimer\u00fcl\u00e9s\u00e9hez, a v\u00edzszennyez\u00e9shez \u00e9s a biol\u00f3giai sokf\u00e9les\u00e9g cs\u00f6kken\u00e9s\u00e9hez. E rendszerek hat\u00e1stalans\u00e1g\u00e1t tov\u00e1bb s\u00falyosb\u00edtja, hogy az ell\u00e1t\u00e1si l\u00e1nc minden szakasz\u00e1ban jelent\u0151s mennyis\u00e9g\u0171 hullad\u00e9k keletkezik, ami hozz\u00e1j\u00e1rul az \u00fcvegh\u00e1zhat\u00e1s\u00fa g\u00e1zok kibocs\u00e1t\u00e1s\u00e1hoz \u00e9s a gazdas\u00e1gi vesztes\u00e9gekhez. R\u00e1ad\u00e1sul e rendszerek val\u00f3di k\u00f6lts\u00e9gei, amelyek magukban foglalj\u00e1k a k\u00f6rnyezetk\u00e1rosod\u00e1st, a k\u00f6zeg\u00e9szs\u00e9g\u00fcgyi hat\u00e1sokat \u00e9s a t\u00e1rsadalmi egyenl\u0151tlens\u00e9geket, gyakran nem t\u00fckr\u00f6z\u0151dnek a piaci \u00e1rakban, ami nem fenntarthat\u00f3 fogyaszt\u00e1si szok\u00e1sokhoz vezet, \u00e9s a piaci kudarcok \u00e1lland\u00f3sul\u00e1s\u00e1t eredm\u00e9nyezi.<\/p>\n<p>Ezzel szemben a k\u00f6rk\u00f6r\u00f6s \u00e9lelmiszerrendszerek olyan fenntarthat\u00f3s\u00e1gi elk\u00e9pzel\u00e9st k\u00edn\u00e1lnak, amely a term\u00e9szetben megtal\u00e1lhat\u00f3 <strong>meg\u00fajul\u00f3<\/strong> ciklusokat t\u00fckr\u00f6zi. E j\u00f6v\u0151k\u00e9p k\u00f6z\u00e9ppontj\u00e1ban olyan elvek \u00e1llnak, mint a z\u00e1rt ciklus\u00fa <strong>termel\u00e9s,<\/strong> a helyi beszerz\u00e9s, a hullad\u00e9kcs\u00f6kkent\u00e9s \u00e9s a <strong>meg\u00fajul\u00f3<\/strong> mez\u0151gazdas\u00e1g. A hullad\u00e9k minimaliz\u00e1l\u00e1s\u00e1val \u00e9s az er\u0151forr\u00e1s-hat\u00e9konys\u00e1g maximaliz\u00e1l\u00e1s\u00e1val a k\u00f6rforg\u00e1sos rendszerek c\u00e9lja <strong>a termel\u00e9s<\/strong>, a fogyaszt\u00e1s \u00e9s a t\u00e1panyag-\u00fajrahasznos\u00edt\u00e1s <strong>fenntarthat\u00f3 <\/strong>k\u00f6rforg\u00e1s\u00e1nak l\u00e9trehoz\u00e1sa. A helyi \u00e9lelmiszer-beszerz\u00e9s el\u0151t\u00e9rbe helyez\u00e9se \u00e9s az <strong>\u00e9lelmiszer-hullad\u00e9k<\/strong> cs\u00f6kkent\u00e9se nemcsak a helyi gazdas\u00e1gokat t\u00e1mogatja, hanem a sz\u00e1ll\u00edt\u00e1ssal \u00e9s t\u00e1rol\u00e1ssal kapcsolatos k\u00f6rnyezeti hat\u00e1sokat is minimaliz\u00e1lja. Tov\u00e1bb\u00e1 a k\u00f6rforg\u00e1sos \u00e9lelmiszerrendszerek a <strong>meg\u00fajul\u00f3<\/strong> mez\u0151gazdas\u00e1gi gyakorlatok el\u0151mozd\u00edt\u00e1s\u00e1val \u00e9s a<strong> fenntarthat\u00f3 <\/strong>\u00e9lelmiszer-v\u00e1laszt\u00e1ssal kapcsolatos fogyaszt\u00f3i tudatoss\u00e1g n\u00f6vel\u00e9s\u00e9vel hozz\u00e1j\u00e1rulnak a bolyg\u00f3 \u00e9s lakosai eg\u00e9szs\u00e9g\u00e9hez.<\/p>\n<p>A k\u00f6rforg\u00e1sos \u00e9lelmiszerrendszerekre val\u00f3 \u00e1tt\u00e9r\u00e9s azonban nem mentes a kih\u00edv\u00e1sokt\u00f3l. Jelent\u0151s infrastruktur\u00e1lis, technol\u00f3giai \u00e9s oktat\u00e1si beruh\u00e1z\u00e1sokra van sz\u00fcks\u00e9g, valamint t\u00e1mogat\u00f3 <strong>politikai <\/strong>keretekre \u00e9s szab\u00e1lyoz\u00e1si k\u00f6rnyezetre. Tov\u00e1bbi akad\u00e1lyokat jelent az ell\u00e1t\u00e1si l\u00e1nc t\u00f6bb szerepl\u0151j\u00e9nek \u00f6sszehangol\u00e1sa \u00e9s ennek az \u00f6sszetetts\u00e9gnek az \u00e1tl\u00e1that\u00f3s\u00e1g \u00e9s elsz\u00e1moltathat\u00f3s\u00e1g biztos\u00edt\u00e1sa \u00e9rdek\u00e9ben t\u00f6rt\u00e9n\u0151 kezel\u00e9se. A k\u00f6rforg\u00e1sos \u00e9lelmiszerrendszerekben rejl\u0151 lehet\u0151s\u00e9gek azonban \u00f3ri\u00e1siak. El\u0151seg\u00edtik az innov\u00e1ci\u00f3t \u00e9s az \u00e1gazatk\u00f6zi egy\u00fcttm\u0171k\u00f6d\u00e9st, \u00e9s \u00f6szt\u00f6nzik a <strong>fenntarthat\u00f3<\/strong> technol\u00f3gi\u00e1k, \u00fczleti modellek \u00e9s partners\u00e9gek fejleszt\u00e9s\u00e9t. A k\u00f6rforg\u00e1sos rendszerek az\u00e1ltal, hogy v\u00e1ltozatosabb\u00e1 teszik az \u00e9lelmiszerforr\u00e1sokat, cs\u00f6kkentik a k\u00fcls\u0151 r\u00e1ford\u00edt\u00e1sokt\u00f3l val\u00f3 f\u00fcgg\u0151s\u00e9get \u00e9s jav\u00edtj\u00e1k az \u00f6kosziszt\u00e9ma eg\u00e9szs\u00e9g\u00e9t, el\u0151seg\u00edtik a k\u00f6rnyezeti sokkhat\u00e1sokkal \u00e9s az \u00e9ghajlatv\u00e1ltoz\u00e1ssal szembeni ellen\u00e1ll\u00f3 k\u00e9pess\u00e9get. Ez a bizonytalans\u00e1gban az \u00e9lelmez\u00e9sbiztons\u00e1g \u00e9s a meg\u00e9lhet\u00e9s biztos\u00edt\u00e1sa szempontj\u00e1b\u00f3l kulcsfontoss\u00e1g\u00fa.<\/p>\n<p>A line\u00e1risr\u00f3l a k\u00f6rforg\u00e1sos \u00e9lelmiszerrendszerekre val\u00f3 \u00e1tt\u00e9r\u00e9s nem puszt\u00e1n v\u00e1lasz a hagyom\u00e1nyos mez\u0151gazdas\u00e1gi gyakorlatok \u00e1ltal t\u00e1masztott kih\u00edv\u00e1sokra, hanem jelent\u0151s lehet\u0151s\u00e9g az \u00e9lelmiszerekkel \u00e9s a k\u00f6rnyezettel val\u00f3 kapcsolatunk \u00fajra\u00e9rtelmez\u00e9s\u00e9re is. Ez az \u00e1talakul\u00e1s sz\u00e1mos kulcsfontoss\u00e1g\u00fa lehet\u0151s\u00e9get k\u00edn\u00e1l, amelyek egy fenntarthat\u00f3bb, rugalmasabb \u00e9s igazs\u00e1gosabb glob\u00e1lis \u00e9lelmez\u00e9si rendszerhez vezethetnek.<\/p>\n<p><strong>Innov\u00e1ci\u00f3 \u00e9s Gazdas\u00e1gi N\u00f6veked\u00e9s<\/strong><\/p>\n<p>A k\u00f6rforg\u00e1sos \u00e9lelmiszerrendszerek \u00e1ltal k\u00edn\u00e1lt egyik legjelent\u0151sebb lehet\u0151s\u00e9g az innov\u00e1ci\u00f3. Ez mag\u00e1ban foglalja az \u00faj technol\u00f3gi\u00e1k \u00e9s gyakorlatok fejleszt\u00e9s\u00e9t a mez\u0151gazdas\u00e1g, az \u00e9lelmiszer-feldolgoz\u00e1s, az eloszt\u00e1s \u00e9s a hullad\u00e9kgazd\u00e1lkod\u00e1s ter\u00fclet\u00e9n. A c\u00e9lzott mez\u0151gazdas\u00e1gi fejleszt\u00e9sek p\u00e9ld\u00e1ul optimaliz\u00e1lhatj\u00e1k az er\u0151forr\u00e1s-felhaszn\u00e1l\u00e1st \u00e9s cs\u00f6kkenthetik a pazarl\u00e1st, m\u00edg az innovat\u00edv \u00e9lelmiszer-tart\u00f3s\u00edt\u00e1si technik\u00e1k meghosszabb\u00edthatj\u00e1k az eltarthat\u00f3s\u00e1gi id\u0151t \u00e9s cs\u00f6kkenthetik a roml\u00e1s m\u00e9rt\u00e9k\u00e9t. A k\u00f6rforg\u00e1sos gazdas\u00e1gi modell tov\u00e1bb\u00e1 \u00f6szt\u00f6nzi \u00faj \u00fczleti modellek, p\u00e9ld\u00e1ul az er\u0151forr\u00e1sok vagy szolg\u00e1ltat\u00e1sok megoszt\u00e1s\u00e1ra szolg\u00e1l\u00f3 platformok kialak\u00edt\u00e1s\u00e1t, amelyek serkenthetik a gazdas\u00e1gi n\u00f6veked\u00e9st \u00e9s \u00faj piacokat hozhatnak l\u00e9tre.<\/p>\n<p><strong>K\u00f6rnyezeti Fenntarthat\u00f3s\u00e1g<\/strong><\/p>\n<p>A k\u00f6rforg\u00e1sos \u00e9lelmiszerrendszerek eredend\u0151en a hullad\u00e9k cs\u00f6kkent\u00e9s\u00e9re \u00e9s az er\u0151forr\u00e1sok hat\u00e9kony felhaszn\u00e1l\u00e1s\u00e1nak maximaliz\u00e1l\u00e1s\u00e1ra t\u00f6rekszenek, ami k\u00f6zvetlen\u00fcl hozz\u00e1j\u00e1rul a k\u00f6rnyezeti fenntarthat\u00f3s\u00e1ghoz. Az olyan gyakorlatok alkalmaz\u00e1s\u00e1val, mint a <strong>meg\u00fajul\u00f3 <\/strong>mez\u0151gazdas\u00e1g, a komposzt\u00e1l\u00e1s \u00e9s az \u00fajrahasznos\u00edt\u00e1s, ezek a rendszerek jelent\u0151sen cs\u00f6kkenthetik az \u00fcvegh\u00e1zhat\u00e1s\u00fa g\u00e1zok kibocs\u00e1t\u00e1s\u00e1t, m\u00e9rs\u00e9kelhetik a v\u00edzfelhaszn\u00e1l\u00e1st, \u00e9s megakad\u00e1lyozhatj\u00e1k a tala jroml\u00e1s\u00e1t. A helyi beszerz\u00e9sre val\u00f3 \u00f6sszpontos\u00edt\u00e1ssal \u00e9s a hossz\u00fa ell\u00e1t\u00e1si l\u00e1ncok m\u00e9rs\u00e9kl\u00e9s\u00e9vel a k\u00f6rforg\u00e1sos \u00e9lelmiszerrendszerek cs\u00f6kkenthetik az \u00e9lelmiszerek sz\u00e1ll\u00edt\u00e1s\u00e1val \u00e9s t\u00e1rol\u00e1s\u00e1val j\u00e1r\u00f3 sz\u00e9n-dioxid-kibocs\u00e1t\u00e1st is.<\/p>\n<p><strong>A sokkokkal szembeni ellen\u00e1ll\u00f3 k\u00e9pess\u00e9g<\/strong><\/p>\n<p>Egy m\u00e1sik nagy lehet\u0151s\u00e9g az \u00e9lelmiszerrendszerek nagyobb ellen\u00e1ll\u00f3 k\u00e9pess\u00e9ge a k\u00fcls\u0151 sokkhat\u00e1sokkal, p\u00e9ld\u00e1ul az \u00e9ghajlatv\u00e1ltoz\u00e1ssal, a gazdas\u00e1gi ingadoz\u00e1sokkal \u00e9s az ell\u00e1t\u00e1si l\u00e1nc megszak\u00edt\u00e1s\u00e1val szemben. A k\u00f6rk\u00f6r\u00f6s \u00e9lelmiszerrendszerek, amelyek a sokf\u00e9les\u00e9gre, a helyi <strong>termel\u00e9sre<\/strong> \u00e9s a k\u00fcls\u0151 r\u00e1ford\u00edt\u00e1sokt\u00f3l val\u00f3 cs\u00f6kkentett f\u00fcgg\u0151s\u00e9gre helyezik a hangs\u00falyt, term\u00e9szet\u00fckn\u00e9l fogva jobban alkalmazkodnak a v\u00e1ltoz\u00f3 k\u00f6r\u00fclm\u00e9nyekhez. Ez a rugalmass\u00e1g kulcsfontoss\u00e1g\u00fa az \u00e9lelmez\u00e9sbiztons\u00e1g \u00e9s a meg\u00e9lhet\u00e9s fenntart\u00e1sa szempontj\u00e1b\u00f3l, k\u00fcl\u00f6n\u00f6sen a k\u00f6rnyezeti \u00e9s gazdas\u00e1gi sokkhat\u00e1soknak kitett r\u00e9gi\u00f3kban.<\/p>\n<p><strong>Eg\u00e9szs\u00e9g\u00fcgyi \u00e9s t\u00e1plk\u00e1lkoz\u00e1ssal kapcsolatos el\u0151ny\u00f6k<\/strong><\/p>\n<p><img loading=\"lazy\" decoding=\"async\" class=\"alignnone wp-image-2854 size-medium\" src=\"http:\/\/www.res-food.eu\/wp-content\/uploads\/2024\/06\/Picture8-1-e1719395700596-300x220.png\" alt=\"\" width=\"300\" height=\"220\" srcset=\"https:\/\/www.res-food.eu\/wp-content\/uploads\/2024\/06\/Picture8-1-e1719395700596-300x220.png 300w, https:\/\/www.res-food.eu\/wp-content\/uploads\/2024\/06\/Picture8-1-e1719395700596.png 733w\" sizes=\"(max-width: 300px) 100vw, 300px\" \/><\/p>\n<p>A k\u00f6rforg\u00e1sos \u00e9lelmiszerrendszerek jelent\u0151s eg\u00e9szs\u00e9g\u00fcgyi \u00e9s t\u00e1pl\u00e1lkoz\u00e1si el\u0151ny\u00f6ket is k\u00edn\u00e1lnak. A friss, helyben beszerzett \u00e9lelmiszerek el\u0151t\u00e9rbe helyez\u00e9s\u00e9vel, valamint a feldolgoz\u00e1s \u00e9s az adal\u00e9kanyagok haszn\u00e1lat\u00e1nak minimaliz\u00e1l\u00e1s\u00e1val ezek a rendszerek t\u00e1mogatj\u00e1k az eg\u00e9szs\u00e9gesebb t\u00e1pl\u00e1lkoz\u00e1st \u00e9s \u00e9letm\u00f3dot. Az \u00e9lelmiszerek min\u0151s\u00e9g\u00e9re \u00e9s a t\u00e1pl\u00e1lkoz\u00e1sra val\u00f3 \u00f6sszpontos\u00edt\u00e1s az \u00e9trenddel kapcsolatos eg\u00e9szs\u00e9g\u00fcgyi probl\u00e9m\u00e1k, p\u00e9ld\u00e1ul az elh\u00edz\u00e1s, a cukorbetegs\u00e9g \u00e9s a sz\u00edv- \u00e9s \u00e9rrendszeri betegs\u00e9gek cs\u00f6kken\u00e9s\u00e9hez vezethet, hozz\u00e1j\u00e1rulva az \u00e1ltal\u00e1nos k\u00f6zeg\u00e9szs\u00e9ghez \u00e9s j\u00f3l\u00e9thez.<\/p>\n<p><strong>T\u00e1rsadalmi Egyenl\u0151s\u00e9g \u00e9s K\u00f6z\u00f6ss\u00e9gi Szerepv\u00e1llal\u00e1s<\/strong><\/p>\n<p>Tov\u00e1bb\u00e1 a k\u00f6rk\u00f6r\u00f6s \u00e9lelmiszerrendszerek lehet\u0151s\u00e9get ny\u00fajtanak a t\u00e1rsadalmi egyenl\u0151tlens\u00e9gek kezel\u00e9s\u00e9re \u00e9s a k\u00f6z\u00f6ss\u00e9gek meger\u0151s\u00edt\u00e9s\u00e9re. A helyi termel\u0151k \u00e9s <strong>fogyaszt\u00f3k<\/strong> \u00e9lelmiszerrendszerbe val\u00f3 bevon\u00e1s\u00e1val ezek a modellek igazs\u00e1gosabb hozz\u00e1f\u00e9r\u00e9st biztos\u00edthatnak az er\u0151forr\u00e1sokhoz, lehet\u0151s\u00e9gekhez \u00e9s el\u0151ny\u00f6kh\u00f6z. Ez mag\u00e1ban foglalja a<strong> kistermel\u0151k<\/strong> t\u00e1mogat\u00e1s\u00e1t, a k\u00f6zvetlen termel\u0151-fogyaszt\u00f3 kapcsolatok \u00e1pol\u00e1s\u00e1t, valamint az olyan k\u00f6z\u00f6ss\u00e9gi alap\u00fa kezdem\u00e9nyez\u00e9sek \u00f6szt\u00f6nz\u00e9s\u00e9t, mint a v\u00e1rosi kertek \u00e9s a <strong>termel\u0151i <\/strong>piacok. Az ilyen megk\u00f6zel\u00edt\u00e9sek er\u0151s\u00edthetik a t\u00e1rsadalmi koh\u00e9zi\u00f3t, el\u0151mozd\u00edthatj\u00e1k az \u00e9lelmiszer-szuverenit\u00e1st, \u00e9s hozz\u00e1j\u00e1rulhatnak a marginaliz\u00e1lt csoportok gazdas\u00e1gi meger\u0151s\u00f6d\u00e9s\u00e9hez.<\/p>\n<p><strong>Oktat\u00e1si \u00e9s Kultur\u00e1lis V\u00e1lt\u00e1sok<\/strong><\/p>\n<p>V\u00e9g\u00fcl a k\u00f6rforg\u00e1sos \u00e9lelmiszer-rendszerekre val\u00f3 \u00e1tt\u00e9r\u00e9s jelent\u0151s oktat\u00e1si \u00e9s kultur\u00e1lis v\u00e1ltoz\u00e1sokat tesz sz\u00fcks\u00e9gess\u00e9, \u00e9s el\u0151seg\u00edti ezeket. Az \u00e9lelmiszer-v\u00e1laszt\u00e1s k\u00f6rnyezetre \u00e9s eg\u00e9szs\u00e9gre gyakorolt hat\u00e1sainak tudatos\u00edt\u00e1sa k\u00e9pess\u00e9 teheti a fogyaszt\u00f3kat arra, hogy fenntarthat\u00f3bb d\u00f6nt\u00e9seket hozzanak. Ez az oktat\u00e1si dimenzi\u00f3 kiterjed az iskol\u00e1kra, a k\u00f6z\u00f6ss\u00e9gekre \u00e9s a v\u00e1llalkoz\u00e1sokra is, el\u0151seg\u00edtve a fenntarthat\u00f3s\u00e1g \u00e9s a term\u00e9szeti vil\u00e1g tisztelete fel\u00e9 t\u00f6rt\u00e9n\u0151 sz\u00e9lesebb k\u00f6r\u0171 kultur\u00e1lis elmozdul\u00e1st.<\/p>\n<p>Az \u00e1tmenet megk\u00f6nny\u00edt\u00e9se \u00e9rdek\u00e9ben sokoldal\u00fa megk\u00f6zel\u00edt\u00e9sre van sz\u00fcks\u00e9g. A <strong>fenntarthat\u00f3<\/strong> mez\u0151gazdas\u00e1g, az \u00e9lelmiszer-feldolgoz\u00e1s, az eloszt\u00e1s \u00e9s a hullad\u00e9kgazd\u00e1lkod\u00e1s ter\u00e9n bevezetett innov\u00e1ci\u00f3kat olyan <strong>politikai<\/strong> reformokkal kell t\u00e1mogatni, amelyek \u00f6szt\u00f6nzik a k\u00f6rforg\u00e1sos gyakorlatokat \u00e9s be\u00e9p\u00edtik az \u00e9lelmiszertermel\u00e9s val\u00f3di k\u00f6lts\u00e9geit. A<strong> fogyaszt\u00f3k<\/strong> felvil\u00e1gos\u00edt\u00e1sa az \u00e9lelmiszer-v\u00e1laszt\u00e1suk k\u00f6rnyezeti, t\u00e1rsadalmi \u00e9s eg\u00e9szs\u00e9g\u00fcgyi hat\u00e1sair\u00f3l k\u00e9pess\u00e9 teheti \u0151ket arra, hogy <strong>fenntarthat\u00f3bb<\/strong> d\u00f6nt\u00e9seket hozzanak, \u00e9s el\u0151seg\u00edtheti a helyi, szezon\u00e1lis \u00e9s bio\u00e9lelmiszerek ir\u00e1nti tudatoss\u00e1got. Ezenk\u00edv\u00fcl a k\u00f6z\u00f6ss\u00e9gek bevon\u00e1sa a k\u00f6rforg\u00e1sos \u00e9lelmiszerrendszerek tervez\u00e9s\u00e9be \u00e9s megval\u00f3s\u00edt\u00e1s\u00e1ba el\u0151seg\u00edtheti az alulr\u00f3l j\u00f6v\u0151 kezdem\u00e9nyez\u00e9seket, el\u0151mozd\u00edthatja a helyi \u00e9lelmiszer-szuverenit\u00e1st, \u00e9s er\u0151s\u00edtheti a t\u00e1rsadalmi \u00f6sszetart\u00e1st.<\/p>\n<p>\u00d6sszefoglalva, a line\u00e1risr\u00f3l a k\u00f6rforg\u00e1sos \u00e9lelmiszerrendszerekre val\u00f3 \u00e1tt\u00e9r\u00e9s alapvet\u0151 \u00e1talakul\u00e1st jelent az \u00e9lelmiszer<strong>termel\u00e9s<\/strong> \u00e9s -fogyaszt\u00e1s <strong>fenntarthat\u00f3bb<\/strong> j\u00f6v\u0151je fel\u00e9. Azzal, hogy \u00fajragondoljuk, hogyan termelj\u00fck, terjesztj\u00fck, fogyasztjuk \u00e9s hasznos\u00edtjuk \u00fajra az \u00e9lelmiszereinket, megoldhatjuk a k\u00f6rnyezetpusztul\u00e1s, a t\u00e1rsadalmi egyenl\u0151tlens\u00e9gek \u00e9s a k\u00f6zeg\u00e9szs\u00e9g\u00fcgy s\u00fcrget\u0151 k\u00e9rd\u00e9seit. Ez az \u00e1tmenet kollekt\u00edv fell\u00e9p\u00e9st, innovat\u00edv politikai megold\u00e1sokat \u00e9s a hossz\u00fa t\u00e1v\u00fa fejl\u0151d\u00e9s ir\u00e1nti k\u00f6z\u00f6s elk\u00f6telezetts\u00e9get ig\u00e9nyel, \u00e9s utat k\u00edn\u00e1l egy rugalmasabb, igazs\u00e1gosabb \u00e9s <strong>fenntarthat\u00f3bb<\/strong> glob\u00e1lis \u00e9lelmez\u00e9si rendszerhez.<\/p>\n<h2><a id=\"sub3-4\"><\/a>Fogalomt\u00e1r<\/h2>\n<ol>\n<li><strong>Mez\u0151gazdas\u00e1gi t\u00e1rsadalmak<\/strong>: olyan emberi k\u00f6z\u00f6ss\u00e9gek, amelyek l\u00e9tfenntart\u00e1suk \u00e9s meg\u00e9lhet\u00e9s\u00fck \u00e9rdek\u00e9ben a mez\u0151gazdas\u00e1gra t\u00e1maszkodnak.<\/li>\n<li><strong>K\u00f6rk\u00f6r\u00f6s \u00e9lelmiszerrendszerek: <\/strong>A hullad\u00e9k minimaliz\u00e1l\u00e1s\u00e1ra \u00e9s az er\u0151forr\u00e1s-hat\u00e9konys\u00e1g maximaliz\u00e1l\u00e1s\u00e1ra tervezett \u00e9lelmiszerrendszerek, melyek z\u00e1rt k\u00f6rfolyamat\u00fa termel\u00e9ssel \u00e9s \u00fajrahasznos\u00edt\u00e1ssal val\u00f3sulnak meg.<\/li>\n<li><strong>\u00d6sszetett adapt\u00edv rendszerek: <\/strong>Nemline\u00e1ris k\u00f6lcs\u00f6nhat\u00e1sok \u00e9s kiemelked\u0151 tulajdons\u00e1gokkal jellemezhet\u0151 rendszerek, amelyek k\u00e9pesek \u00f6nszervez\u0151d\u00e9sre \u00e9s alkalmazkod\u00e1sra.<\/li>\n<li><strong>\u00c9lelmiszer-ell\u00e1t\u00e1si l\u00e1nc: <\/strong>Az \u00e9lelmiszerek el\u0151\u00e1ll\u00edt\u00e1sa, forgalmaz\u00e1sa \u00e9s fogyaszt\u00e1sa sor\u00e1n v\u00e9gbemen\u0151 folyamatok sorozata.<\/li>\n<li><strong>\u00c9lelmiszer-ell\u00e1t\u00f3 rendszer: <\/strong>Az \u00e9lelmiszerek el\u0151\u00e1ll\u00edt\u00e1s\u00e1ban, feldolgoz\u00e1s\u00e1ban, eloszt\u00e1s\u00e1ban, fogyaszt\u00e1s\u00e1ban \u00e9s megsemmis\u00edt\u00e9s\u00e9ben r\u00e9szt vev\u0151 tev\u00e9kenys\u00e9gek \u00f6sszekapcsolt h\u00e1l\u00f3zata.<\/li>\n<li><strong>Ho.Re.Ca. <\/strong>(Hotel, \u00e9tterem \u00e9s k\u00e1v\u00e9z\u00f3k): A vend\u00e9gl\u00e1t\u00f3iparra utal, bele\u00e9rtve a sz\u00e1llod\u00e1kat, \u00e9ttermeket \u00e9s vend\u00e9gl\u00e1t\u00f3helyeket.<\/li>\n<li><strong>\u00d6sszekapcsolts\u00e1g: <\/strong>Az \u00e9lelmiszer-ell\u00e1t\u00e1si l\u00e1nc k\u00fcl\u00f6nb\u00f6z\u0151 elemei k\u00f6z\u00f6tti kapcsolatok \u00e9s \u00f6sszek\u00f6ttet\u00e9sek.<\/li>\n<li><strong>Piaci dinamika: <\/strong>A piaci keresletet \u00e9s k\u00edn\u00e1latot befoly\u00e1sol\u00f3 t\u00e9nyez\u0151k, bele\u00e9rtve az \u00e1rakat, a trendeket \u00e9s a versenyt.<\/li>\n<li><strong>Nemline\u00e1ris k\u00f6lcs\u00f6nhat\u00e1sok: <\/strong>Egy rendszer \u00f6sszetev\u0151i k\u00f6z\u00f6tti k\u00f6lcs\u00f6nhat\u00e1sok, amelyek nem ar\u00e1nyosak egym\u00e1ssal.<\/li>\n<li><strong>Rendszerszeml\u00e9let\u0171 megk\u00f6zel\u00edt\u00e9s: <\/strong>Olyan megk\u00f6zel\u00edt\u00e9s, amely a teljes \u00e9lelmiszer-ell\u00e1t\u00e1si l\u00e1ncot \u00f6sszetett, \u00f6sszekapcsolt rendszernek tekinti.<\/li>\n<li><strong>\u00c9rt\u00e9kteremt\u00e9s: <\/strong>A term\u00e9k \u00e9rt\u00e9k\u00e9t n\u00f6vel\u0151 m\u0171veletek, mint p\u00e9ld\u00e1ul a feldolgoz\u00e1s vagy a csomagol\u00e1s.<\/li>\n<\/ol>\n<h2><a id=\"sub3-5\"><\/a>Hivatkoz\u00e1sok<\/h2>\n<p><em>Article 2 &#8211; Ministerial Decision 12528\/17.7.2018 &#8211; agrotourism activities<\/em>. Lawspot. (2020, January 24). <a href=\"https:\/\/www.lawspot.gr\/nomikes-plirofories\/nomothesia\/ya-12528-2018\/arthro-2-ypoyrgiki-apofasi-12528-1772018-askisi\">https:\/\/www.lawspot.gr\/nomikes-plirofories\/nomothesia\/ya-12528-2018\/arthro-2-ypoyrgiki-apofasi-12528-1772018-askisi<\/a><\/p>\n<p>European Commission. (n.d.-a). <em>Greece<\/em>. Agriculture and rural development. <a href=\"https:\/\/agriculture.ec.europa.eu\/cap-my-country\/cap-strategic-plans\/greece_en#:~:text=The%20Plan%20focuses%20on%20improving,sustainable%20development%20of%20rural%20areas\">https:\/\/agriculture.ec.europa.eu\/cap-my-country\/cap-strategic-plans\/greece_en#:~:<\/a><a href=\"https:\/\/agriculture.ec.europa.eu\/cap-my-country\/cap-strategic-plans\/greece_en#:~:text=The%20Plan%20focuses%20on%20improving,sustainable%20development%20of%20rural%20areas\">text=The%20Plan%20focuses%20on%20improving<\/a><a href=\"https:\/\/agriculture.ec.europa.eu\/cap-my-country\/cap-strategic-plans\/greece_en#:~:text=The%20Plan%20focuses%20on%20improving,sustainable%20development%20of%20rural%20areas\">,<\/a><a href=\"https:\/\/agriculture.ec.europa.eu\/cap-my-country\/cap-strategic-plans\/greece_en#:~:text=The%20Plan%20focuses%20on%20improving,sustainable%20development%20of%20rural%20areas\">sustainable%20development%20of%20rural%20areas<\/a>.<\/p>\n<p>European Commission. (n.d.-b). <em>Legislative Framework<\/em>. <a href=\"https:\/\/food.ec.europa.eu\/horizontal-topics\/farm-fork-strategy\/legislative-framework_en\">https:\/\/food.ec.europa.eu\/horizontal-topics\/farm-fork-strategy\/legislative-framework_en<\/a><\/p>\n<p>European Parliament. (2024). <em>Legislative Framework for Sustainable Food Systems: Legislative train schedule<\/em>. <a href=\"https:\/\/www.europarl.europa.eu\/legislative-train\/spotlight-JD%2023-24\/file-sustainable-eu-food-system\">https:\/\/www.europarl.europa.eu\/legislative-train\/spotlight-JD%2023-24\/file-sustainable-eu-food-system<\/a><\/p>\n<p>Hueston, W., &amp; McLeod, A. (2012). <em>Overview of the global food system: Changes over time\/space and lessons for future Food Safety<\/em>. Improving Food Safety Through a One Health Approach: Workshop Summary. <a href=\"https:\/\/www.ncbi.nlm.nih.gov\/books\/NBK114491\/\">https:\/\/www.ncbi.nlm.nih.gov\/books\/NBK114491\/<\/a><\/p>\n<p>Klim. (2023). <em>What does the new EU supply chain law mean for food companies?<\/em>. LinkedIn. <a href=\"https:\/\/www.linkedin.com\/pulse\/what-does-new-eu-supply-chain-law-mean-food-companies-klimfoods\/\">https:\/\/www.linkedin.com\/pulse\/what-does-new-eu-supply-chain-law-mean-food-companies-klimfoods\/<\/a><\/p>\n<p>LS Retail. (2023). <em>Six ways supermarkets can reduce food waste<\/em>. POS &amp; ERP software. <a href=\"https:\/\/www.lsretail.com\/resources\/six-ways-supermarkets-can-reduce-food-waste\">https:\/\/www.lsretail.com\/resources\/six-ways-supermarkets-can-reduce-food-waste<\/a><\/p>\n<p>Luiselli, C., &amp; Pi\u00f1eiro, M. (2022). <em>The Global Food System: Evolution and analysis<\/em>. The Global Food System The global food system evolution and analysis Comments. <a href=\"https:\/\/www.teseopress.com\/theglobalfoodsystem\/chapter\/chapter-i-the-global-food-system-evolution-and-analysis\/\">https:\/\/www.teseopress.com\/theglobalfoodsystem\/chapter\/chapter-i-the-global-food-system-evolution-and-analysis\/<\/a><\/p>\n<p>OECD. (n.d.). Understanding the global food system . <a href=\"https:\/\/www.oecd.org\/agriculture\/understanding-the-global-food-system\/\">https:\/\/www.oecd.org\/agriculture\/understanding-the-global-food-system\/<\/a><\/p>\n<p>Official Journal of the European Union. (2021). <em>Regulation &#8211; 2021\/2115 <\/em>. EUR-Lex. <a href=\"https:\/\/eur-lex.europa.eu\/legal-content\/EN\/TXT\/?uri=CELEX%3A32021R2115\">https:\/\/eur-lex.europa.eu\/legal-content\/EN\/TXT\/?uri=CELEX%3A32021R2115<\/a><\/p>\n<p>Stoica, D., Micu , A.-E., &amp; Stoica , M. (2023). How to Manage HoReCa Food Waste by Using Digital Technologies? . <em>\u201cOvidius\u201d University Annals, Economic Sciences Series <\/em>, <em>XXIII<\/em>(1 \/2023).<\/p>\n<p>Vizzotto, F., Testa, F., &amp; Iraldo, F. (2021). Strategies to reduce food waste in the food services sector: A systematic review. <em>International Journal of Hospitality Management<\/em>, <em>95<\/em>, 102933. <a href=\"https:\/\/doi.org\/10.1016\/j.ijhm.2021.102933\">https:\/\/doi.org\/10.1016\/j.ijhm.2021.102933<\/a><\/p>\n<p>Willard, M. (2023). <em>Sustainable Food Systems Law &#8211; EU Food Policy Coalition\u2019s recommendations for a meaningful transition<\/em>. Agricultural and Rural Convention. <a href=\"https:\/\/www.arc2020.eu\/sustainable-food-systems-law-eu-food-policy-coalitions-recommendations-for-a-meaningful-transition\/\">https:\/\/www.arc2020.eu\/sustainable-food-systems-law-eu-food-policy-coalitions-recommendations-for-a-meaningful-transition\/<\/a><\/p>\n<h3><a id=\"sub3-6\"><\/a>Bemutatkoz\u00e1s<\/h3>\n<div class=\"ead-preview\"><div class=\"ead-document\" style=\"position: relative;\"><iframe src=\"\/\/view.officeapps.live.com\/op\/embed.aspx?src=https%3A%2F%2Fwww.res-food.eu%2Fwp-content%2Fuploads%2F2024%2F10%2FM3_REGENERATIVE-FOOD-SUPPLY-_HU.pptx-copy.pptx\" title=\"Embedded Document\" class=\"ead-iframe\" style=\"width: 100%;height: 80%;border: none;min-height: 500px;\"><\/iframe><\/div><p class=\"embed_download\"><a href=\"https:\/\/www.res-food.eu\/wp-content\/uploads\/2024\/10\/M3_REGENERATIVE-FOOD-SUPPLY-_HU.pptx-copy.pptx\" download >Let\u00f6lt\u00e9s [1.08 MB] <\/a><\/p><\/div>\n<h3 data-pm-slice=\"1 1 [&quot;orderedList&quot;,{&quot;order&quot;:1},&quot;listItem&quot;,null]\">Gratul\u00e1lunk a ReS-Food tanfolyam 3. modulj\u00e1nak elv\u00e9gz\u00e9s\u00e9hez. Ne felejtsd el megosztani az el\u00e9rt eredm\u00e9nyeidet a bar\u00e1taiddal!<\/h3>\n<div class=\"shariff\"><ul class=\"shariff-buttons theme-default orientation-horizontal buttonsize-medium\"><li class=\"shariff-button facebook shariff-nocustomcolor\" style=\"background-color:#4273c8\"><a href=\"https:\/\/www.facebook.com\/sharer\/sharer.php?u=https%3A%2F%2Fwww.res-food.eu%2Findex.php%2Fonline-training-sm-horeca%2F%3Flesson%3D4\" title=\"Share on Facebook\" aria-label=\"Share on Facebook\" role=\"button\" rel=\"nofollow\" class=\"shariff-link\" style=\"; background-color:#3b5998; color:#fff\" target=\"_blank\"><span class=\"shariff-icon\" style=\"\"><svg width=\"32px\" height=\"20px\" xmlns=\"http:\/\/www.w3.org\/2000\/svg\" viewBox=\"0 0 18 32\"><path fill=\"#3b5998\" d=\"M17.1 0.2v4.7h-2.8q-1.5 0-2.1 0.6t-0.5 1.9v3.4h5.2l-0.7 5.3h-4.5v13.6h-5.5v-13.6h-4.5v-5.3h4.5v-3.9q0-3.3 1.9-5.2t5-1.8q2.6 0 4.1 0.2z\"\/><\/svg><\/span><span class=\"shariff-text\">share<\/span>&nbsp;<\/a><\/li><li class=\"shariff-button linkedin shariff-nocustomcolor\" style=\"background-color:#1488bf\"><a href=\"https:\/\/www.linkedin.com\/sharing\/share-offsite\/?url=https%3A%2F%2Fwww.res-food.eu%2Findex.php%2Fonline-training-sm-horeca%2F%3Flesson%3D4\" title=\"Share on LinkedIn\" aria-label=\"Share on LinkedIn\" role=\"button\" rel=\"noopener nofollow\" class=\"shariff-link\" style=\"; background-color:#0077b5; color:#fff\" target=\"_blank\"><span class=\"shariff-icon\" style=\"\"><svg width=\"32px\" height=\"20px\" xmlns=\"http:\/\/www.w3.org\/2000\/svg\" viewBox=\"0 0 27 32\"><path fill=\"#0077b5\" d=\"M6.2 11.2v17.7h-5.9v-17.7h5.9zM6.6 5.7q0 1.3-0.9 2.2t-2.4 0.9h0q-1.5 0-2.4-0.9t-0.9-2.2 0.9-2.2 2.4-0.9 2.4 0.9 0.9 2.2zM27.4 18.7v10.1h-5.9v-9.5q0-1.9-0.7-2.9t-2.3-1.1q-1.1 0-1.9 0.6t-1.2 1.5q-0.2 0.5-0.2 1.4v9.9h-5.9q0-7.1 0-11.6t0-5.3l0-0.9h5.9v2.6h0q0.4-0.6 0.7-1t1-0.9 1.6-0.8 2-0.3q3 0 4.9 2t1.9 6z\"\/><\/svg><\/span><span class=\"shariff-text\">share<\/span>&nbsp;<\/a><\/li><li class=\"shariff-button twitter shariff-nocustomcolor\" style=\"background-color:#595959\"><a href=\"https:\/\/twitter.com\/share?url=https%3A%2F%2Fwww.res-food.eu%2Findex.php%2Fonline-training-sm-horeca%2F%3Flesson%3D4&text=Modul%203%3A%20Meg%C3%BAjul%C3%B3%20%C3%A9lelmiszer-ellatas\" title=\"Share on X\" aria-label=\"Share on X\" role=\"button\" rel=\"noopener nofollow\" class=\"shariff-link\" style=\"; background-color:#000; color:#fff\" target=\"_blank\"><span class=\"shariff-icon\" style=\"\"><svg width=\"32px\" height=\"20px\" xmlns=\"http:\/\/www.w3.org\/2000\/svg\" viewBox=\"0 0 24 24\"><path fill=\"#000\" d=\"M14.258 10.152L23.176 0h-2.113l-7.747 8.813L7.133 0H0l9.352 13.328L0 23.973h2.113l8.176-9.309 6.531 9.309h7.133zm-2.895 3.293l-.949-1.328L2.875 1.56h3.246l6.086 8.523.945 1.328 7.91 11.078h-3.246zm0 0\"\/><\/svg><\/span><span class=\"shariff-text\">share<\/span>&nbsp;<\/a><\/li><\/ul><\/div>\n","protected":false},"template":"","meta":{"_exactmetrics_skip_tracking":false,"_exactmetrics_sitenote_active":false,"_exactmetrics_sitenote_note":"","_exactmetrics_sitenote_category":0,"site-sidebar-layout":"default","site-content-layout":"","ast-site-content-layout":"default","site-content-style":"default","site-sidebar-style":"default","ast-global-header-display":"","ast-banner-title-visibility":"","ast-main-header-display":"","ast-hfb-above-header-display":"","ast-hfb-below-header-display":"","ast-hfb-mobile-header-display":"","site-post-title":"","ast-breadcrumbs-content":"","ast-featured-img":"","footer-sml-layout":"","theme-transparent-header-meta":"default","adv-header-id-meta":"","stick-header-meta":"","header-above-stick-meta":"","header-main-stick-meta":"","header-below-stick-meta":"","astra-migrate-meta-layouts":"set","ast-page-background-enabled":"default","ast-page-background-meta":{"desktop":{"background-color":"var(--ast-global-color-4)","background-image":"","background-repeat":"repeat","background-position":"center center","background-size":"auto","background-attachment":"scroll","background-type":"","background-media":"","overlay-type":"","overlay-color":"","overlay-opacity":"","overlay-gradient":""},"tablet":{"background-color":"","background-image":"","background-repeat":"repeat","background-position":"center center","background-size":"auto","background-attachment":"scroll","background-type":"","background-media":"","overlay-type":"","overlay-color":"","overlay-opacity":"","overlay-gradient":""},"mobile":{"background-color":"","background-image":"","background-repeat":"repeat","background-position":"center center","background-size":"auto","background-attachment":"scroll","background-type":"","background-media":"","overlay-type":"","overlay-color":"","overlay-opacity":"","overlay-gradient":""}},"ast-content-background-meta":{"desktop":{"background-color":"var(--ast-global-color-5)","background-image":"","background-repeat":"repeat","background-position":"center center","background-size":"auto","background-attachment":"scroll","background-type":"","background-media":"","overlay-type":"","overlay-color":"","overlay-opacity":"","overlay-gradient":""},"tablet":{"background-color":"var(--ast-global-color-5)","background-image":"","background-repeat":"repeat","background-position":"center center","background-size":"auto","background-attachment":"scroll","background-type":"","background-media":"","overlay-type":"","overlay-color":"","overlay-opacity":"","overlay-gradient":""},"mobile":{"background-color":"var(--ast-global-color-5)","background-image":"","background-repeat":"repeat","background-position":"center center","background-size":"auto","background-attachment":"scroll","background-type":"","background-media":"","overlay-type":"","overlay-color":"","overlay-opacity":"","overlay-gradient":""}}},"class_list":["post-2802","mathima","type-mathima","status-publish","hentry","course-training-sm-horeca-hungarian"],"_links":{"self":[{"href":"https:\/\/www.res-food.eu\/index.php\/wp-json\/wp\/v2\/mathima\/2802","targetHints":{"allow":["GET"]}}],"collection":[{"href":"https:\/\/www.res-food.eu\/index.php\/wp-json\/wp\/v2\/mathima"}],"about":[{"href":"https:\/\/www.res-food.eu\/index.php\/wp-json\/wp\/v2\/types\/mathima"}],"wp:attachment":[{"href":"https:\/\/www.res-food.eu\/index.php\/wp-json\/wp\/v2\/media?parent=2802"}],"curies":[{"name":"wp","href":"https:\/\/api.w.org\/{rel}","templated":true}]}}